{"id":268,"date":"2022-02-13T20:18:29","date_gmt":"2022-02-13T20:18:29","guid":{"rendered":"https:\/\/stonoga.lublin.pl\/pl\/\/?page_id=268"},"modified":"2022-05-11T17:50:39","modified_gmt":"2022-05-11T17:50:39","slug":"zajecia-dodatkowe","status":"publish","type":"page","link":"https:\/\/stonoga.lublin.pl\/pl\/przedszkole-lublin\/zajecia-dodatkowe\/","title":{"rendered":"Zaj\u0119cia dodatkowe"},"content":{"rendered":"<p>[et_pb_section fb_built=&#8221;1&#8243; _builder_version=&#8221;4.9.9&#8243; _module_preset=&#8221;default&#8221; background_color=&#8221;RGBA(0,0,0,0)&#8221; custom_padding=&#8221;0px||0px||false|false&#8221;][et_pb_row column_structure=&#8221;1_6,1_6,1_6,1_6,1_6,1_6&#8243; _builder_version=&#8221;4.9.9&#8243; _module_preset=&#8221;default&#8221; background_color=&#8221;#FFFFFF&#8221; custom_padding=&#8221;0px||0px||false|false&#8221; link_option_url=&#8221;https:\/\/stonoga.lublin.pl\/pl\/\/przedszkole-lublin\/kadra\/&#8221; border_color_top=&#8221;#b8f92a&#8221; border_color_bottom=&#8221;#b8f92a&#8221; box_shadow_style=&#8221;preset3&#8243; box_shadow_blur=&#8221;23px&#8221; box_shadow_color=&#8221;rgba(0,0,0,0.05)&#8221;][et_pb_column type=&#8221;1_6&#8243; _builder_version=&#8221;4.9.9&#8243; _module_preset=&#8221;default&#8221; background_enable_color=&#8221;off&#8221; custom_padding=&#8221;15px|20px|15px|20px|false|false&#8221; link_option_url=&#8221;https:\/\/stonoga.lublin.pl\/pl\/\/przedszkole-lublin\/o-nas\/&#8221; background__hover_enabled=&#8221;on|hover&#8221; background_color__hover=&#8221;#f9f9f9&#8243; background_enable_color__hover=&#8221;on&#8221;][et_pb_text _builder_version=&#8221;4.9.9&#8243; _module_preset=&#8221;default&#8221; text_font=&#8221;Source Sans Pro|900||on|||||&#8221; text_text_color=&#8221;#000000&#8243; text_font_size=&#8221;20px&#8221; text_line_height=&#8221;1.5em&#8221; width=&#8221;130px&#8221; module_alignment=&#8221;center&#8221;]<\/p>\n<p><img decoding=\"async\" src=\"https:\/\/stonoga.lublin.pl\/pl\/\/wp-content\/uploads\/2022\/02\/o-nas.png\" style=\"height: 40px; float: left; margin-right: 10px;\" \/> O nas<\/p>\n<p>[\/et_pb_text][\/et_pb_column][et_pb_column type=&#8221;1_6&#8243; _builder_version=&#8221;4.9.9&#8243; _module_preset=&#8221;default&#8221; custom_padding=&#8221;15px|10px|15px|10px|false|false&#8221; link_option_url=&#8221;https:\/\/stonoga.lublin.pl\/pl\/\/przedszkole-lublin\/aktualnosci\/&#8221; background__hover_enabled=&#8221;on|hover&#8221; background_color__hover=&#8221;#f9f9f9&#8243; background_enable_color__hover=&#8221;on&#8221;][et_pb_text _builder_version=&#8221;4.9.9&#8243; _module_preset=&#8221;default&#8221; text_font=&#8221;Source Sans Pro|900||on|||||&#8221; text_text_color=&#8221;#000000&#8243; text_font_size=&#8221;20px&#8221; text_line_height=&#8221;1.5em&#8221; width=&#8221;200px&#8221; module_alignment=&#8221;center&#8221;]<\/p>\n<p><img decoding=\"async\" src=\"https:\/\/stonoga.lublin.pl\/pl\/\/wp-content\/uploads\/2022\/02\/aktualnosci-stonoga-lublin.png\" style=\"height: 40px; float: left; margin-right: 10px;\" \/> AKTUALNO\u015aCI<\/p>\n<p>[\/et_pb_text][\/et_pb_column][et_pb_column type=&#8221;1_6&#8243; _builder_version=&#8221;4.9.9&#8243; _module_preset=&#8221;default&#8221; background_color=&#8221;#efcb28&#8243; custom_padding=&#8221;15px|10px|15px|10px|false|false&#8221; link_option_url=&#8221;https:\/\/stonoga.lublin.pl\/pl\/\/przedszkole-lublin\/zajecia-dodatkowe\/&#8221; background__hover_enabled=&#8221;on|hover&#8221; background_color__hover=&#8221;#f9f9f9&#8243; background_enable_color__hover=&#8221;on&#8221;][et_pb_text _builder_version=&#8221;4.9.9&#8243; _module_preset=&#8221;default&#8221; text_font=&#8221;Source Sans Pro|900||on|||||&#8221; text_text_color=&#8221;#000000&#8243; text_font_size=&#8221;20px&#8221; text_line_height=&#8221;1em&#8221; width=&#8221;160px&#8221; module_alignment=&#8221;center&#8221;]<\/p>\n<p><img decoding=\"async\" src=\"https:\/\/stonoga.lublin.pl\/pl\/\/wp-content\/uploads\/2022\/02\/zajecia-dodatkowe-przedszkole-szkola-poradnia.png\" style=\"height: 40px; float: left; margin-right: 10px;\" \/> Zaj\u0119cia<br \/><span style=\"font-weight: 300;\">dodatkowe<\/span><\/p>\n<p>[\/et_pb_text][\/et_pb_column][et_pb_column type=&#8221;1_6&#8243; _builder_version=&#8221;4.9.9&#8243; _module_preset=&#8221;default&#8221; background_enable_color=&#8221;off&#8221; custom_padding=&#8221;15px|20px|15px|20px|false|false&#8221; link_option_url=&#8221;https:\/\/stonoga.lublin.pl\/pl\/\/przedszkole-lublin\/dla-rodzica\/&#8221; background__hover_enabled=&#8221;on|hover&#8221; background_color__hover=&#8221;#f9f9f9&#8243; background_enable_color__hover=&#8221;on&#8221;][et_pb_text _builder_version=&#8221;4.9.9&#8243; _module_preset=&#8221;default&#8221; text_font=&#8221;Source Sans Pro|900||on|||||&#8221; text_text_color=&#8221;#000000&#8243; text_font_size=&#8221;20px&#8221; text_line_height=&#8221;1.1em&#8221; max_width=&#8221;170px&#8221; module_alignment=&#8221;center&#8221;]<\/p>\n<p><img decoding=\"async\" src=\"https:\/\/stonoga.lublin.pl\/pl\/\/wp-content\/uploads\/2022\/02\/strefa-rodzica-stonoga.png\" style=\"height: 40px; float: left; margin-right: 10px;\" \/> Dla rodzica<\/p>\n<p>[\/et_pb_text][\/et_pb_column][et_pb_column type=&#8221;1_6&#8243; _builder_version=&#8221;4.9.9&#8243; _module_preset=&#8221;default&#8221; custom_padding=&#8221;15px|20px|15px|20px|false|false&#8221; background__hover_enabled=&#8221;on|hover&#8221; background_color__hover=&#8221;#f9f9f9&#8243; background_enable_color__hover=&#8221;on&#8221;][et_pb_text _builder_version=&#8221;4.9.9&#8243; _module_preset=&#8221;default&#8221; text_font=&#8221;Source Sans Pro|900||on|||||&#8221; text_text_color=&#8221;#000000&#8243; text_font_size=&#8221;20px&#8221; text_line_height=&#8221;1.5em&#8221; width=&#8221;130px&#8221; module_alignment=&#8221;center&#8221;]<\/p>\n<p><img decoding=\"async\" src=\"https:\/\/stonoga.lublin.pl\/pl\/\/wp-content\/uploads\/2022\/02\/zespol-stonoga-lublin-poradnia-specjalistyczna.png\" style=\"height: 40px; float: left; margin-right: 10px;\" \/> Kadra<\/p>\n<p>[\/et_pb_text][\/et_pb_column][et_pb_column type=&#8221;1_6&#8243; _builder_version=&#8221;4.9.9&#8243; _module_preset=&#8221;default&#8221; custom_padding=&#8221;15px|20px|15px|20px|false|false&#8221; link_option_url=&#8221;https:\/\/stonoga.lublin.pl\/pl\/\/przedszkole-lublin\/kontakt\/&#8221; background__hover_enabled=&#8221;on|hover&#8221; background_color__hover=&#8221;#f9f9f9&#8243; background_enable_color__hover=&#8221;on&#8221;][et_pb_text _builder_version=&#8221;4.9.9&#8243; _module_preset=&#8221;default&#8221; text_font=&#8221;Source Sans Pro|900||on|||||&#8221; text_text_color=&#8221;#000000&#8243; text_font_size=&#8221;20px&#8221; text_line_height=&#8221;1.5em&#8221; width=&#8221;150px&#8221; module_alignment=&#8221;center&#8221;]<\/p>\n<p><img decoding=\"async\" src=\"https:\/\/stonoga.lublin.pl\/pl\/\/wp-content\/uploads\/2022\/02\/kontakt-stonoga-lublin.png\" style=\"height: 40px; float: left; margin-right: 10px;\" \/> Kontakt<\/p>\n<p>[\/et_pb_text][\/et_pb_column][\/et_pb_row][\/et_pb_section][et_pb_section fb_built=&#8221;1&#8243; _builder_version=&#8221;4.9.9&#8243; _module_preset=&#8221;default&#8221; custom_padding=&#8221;0px||0px||false|false&#8221;][et_pb_row column_structure=&#8221;1_2,1_2&#8243; _builder_version=&#8221;4.9.9&#8243; _module_preset=&#8221;default&#8221; background_color=&#8221;#f3f3f3&#8243; custom_padding=&#8221;0px||0px||false|false&#8221; hover_enabled=&#8221;0&#8243; sticky_enabled=&#8221;0&#8243; background_color__hover=&#8221;#f3f3f3&#8243;][et_pb_column type=&#8221;1_2&#8243; _builder_version=&#8221;4.9.9&#8243; _module_preset=&#8221;default&#8221;][et_pb_text _builder_version=&#8221;4.9.9&#8243; _module_preset=&#8221;default&#8221; text_font=&#8221;Source Sans Pro|300|||||||&#8221; text_text_color=&#8221;#000000&#8243; text_font_size=&#8221;20px&#8221; header_font=&#8221;Source Sans Pro|900|||||||&#8221; header_text_color=&#8221;#000000&#8243; header_font_size=&#8221;60px&#8221; custom_margin=&#8221;|||10%|false|false&#8221; custom_margin_tablet=&#8221;&#8221; custom_margin_phone=&#8221;|||4%|false|false&#8221; custom_margin_last_edited=&#8221;on|phone&#8221; custom_padding=&#8221;15%||5%||false|false&#8221;]<span style=\"letter-spacing: 4px;\">GRUPA EDUKACYJNA STONOGA<\/span><\/p>\n<h1>Zaj\u0119cia dodatkowe<br \/>\n<span style=\"color: #000; font-size: 28px; background: #fff; font-weight: 400; padding: 10px 20px;\">w Przedszkolu Stonoga<\/span><\/h1>\n<p>[\/et_pb_text][\/et_pb_column][et_pb_column type=&#8221;1_2&#8243; _builder_version=&#8221;4.9.9&#8243; _module_preset=&#8221;default&#8221;][et_pb_text _builder_version=&#8221;4.9.9&#8243; _module_preset=&#8221;default&#8221;]<img loading=\"lazy\" decoding=\"async\" src=\"https:\/\/stonoga.lublin.pl\/pl\/\/wp-content\/uploads\/2022\/02\/zajecia-dodatkowe-przedszkole-stonoga-lublin.jpg\" width=\"1200\" height=\"600\" alt=\"\" class=\"wp-image-280 alignnone size-full\" style=\"display: block; margin-left: auto; margin-right: auto;\" \/>[\/et_pb_text][\/et_pb_column][\/et_pb_row][\/et_pb_section][et_pb_section fb_built=&#8221;1&#8243; specialty=&#8221;on&#8221; _builder_version=&#8221;4.9.9&#8243; _module_preset=&#8221;default&#8221; inner_width=&#8221;94%&#8221; inner_max_width=&#8221;100%&#8221; custom_padding=&#8221;0px||||false|false&#8221;][et_pb_column type=&#8221;3_4&#8243; specialty_columns=&#8221;3&#8243; _builder_version=&#8221;3.25&#8243; custom_padding=&#8221;|||&#8221; custom_padding__hover=&#8221;|||&#8221;][et_pb_row_inner _builder_version=&#8221;4.9.9&#8243; _module_preset=&#8221;default&#8221; max_width=&#8221;100%&#8221;][et_pb_column_inner saved_specialty_column_type=&#8221;3_4&#8243; _builder_version=&#8221;4.9.9&#8243; _module_preset=&#8221;default&#8221;][et_pb_text _builder_version=&#8221;4.9.9&#8243; _module_preset=&#8221;default&#8221; text_font=&#8221;Source Sans Pro||||||||&#8221; text_text_color=&#8221;#000000&#8243; text_font_size=&#8221;18px&#8221; text_line_height=&#8221;1.5em&#8221; header_2_font=&#8221;Source Sans Pro|900|||||||&#8221; header_2_text_color=&#8221;#000000&#8243; header_2_font_size=&#8221;44px&#8221;]<\/p>\n<h2 style=\"margin-bottom: 15px;\">Rodzaje zaj\u0119\u0107 <\/h2>\n<p style=\"font-size: 28px;\">Stawiamy na holistyczny rozw\u00f3j dzieci, dlatego zapewniamy im pe\u0142en wachlarz zaj\u0119\u0107 dodatkowych. Wa\u017cne jest dla nas:<\/p>\n<p>[\/et_pb_text][et_pb_text _builder_version=&#8221;4.9.9&#8243; _module_preset=&#8221;default&#8221; text_font=&#8221;Source Sans Pro||||||||&#8221; text_text_color=&#8221;#000000&#8243; text_font_size=&#8221;18px&#8221; text_line_height=&#8221;1.5em&#8221; header_3_font=&#8221;Source Sans Pro|700|||||||&#8221; header_3_text_color=&#8221;#000000&#8243; header_3_font_size=&#8221;26px&#8221; custom_margin=&#8221;||10px||false|false&#8221;]<\/p>\n<h3>Rozwijanie motoryki i kontakt\u00f3w spo\u0142ecznych<\/h3>\n<p>[\/et_pb_text][et_pb_toggle title=&#8221;Ruch Rozwijaj\u0105cy Weroniki Sherborne&#8221; open_toggle_text_color=&#8221;#000000&#8243; icon_color=&#8221;#efcb28&#8243; use_icon_font_size=&#8221;on&#8221; icon_font_size=&#8221;18px&#8221; _builder_version=&#8221;4.9.9&#8243; _module_preset=&#8221;default&#8221; title_text_color=&#8221;#000000&#8243; title_font=&#8221;Source Sans Pro|600|||||||&#8221; title_font_size=&#8221;20px&#8221; body_text_color=&#8221;#000000&#8243; background_color=&#8221;#FFFFFF&#8221; custom_margin=&#8221;||10px||false|false&#8221; box_shadow_style=&#8221;preset1&#8243; box_shadow_vertical=&#8221;0px&#8221; box_shadow_blur=&#8221;12px&#8221; box_shadow_color=&#8221;rgba(0,0,0,0)&#8221; box_shadow_color__hover_enabled=&#8221;on|hover&#8221; box_shadow_color__hover=&#8221;rgba(0,0,0,0.1)&#8221;]<\/p>\n<p>Pe\u0142zamy, turlamy si\u0119, skaczemy, masujemy, przytulamy, robimy fiko\u0142ki i kozio\u0142ki, poznajemy cz\u0119\u015bci cia\u0142a, bawimy si\u0119 razem. A wszystko po to, aby czu\u0107 si\u0119 bezpiecznie w grupie, nauczy\u0107 si\u0119 \u015bwiadomo\u015bci cia\u0142a i otoczenia. Zaj\u0119cia wspieraj\u0105 nasz rozw\u00f3j fizyczny, psychiczny i emocjonalno- spo\u0142eczny. Dzi\u0119ki ciekawym aktywno\u015bciom potrafimy wsp\u00f3\u0142pracowa\u0107, ufamy sobie nawzajem i wiemy, \u017ce mo\u017cemy na siebie liczy\u0107. Czujemy si\u0119 dobrze w swoim ciele.<\/p>\n<p>[\/et_pb_toggle][et_pb_toggle title=&#8221;Fiko\u0142kowo&#8221; open_toggle_text_color=&#8221;#000000&#8243; icon_color=&#8221;#efcb28&#8243; use_icon_font_size=&#8221;on&#8221; icon_font_size=&#8221;18px&#8221; _builder_version=&#8221;4.9.9&#8243; _module_preset=&#8221;default&#8221; title_text_color=&#8221;#000000&#8243; title_font=&#8221;Source Sans Pro|600|||||||&#8221; title_font_size=&#8221;20px&#8221; body_text_color=&#8221;#000000&#8243; background_color=&#8221;#FFFFFF&#8221; custom_margin=&#8221;||10px||false|false&#8221; box_shadow_style=&#8221;preset1&#8243; box_shadow_vertical=&#8221;0px&#8221; box_shadow_blur=&#8221;12px&#8221; box_shadow_color=&#8221;rgba(0,0,0,0)&#8221; box_shadow_color__hover_enabled=&#8221;on|hover&#8221; box_shadow_color__hover=&#8221;rgba(0,0,0,0.1)&#8221;]Ruch to zdrowie, ka\u017cdy przedszkolak ci to powie. Dlatego w Stonodze staramy si\u0119 rusza\u0107 jak najwi\u0119cej. Zaj\u0119cia \u0142\u0105cz\u0105 ze sob\u0105 \u0107wiczenia usprawniaj\u0105ce nasze cia\u0142o, elementy rywalizacji oraz wspania\u0142\u0105 zabaw\u0119. Uczymy si\u0119 przyj\u0105\u0107 pierwsze miejsce w zawodach, ale tak\u017ce pogratulowa\u0107 dru\u017cynie, kt\u00f3ra by\u0142a szybsza lub dok\u0142adniejsza. To trudne zadanie, lecz nam wychodzi to \u015bwietnie. Pani dobiera \u0107wiczenia tak, aby anga\u017cowa\u0107 mo\u017cliwie jak najwi\u0119cej cz\u0119\u015bci naszego cia\u0142a.[\/et_pb_toggle][et_pb_toggle title=&#8221;Dogoterapia&#8221; open_toggle_text_color=&#8221;#000000&#8243; icon_color=&#8221;#efcb28&#8243; use_icon_font_size=&#8221;on&#8221; icon_font_size=&#8221;18px&#8221; _builder_version=&#8221;4.9.9&#8243; _module_preset=&#8221;default&#8221; title_text_color=&#8221;#000000&#8243; title_font=&#8221;Source Sans Pro|600|||||||&#8221; title_font_size=&#8221;20px&#8221; body_text_color=&#8221;#000000&#8243; background_color=&#8221;#FFFFFF&#8221; custom_margin=&#8221;||10px||false|false&#8221; box_shadow_style=&#8221;preset1&#8243; box_shadow_vertical=&#8221;0px&#8221; box_shadow_blur=&#8221;12px&#8221; box_shadow_color=&#8221;rgba(0,0,0,0)&#8221; box_shadow_color__hover_enabled=&#8221;on|hover&#8221; box_shadow_color__hover=&#8221;rgba(0,0,0,0.1)&#8221;]v[\/et_pb_toggle][et_pb_toggle title=&#8221;Zaj\u0119cia Sportowe (Przedszkoliada)&#8221; open_toggle_text_color=&#8221;#000000&#8243; icon_color=&#8221;#efcb28&#8243; use_icon_font_size=&#8221;on&#8221; icon_font_size=&#8221;18px&#8221; _builder_version=&#8221;4.9.9&#8243; _module_preset=&#8221;default&#8221; title_text_color=&#8221;#000000&#8243; title_font=&#8221;Source Sans Pro|600|||||||&#8221; title_font_size=&#8221;20px&#8221; body_text_color=&#8221;#000000&#8243; background_color=&#8221;#FFFFFF&#8221; custom_margin=&#8221;||10px||false|false&#8221; box_shadow_style=&#8221;preset1&#8243; box_shadow_vertical=&#8221;0px&#8221; box_shadow_blur=&#8221;12px&#8221; box_shadow_color=&#8221;rgba(0,0,0,0)&#8221; box_shadow_color__hover_enabled=&#8221;on|hover&#8221; box_shadow_color__hover=&#8221;rgba(0,0,0,0.1)&#8221;][\/et_pb_toggle][et_pb_text _builder_version=&#8221;4.9.9&#8243; _module_preset=&#8221;default&#8221; text_font=&#8221;Source Sans Pro||||||||&#8221; text_text_color=&#8221;#000000&#8243; text_font_size=&#8221;18px&#8221; text_line_height=&#8221;1.5em&#8221; header_3_font=&#8221;Source Sans Pro|700|||||||&#8221; header_3_text_color=&#8221;#000000&#8243; header_3_font_size=&#8221;26px&#8221; custom_margin=&#8221;30px||10px||false|false&#8221;]<\/p>\n<h3>Rozw\u00f3j artystyczny<\/h3>\n<p>[\/et_pb_text][et_pb_toggle title=&#8221;Rytmika&#8221; open_toggle_text_color=&#8221;#000000&#8243; icon_color=&#8221;#efcb28&#8243; use_icon_font_size=&#8221;on&#8221; icon_font_size=&#8221;18px&#8221; _builder_version=&#8221;4.9.9&#8243; _module_preset=&#8221;default&#8221; title_text_color=&#8221;#000000&#8243; title_font=&#8221;Source Sans Pro|600|||||||&#8221; title_font_size=&#8221;20px&#8221; body_text_color=&#8221;#000000&#8243; background_color=&#8221;#FFFFFF&#8221; custom_margin=&#8221;||10px||false|false&#8221; box_shadow_style=&#8221;preset1&#8243; box_shadow_vertical=&#8221;0px&#8221; box_shadow_blur=&#8221;12px&#8221; box_shadow_color=&#8221;rgba(0,0,0,0)&#8221; box_shadow_color__hover_enabled=&#8221;on|hover&#8221; box_shadow_color__hover=&#8221;rgba(0,0,0,0.1)&#8221;]Rytmika to to, co bardzo lubimy. To dobra zabawa przy piosenkach, w kt\u00f3rych poznaniu nauk\u0119 wspomaga ruch i gest. Podczas zaj\u0119\u0107 kszta\u0142tujemy poprawn\u0105 postaw\u0119, estetyk\u0119 ruchu, poznajemy walory artystyczne i wychowawcze, zgodnie wsp\u00f3\u0142pracujemy w grupie i wspomagamy s\u0142abszych. Czytamy nuty g\u0142osem, bawimy si\u0119 przy tym kolorami i fonogestyk\u0105. Realizujemy rytmy metod\u0105 tataizacji. Rozr\u00f3\u017cniamy metrum, taktujemy, piszemy proste \u201edyktanda\u201d melodyczne i rytmiczne. Znamy tempo marsza i Polki, oraz polskich ta\u0144c\u00f3w narodowych. Gramy na instrumentach melodycznych i perkusyjnych. Gdy ko\u0144czymy przygod\u0119 z przedszkolem, jeste\u015bmy gotowi do kontynuowania edukacji muzycznej.[\/et_pb_toggle][et_pb_toggle title=&#8221;Plastyka&#8221; open_toggle_text_color=&#8221;#000000&#8243; icon_color=&#8221;#efcb28&#8243; use_icon_font_size=&#8221;on&#8221; icon_font_size=&#8221;18px&#8221; _builder_version=&#8221;4.9.9&#8243; _module_preset=&#8221;default&#8221; title_text_color=&#8221;#000000&#8243; title_font=&#8221;Source Sans Pro|600|||||||&#8221; title_font_size=&#8221;20px&#8221; body_text_color=&#8221;#000000&#8243; background_color=&#8221;#FFFFFF&#8221; custom_margin=&#8221;||10px||false|false&#8221; box_shadow_style=&#8221;preset1&#8243; box_shadow_vertical=&#8221;0px&#8221; box_shadow_blur=&#8221;12px&#8221; box_shadow_color=&#8221;rgba(0,0,0,0)&#8221; box_shadow_color__hover_enabled=&#8221;on|hover&#8221; box_shadow_color__hover=&#8221;rgba(0,0,0,0.1)&#8221;]W trakcie zaj\u0119\u0107 plastycznych zamieniamy si\u0119 w ma\u0142ych artyst\u00f3w. Malujemy, kleimy, rysujemy, wycinamy, zdobimy. Jednym s\u0142owem TWORZYMY. Zaj\u0119cia \u201ePlamka\u201d to czas, w kt\u00f3rym ka\u017cde dziecko w niezwykle przyjaznej atmosferze odkrywa w sobie talent i dusz\u0119 artysty. Pani przy u\u017cyciu wspania\u0142ych pomys\u0142\u00f3w, rozbudza w nas wyobra\u017ani\u0119 plastyczn\u0105, a wytwory naszej pracy s\u0105 na co dzie\u0144 podziwiane przez go\u015bci przedszkola.[\/et_pb_toggle][et_pb_toggle title=&#8221;Zaj\u0119cia taneczne&#8221; open_toggle_text_color=&#8221;#000000&#8243; icon_color=&#8221;#efcb28&#8243; use_icon_font_size=&#8221;on&#8221; icon_font_size=&#8221;18px&#8221; _builder_version=&#8221;4.9.9&#8243; _module_preset=&#8221;default&#8221; title_text_color=&#8221;#000000&#8243; title_font=&#8221;Source Sans Pro|600|||||||&#8221; title_font_size=&#8221;20px&#8221; body_text_color=&#8221;#000000&#8243; background_color=&#8221;#FFFFFF&#8221; custom_margin=&#8221;||10px||false|false&#8221; box_shadow_style=&#8221;preset1&#8243; box_shadow_vertical=&#8221;0px&#8221; box_shadow_blur=&#8221;12px&#8221; box_shadow_color=&#8221;rgba(0,0,0,0)&#8221; box_shadow_color__hover_enabled=&#8221;on|hover&#8221; box_shadow_color__hover=&#8221;rgba(0,0,0,0.1)&#8221;]Polski folklor jest pi\u0119kny i barwny, dlatego w przedszkolu Stonoga zaprzyja\u017aniamy si\u0119 z nim bardzo wcze\u015bnie. Podczas zaj\u0119\u0107 z ta\u0144ca ludowego zapoznajemy si\u0119 z polskimi ta\u0144cami narodowymi i regionalnymi, a tak\u017ce przy\u015bpiewkami i zabawami. Uczymy si\u0119 krok\u00f3w i figur wybranych ta\u0144c\u00f3w oraz uk\u0142ad\u00f3w choreograficznych powsta\u0142ych na ich podstawie. Wiemy, czym jest cwa\u0142 boczny, podskok, obr\u00f3t, rytmiczny przytup czy krok polki. Rozwijamy nasze zdolno\u015bci, wyrabiamy poczucie rytmu, kszta\u0142cimy sprawno\u015b\u0107 ruchow\u0105 i s\u0142uchow\u0105. Wiemy, \u017ce prawdziwy tancerz wsp\u00f3\u0142pracuje z partnerem, a tak\u017ce dba o prawid\u0142ow\u0105 postaw\u0119 podczas ta\u0144ca[\/et_pb_toggle][et_pb_text _builder_version=&#8221;4.9.9&#8243; _module_preset=&#8221;default&#8221; text_font=&#8221;Source Sans Pro||||||||&#8221; text_text_color=&#8221;#000000&#8243; text_font_size=&#8221;18px&#8221; text_line_height=&#8221;1.5em&#8221; header_3_font=&#8221;Source Sans Pro|700|||||||&#8221; header_3_text_color=&#8221;#000000&#8243; header_3_font_size=&#8221;26px&#8221; custom_margin=&#8221;30px||10px||false|false&#8221;]<\/p>\n<h3>Usprawnianie umiej\u0119tno\u015bci praktycznych i rozwijanie wiedzy o \u015bwiecie<\/h3>\n<p>[\/et_pb_text][et_pb_toggle title=&#8221;Do\u015bwiadczenie \u015bwiata&#8221; open_toggle_text_color=&#8221;#000000&#8243; icon_color=&#8221;#efcb28&#8243; use_icon_font_size=&#8221;on&#8221; icon_font_size=&#8221;18px&#8221; _builder_version=&#8221;4.9.9&#8243; _module_preset=&#8221;default&#8221; title_text_color=&#8221;#000000&#8243; title_font=&#8221;Source Sans Pro|600|||||||&#8221; title_font_size=&#8221;20px&#8221; body_text_color=&#8221;#000000&#8243; background_color=&#8221;#FFFFFF&#8221; custom_margin=&#8221;||10px||false|false&#8221; box_shadow_style=&#8221;preset1&#8243; box_shadow_vertical=&#8221;0px&#8221; box_shadow_blur=&#8221;12px&#8221; box_shadow_color=&#8221;rgba(0,0,0,0)&#8221; box_shadow_color__hover_enabled=&#8221;on|hover&#8221; box_shadow_color__hover=&#8221;rgba(0,0,0,0.1)&#8221;]Dlaczego cukier jest s\u0142odki, a cytryna kwa\u015bna? Jak powstaj\u0105 kolory? Jakie substancje chc\u0105 si\u0119 \u0142\u0105czy\u0107 z wod\u0105, a jakie nie? Na te i wiele innych pyta\u0144 odpowiemy na zaj\u0119ciach do\u015bwiadczania \u015bwiata. Odpowiemy, a wcze\u015bniej sami to sprawdzimy, wcielaj\u0105c si\u0119 w role ma\u0142ych naukowc\u00f3w i przeprowadzaj\u0105c r\u00f3\u017cnego rodzaju eksperymenty. Zaj\u0119cia to po\u0142\u0105czenie sporej dawki wiedzy i \u015bwietnej zabawy. Uwielbiamy rozwi\u0105zywa\u0107 zagadki otaczaj\u0105cego nas \u015bwiata i odkrywa\u0107 prawa nim rz\u0105dz\u0105ce.[\/et_pb_toggle][et_pb_toggle title=&#8221;J\u0119zyk angielski&#8221; open_toggle_text_color=&#8221;#000000&#8243; icon_color=&#8221;#efcb28&#8243; use_icon_font_size=&#8221;on&#8221; icon_font_size=&#8221;18px&#8221; _builder_version=&#8221;4.9.9&#8243; _module_preset=&#8221;default&#8221; title_text_color=&#8221;#000000&#8243; title_font=&#8221;Source Sans Pro|600|||||||&#8221; title_font_size=&#8221;20px&#8221; body_text_color=&#8221;#000000&#8243; background_color=&#8221;#FFFFFF&#8221; custom_margin=&#8221;||10px||false|false&#8221; box_shadow_style=&#8221;preset1&#8243; box_shadow_vertical=&#8221;0px&#8221; box_shadow_blur=&#8221;12px&#8221; box_shadow_color=&#8221;rgba(0,0,0,0)&#8221; box_shadow_color__hover_enabled=&#8221;on|hover&#8221; box_shadow_color__hover=&#8221;rgba(0,0,0,0.1)&#8221;]Czy kto\u015b kiedy\u015b powiedzia\u0142, \u017ce j\u0119zyk\u00f3w obcych mog\u0105 uczy\u0107 si\u0119 tylko starsze dzieci? Je\u015bli tak, to na pewno nie mia\u0142 racji. W Stonodze ju\u017c najm\u0142odsze przedszkolaki m\u00f3wi\u0105 i \u015bpiewaj\u0105 po angielsku. Znamy cz\u0119\u015bci cia\u0142a, kolory, elementy garderoby, potrafimy si\u0119 przywita\u0107, po\u017cegna\u0107  i podzi\u0119kowa\u0107. Na ka\u017cdych zaj\u0119ciach uczymy si\u0119 nowych s\u0142\u00f3w i wyra\u017ce\u0144, kt\u00f3re s\u0105 dla nas bardzo ciekawe. Nauka j\u0119zyka to czysta zabawa, gdy\u017c lekcje s\u0105 wype\u0142nione \u015bpiewem, ta\u0144cem i zabawnymi sytuacjami.[\/et_pb_toggle][et_pb_toggle title=&#8221;J\u0119zyk migowy&#8221; open_toggle_text_color=&#8221;#000000&#8243; icon_color=&#8221;#efcb28&#8243; use_icon_font_size=&#8221;on&#8221; icon_font_size=&#8221;18px&#8221; _builder_version=&#8221;4.9.9&#8243; _module_preset=&#8221;default&#8221; title_text_color=&#8221;#000000&#8243; title_font=&#8221;Source Sans Pro|600|||||||&#8221; title_font_size=&#8221;20px&#8221; body_text_color=&#8221;#000000&#8243; body_font_size=&#8221;16px&#8221; body_line_height=&#8221;1.5em&#8221; background_color=&#8221;#FFFFFF&#8221; custom_margin=&#8221;||10px||false|false&#8221; box_shadow_style=&#8221;preset1&#8243; box_shadow_vertical=&#8221;0px&#8221; box_shadow_blur=&#8221;12px&#8221; box_shadow_color=&#8221;rgba(0,0,0,0)&#8221; box_shadow_color__hover_enabled=&#8221;on|hover&#8221; box_shadow_color__hover=&#8221;rgba(0,0,0,0.1)&#8221;]Jak powiedzie\u0107 \u201edzie\u0144 dobry\u201d bez u\u017cycia s\u0142\u00f3w? W jaki spos\u00f3b pokaza\u0107, jak si\u0119 czujemy przy pomocy gest\u00f3w. Przedszkolaki ze Stonogi wiedz\u0105 to najlepiej. Mo\u017ce nie znamy jeszcze wszystkich s\u0142\u00f3w w j\u0119zyku migowym, ale na pewno potrafimy powiedzie\u0107 \u201elubi\u0119 ci\u0119\u201d do przyjaciela, kt\u00f3ry nas nie s\u0142yszy. Poznajemy wiele wyra\u017ce\u0144 i zwrot\u00f3w u\u017cywanych w j\u0119zyku migowym. Na zaj\u0119ciach pani opowiada mn\u00f3stwo ciekawych historii, kt\u00f3re zawsze nios\u0105 w sobie co\u015b m\u0105drego. Dzi\u0119ki temu uczymy si\u0119 pozytywnych postaw oraz kszta\u0142tujemy zdanie na r\u00f3\u017cne tematy.[\/et_pb_toggle][et_pb_toggle title=&#8221;Zaj\u0119cia kulinarne&#8221; open_toggle_text_color=&#8221;#000000&#8243; icon_color=&#8221;#efcb28&#8243; use_icon_font_size=&#8221;on&#8221; icon_font_size=&#8221;18px&#8221; _builder_version=&#8221;4.9.9&#8243; _module_preset=&#8221;default&#8221; title_text_color=&#8221;#000000&#8243; title_font=&#8221;Source Sans Pro|600|||||||&#8221; title_font_size=&#8221;20px&#8221; body_text_color=&#8221;#000000&#8243; background_color=&#8221;#FFFFFF&#8221; custom_margin=&#8221;||10px||false|false&#8221; box_shadow_style=&#8221;preset1&#8243; box_shadow_vertical=&#8221;0px&#8221; box_shadow_blur=&#8221;12px&#8221; box_shadow_color=&#8221;rgba(0,0,0,0)&#8221; box_shadow_color__hover_enabled=&#8221;on|hover&#8221; box_shadow_color__hover=&#8221;rgba(0,0,0,0.1)&#8221;][\/et_pb_toggle][\/et_pb_column_inner][\/et_pb_row_inner][\/et_pb_column][et_pb_column type=&#8221;1_4&#8243; _builder_version=&#8221;3.25&#8243; custom_padding=&#8221;|||&#8221; custom_padding__hover=&#8221;|||&#8221;][et_pb_text _builder_version=&#8221;4.9.9&#8243; _module_preset=&#8221;default&#8221; text_font=&#8221;Source Sans Pro||||||||&#8221; text_text_color=&#8221;#000000&#8243; text_font_size=&#8221;16px&#8221; header_2_font=&#8221;Source Sans Pro|900|||||||&#8221; header_2_text_color=&#8221;#000000&#8243; header_2_font_size=&#8221;44px&#8221; custom_margin=&#8221;||10px||false|false&#8221;]<\/p>\n<h2>Informacje<\/h2>\n<p>[\/et_pb_text][et_pb_text _builder_version=&#8221;4.9.9&#8243; _module_preset=&#8221;default&#8221; text_font=&#8221;|600|||||||&#8221; text_text_color=&#8221;#000000&#8243; text_font_size=&#8221;16px&#8221; text_line_height=&#8221;1.6em&#8221; background_color=&#8221;#f7f7f7&#8243; custom_margin=&#8221;||20px||false|false&#8221; custom_padding=&#8221;20px|30px|20px|30px|false|false&#8221; text_orientation_tablet=&#8221;&#8221; text_orientation_phone=&#8221;center&#8221; text_orientation_last_edited=&#8221;on|phone&#8221; link_text_color__hover_enabled=&#8221;on|hover&#8221; link_text_color__hover=&#8221;#efcb28&#8243;]<a href=\"https:\/\/stonoga.lublin.pl\/pl\/\/przedszkole-lublin\/o-nas\/\"><i class=\"fa-regular fa-circle-dot\" style=\"font-size: 16px; color: #efcb28; margin-right: 4px;\"><\/i> O nas<\/a><br \/>\n<a href=\"https:\/\/stonoga.lublin.pl\/pl\/\/przedszkole-lublin\/aktualnosci\/\"><i class=\"fa-regular fa-circle-dot\" style=\"font-size: 16px; color: #efcb28; margin-right: 4px;\"><\/i> Aktualno\u015bci<\/a><br \/>\n<a href=\"https:\/\/stonoga.lublin.pl\/pl\/\/przedszkole-lublin\/zajecia-dodatkowe\/\"><i class=\"fa-regular fa-circle-dot\" style=\"font-size: 16px; color: #efcb28; margin-right: 4px;\"><\/i> Zaj\u0119cia dodatkowe<\/a><br \/>\n<a href=\"https:\/\/stonoga.lublin.pl\/pl\/\/przedszkole-lublin\/dla-rodzica\/\"><i class=\"fa-regular fa-circle-dot\" style=\"font-size: 16px; color: #efcb28; margin-right: 4px;\"><\/i> Dla rodzica<\/a><br \/>\n<a href=\"https:\/\/stonoga.lublin.pl\/pl\/\/przedszkole-lublin\/kadra\/\"><i class=\"fa-regular fa-circle-dot\" style=\"font-size: 16px; color: #efcb28; margin-right: 4px;\"><\/i> Kadra<\/a><br \/>\n<a href=\"https:\/\/stonoga.lublin.pl\/pl\/\/przedszkole-lublin\/kontakt\/\"><i class=\"fa-regular fa-circle-dot\" style=\"font-size: 16px; color: #efcb28; margin-right: 4px;\"><\/i> Kontakt<\/a>[\/et_pb_text][\/et_pb_column][\/et_pb_section]<\/p>\n","protected":false},"excerpt":{"rendered":"<p>[et_pb_section fb_built=&#8221;1&#8243; _builder_version=&#8221;4.9.9&#8243; _module_preset=&#8221;default&#8221; background_color=&#8221;RGBA(0,0,0,0)&#8221; custom_padding=&#8221;0px||0px||false|false&#8221;][et_pb_row column_structure=&#8221;1_6,1_6,1_6,1_6,1_6,1_6&#8243; _builder_version=&#8221;4.9.9&#8243; _module_preset=&#8221;default&#8221; background_color=&#8221;#FFFFFF&#8221; custom_padding=&#8221;0px||0px||false|false&#8221; link_option_url=&#8221;https:\/\/stonoga.lublin.pl\/pl\/\/przedszkole-lublin\/kadra\/&#8221; border_color_top=&#8221;#b8f92a&#8221; border_color_bottom=&#8221;#b8f92a&#8221; box_shadow_style=&#8221;preset3&#8243; box_shadow_blur=&#8221;23px&#8221; box_shadow_color=&#8221;rgba(0,0,0,0.05)&#8221;][et_pb_column type=&#8221;1_6&#8243; _builder_version=&#8221;4.9.9&#8243; _module_preset=&#8221;default&#8221; background_enable_color=&#8221;off&#8221; custom_padding=&#8221;15px|20px|15px|20px|false|false&#8221; link_option_url=&#8221;https:\/\/stonoga.lublin.pl\/pl\/\/przedszkole-lublin\/o-nas\/&#8221; background__hover_enabled=&#8221;on|hover&#8221; background_color__hover=&#8221;#f9f9f9&#8243; background_enable_color__hover=&#8221;on&#8221;][et_pb_text _builder_version=&#8221;4.9.9&#8243; _module_preset=&#8221;default&#8221; text_font=&#8221;Source Sans Pro|900||on|||||&#8221; text_text_color=&#8221;#000000&#8243; text_font_size=&#8221;20px&#8221; text_line_height=&#8221;1.5em&#8221; width=&#8221;130px&#8221; module_alignment=&#8221;center&#8221;] O nas [\/et_pb_text][\/et_pb_column][et_pb_column type=&#8221;1_6&#8243; _builder_version=&#8221;4.9.9&#8243; _module_preset=&#8221;default&#8221; custom_padding=&#8221;15px|10px|15px|10px|false|false&#8221; link_option_url=&#8221;https:\/\/stonoga.lublin.pl\/pl\/\/przedszkole-lublin\/aktualnosci\/&#8221; background__hover_enabled=&#8221;on|hover&#8221; background_color__hover=&#8221;#f9f9f9&#8243; background_enable_color__hover=&#8221;on&#8221;][et_pb_text _builder_version=&#8221;4.9.9&#8243; _module_preset=&#8221;default&#8221; text_font=&#8221;Source Sans Pro|900||on|||||&#8221; text_text_color=&#8221;#000000&#8243; text_font_size=&#8221;20px&#8221; text_line_height=&#8221;1.5em&#8221; [&hellip;]<\/p>\n","protected":false},"author":1,"featured_media":0,"parent":262,"menu_order":0,"comment_status":"closed","ping_status":"closed","template":"","meta":{"_acf_changed":false,"_et_pb_use_builder":"on","_et_pb_old_content":"","_et_gb_content_width":"","footnotes":""},"class_list":["post-268","page","type-page","status-publish","hentry"],"acf":[],"yoast_head":"<!-- This site is optimized with the Yoast SEO plugin v24.6 - https:\/\/yoast.com\/wordpress\/plugins\/seo\/ -->\n<title>Zaj\u0119cia dodatkowe - Grupa Edukacyjna Stonoga w Lublinie<\/title>\n<meta name=\"robots\" content=\"index, follow, max-snippet:-1, max-image-preview:large, max-video-preview:-1\" \/>\n<link rel=\"canonical\" href=\"https:\/\/stonoga.lublin.pl\/pl\/przedszkole-lublin\/zajecia-dodatkowe\/\" \/>\n<meta property=\"og:locale\" content=\"pl_PL\" \/>\n<meta property=\"og:type\" content=\"article\" \/>\n<meta property=\"og:title\" content=\"Zaj\u0119cia dodatkowe - Grupa Edukacyjna Stonoga w Lublinie\" \/>\n<meta property=\"og:description\" content=\"[et_pb_section fb_built=&#8221;1&#8243; _builder_version=&#8221;4.9.9&#8243; _module_preset=&#8221;default&#8221; background_color=&#8221;RGBA(0,0,0,0)&#8221; custom_padding=&#8221;0px||0px||false|false&#8221;][et_pb_row column_structure=&#8221;1_6,1_6,1_6,1_6,1_6,1_6&#8243; _builder_version=&#8221;4.9.9&#8243; _module_preset=&#8221;default&#8221; background_color=&#8221;#FFFFFF&#8221; custom_padding=&#8221;0px||0px||false|false&#8221; link_option_url=&#8221;https:\/\/stonoga.lublin.pl\/pl\/\/przedszkole-lublin\/kadra\/&#8221; border_color_top=&#8221;#b8f92a&#8221; border_color_bottom=&#8221;#b8f92a&#8221; box_shadow_style=&#8221;preset3&#8243; box_shadow_blur=&#8221;23px&#8221; box_shadow_color=&#8221;rgba(0,0,0,0.05)&#8221;][et_pb_column type=&#8221;1_6&#8243; _builder_version=&#8221;4.9.9&#8243; _module_preset=&#8221;default&#8221; background_enable_color=&#8221;off&#8221; custom_padding=&#8221;15px|20px|15px|20px|false|false&#8221; link_option_url=&#8221;https:\/\/stonoga.lublin.pl\/pl\/\/przedszkole-lublin\/o-nas\/&#8221; background__hover_enabled=&#8221;on|hover&#8221; background_color__hover=&#8221;#f9f9f9&#8243; background_enable_color__hover=&#8221;on&#8221;][et_pb_text _builder_version=&#8221;4.9.9&#8243; _module_preset=&#8221;default&#8221; text_font=&#8221;Source Sans Pro|900||on|||||&#8221; text_text_color=&#8221;#000000&#8243; text_font_size=&#8221;20px&#8221; text_line_height=&#8221;1.5em&#8221; width=&#8221;130px&#8221; module_alignment=&#8221;center&#8221;] O nas [\/et_pb_text][\/et_pb_column][et_pb_column type=&#8221;1_6&#8243; _builder_version=&#8221;4.9.9&#8243; _module_preset=&#8221;default&#8221; custom_padding=&#8221;15px|10px|15px|10px|false|false&#8221; link_option_url=&#8221;https:\/\/stonoga.lublin.pl\/pl\/\/przedszkole-lublin\/aktualnosci\/&#8221; background__hover_enabled=&#8221;on|hover&#8221; background_color__hover=&#8221;#f9f9f9&#8243; background_enable_color__hover=&#8221;on&#8221;][et_pb_text _builder_version=&#8221;4.9.9&#8243; _module_preset=&#8221;default&#8221; text_font=&#8221;Source Sans Pro|900||on|||||&#8221; text_text_color=&#8221;#000000&#8243; text_font_size=&#8221;20px&#8221; text_line_height=&#8221;1.5em&#8221; [&hellip;]\" \/>\n<meta property=\"og:url\" content=\"https:\/\/stonoga.lublin.pl\/pl\/przedszkole-lublin\/zajecia-dodatkowe\/\" \/>\n<meta property=\"og:site_name\" content=\"Grupa Edukacyjna Stonoga w Lublinie\" \/>\n<meta property=\"article:modified_time\" content=\"2022-05-11T17:50:39+00:00\" \/>\n<meta property=\"og:image\" content=\"https:\/\/stonoga.lublin.pl\/pl\/\/wp-content\/uploads\/2022\/02\/o-nas.png\" \/>\n<meta name=\"twitter:card\" content=\"summary_large_image\" \/>\n<meta name=\"twitter:label1\" content=\"Szacowany czas czytania\" \/>\n\t<meta name=\"twitter:data1\" content=\"14 minut\" \/>\n<script type=\"application\/ld+json\" class=\"yoast-schema-graph\">{\"@context\":\"https:\/\/schema.org\",\"@graph\":[{\"@type\":\"WebPage\",\"@id\":\"https:\/\/stonoga.lublin.pl\/pl\/przedszkole-lublin\/zajecia-dodatkowe\/\",\"url\":\"https:\/\/stonoga.lublin.pl\/pl\/przedszkole-lublin\/zajecia-dodatkowe\/\",\"name\":\"Zaj\u0119cia dodatkowe - Grupa Edukacyjna Stonoga w Lublinie\",\"isPartOf\":{\"@id\":\"https:\/\/stonoga.lublin.pl\/pl\/#website\"},\"primaryImageOfPage\":{\"@id\":\"https:\/\/stonoga.lublin.pl\/pl\/przedszkole-lublin\/zajecia-dodatkowe\/#primaryimage\"},\"image\":{\"@id\":\"https:\/\/stonoga.lublin.pl\/pl\/przedszkole-lublin\/zajecia-dodatkowe\/#primaryimage\"},\"thumbnailUrl\":\"https:\/\/stonoga.lublin.pl\/pl\/\/wp-content\/uploads\/2022\/02\/o-nas.png\",\"datePublished\":\"2022-02-13T20:18:29+00:00\",\"dateModified\":\"2022-05-11T17:50:39+00:00\",\"breadcrumb\":{\"@id\":\"https:\/\/stonoga.lublin.pl\/pl\/przedszkole-lublin\/zajecia-dodatkowe\/#breadcrumb\"},\"inLanguage\":\"pl-PL\",\"potentialAction\":[{\"@type\":\"ReadAction\",\"target\":[\"https:\/\/stonoga.lublin.pl\/pl\/przedszkole-lublin\/zajecia-dodatkowe\/\"]}]},{\"@type\":\"ImageObject\",\"inLanguage\":\"pl-PL\",\"@id\":\"https:\/\/stonoga.lublin.pl\/pl\/przedszkole-lublin\/zajecia-dodatkowe\/#primaryimage\",\"url\":\"https:\/\/stonoga.lublin.pl\/pl\/\/wp-content\/uploads\/2022\/02\/o-nas.png\",\"contentUrl\":\"https:\/\/stonoga.lublin.pl\/pl\/\/wp-content\/uploads\/2022\/02\/o-nas.png\"},{\"@type\":\"BreadcrumbList\",\"@id\":\"https:\/\/stonoga.lublin.pl\/pl\/przedszkole-lublin\/zajecia-dodatkowe\/#breadcrumb\",\"itemListElement\":[{\"@type\":\"ListItem\",\"position\":1,\"name\":\"Strona g\u0142\u00f3wna\",\"item\":\"https:\/\/stonoga.lublin.pl\/pl\/\"},{\"@type\":\"ListItem\",\"position\":2,\"name\":\"Przedszkole Lublin\",\"item\":\"https:\/\/stonoga.lublin.pl\/pl\/przedszkole-lublin\/\"},{\"@type\":\"ListItem\",\"position\":3,\"name\":\"Zaj\u0119cia dodatkowe\"}]},{\"@type\":\"WebSite\",\"@id\":\"https:\/\/stonoga.lublin.pl\/pl\/#website\",\"url\":\"https:\/\/stonoga.lublin.pl\/pl\/\",\"name\":\"Grupa Edukacyjna Stonoga w Lublinie\",\"description\":\"\",\"potentialAction\":[{\"@type\":\"SearchAction\",\"target\":{\"@type\":\"EntryPoint\",\"urlTemplate\":\"https:\/\/stonoga.lublin.pl\/pl\/?s={search_term_string}\"},\"query-input\":{\"@type\":\"PropertyValueSpecification\",\"valueRequired\":true,\"valueName\":\"search_term_string\"}}],\"inLanguage\":\"pl-PL\"}]}<\/script>\n<!-- \/ Yoast SEO plugin. -->","yoast_head_json":{"title":"Zaj\u0119cia dodatkowe - Grupa Edukacyjna Stonoga w Lublinie","robots":{"index":"index","follow":"follow","max-snippet":"max-snippet:-1","max-image-preview":"max-image-preview:large","max-video-preview":"max-video-preview:-1"},"canonical":"https:\/\/stonoga.lublin.pl\/pl\/przedszkole-lublin\/zajecia-dodatkowe\/","og_locale":"pl_PL","og_type":"article","og_title":"Zaj\u0119cia dodatkowe - Grupa Edukacyjna Stonoga w Lublinie","og_description":"[et_pb_section fb_built=&#8221;1&#8243; _builder_version=&#8221;4.9.9&#8243; _module_preset=&#8221;default&#8221; background_color=&#8221;RGBA(0,0,0,0)&#8221; custom_padding=&#8221;0px||0px||false|false&#8221;][et_pb_row column_structure=&#8221;1_6,1_6,1_6,1_6,1_6,1_6&#8243; _builder_version=&#8221;4.9.9&#8243; _module_preset=&#8221;default&#8221; background_color=&#8221;#FFFFFF&#8221; custom_padding=&#8221;0px||0px||false|false&#8221; link_option_url=&#8221;https:\/\/stonoga.lublin.pl\/pl\/\/przedszkole-lublin\/kadra\/&#8221; border_color_top=&#8221;#b8f92a&#8221; border_color_bottom=&#8221;#b8f92a&#8221; box_shadow_style=&#8221;preset3&#8243; box_shadow_blur=&#8221;23px&#8221; box_shadow_color=&#8221;rgba(0,0,0,0.05)&#8221;][et_pb_column type=&#8221;1_6&#8243; _builder_version=&#8221;4.9.9&#8243; _module_preset=&#8221;default&#8221; background_enable_color=&#8221;off&#8221; custom_padding=&#8221;15px|20px|15px|20px|false|false&#8221; link_option_url=&#8221;https:\/\/stonoga.lublin.pl\/pl\/\/przedszkole-lublin\/o-nas\/&#8221; background__hover_enabled=&#8221;on|hover&#8221; background_color__hover=&#8221;#f9f9f9&#8243; background_enable_color__hover=&#8221;on&#8221;][et_pb_text _builder_version=&#8221;4.9.9&#8243; _module_preset=&#8221;default&#8221; text_font=&#8221;Source Sans Pro|900||on|||||&#8221; text_text_color=&#8221;#000000&#8243; text_font_size=&#8221;20px&#8221; text_line_height=&#8221;1.5em&#8221; width=&#8221;130px&#8221; module_alignment=&#8221;center&#8221;] O nas [\/et_pb_text][\/et_pb_column][et_pb_column type=&#8221;1_6&#8243; _builder_version=&#8221;4.9.9&#8243; _module_preset=&#8221;default&#8221; custom_padding=&#8221;15px|10px|15px|10px|false|false&#8221; link_option_url=&#8221;https:\/\/stonoga.lublin.pl\/pl\/\/przedszkole-lublin\/aktualnosci\/&#8221; background__hover_enabled=&#8221;on|hover&#8221; background_color__hover=&#8221;#f9f9f9&#8243; background_enable_color__hover=&#8221;on&#8221;][et_pb_text _builder_version=&#8221;4.9.9&#8243; _module_preset=&#8221;default&#8221; text_font=&#8221;Source Sans Pro|900||on|||||&#8221; text_text_color=&#8221;#000000&#8243; text_font_size=&#8221;20px&#8221; text_line_height=&#8221;1.5em&#8221; [&hellip;]","og_url":"https:\/\/stonoga.lublin.pl\/pl\/przedszkole-lublin\/zajecia-dodatkowe\/","og_site_name":"Grupa Edukacyjna Stonoga w Lublinie","article_modified_time":"2022-05-11T17:50:39+00:00","og_image":[{"url":"https:\/\/stonoga.lublin.pl\/pl\/\/wp-content\/uploads\/2022\/02\/o-nas.png","type":"","width":"","height":""}],"twitter_card":"summary_large_image","twitter_misc":{"Szacowany czas czytania":"14 minut"},"schema":{"@context":"https:\/\/schema.org","@graph":[{"@type":"WebPage","@id":"https:\/\/stonoga.lublin.pl\/pl\/przedszkole-lublin\/zajecia-dodatkowe\/","url":"https:\/\/stonoga.lublin.pl\/pl\/przedszkole-lublin\/zajecia-dodatkowe\/","name":"Zaj\u0119cia dodatkowe - Grupa Edukacyjna Stonoga w Lublinie","isPartOf":{"@id":"https:\/\/stonoga.lublin.pl\/pl\/#website"},"primaryImageOfPage":{"@id":"https:\/\/stonoga.lublin.pl\/pl\/przedszkole-lublin\/zajecia-dodatkowe\/#primaryimage"},"image":{"@id":"https:\/\/stonoga.lublin.pl\/pl\/przedszkole-lublin\/zajecia-dodatkowe\/#primaryimage"},"thumbnailUrl":"https:\/\/stonoga.lublin.pl\/pl\/\/wp-content\/uploads\/2022\/02\/o-nas.png","datePublished":"2022-02-13T20:18:29+00:00","dateModified":"2022-05-11T17:50:39+00:00","breadcrumb":{"@id":"https:\/\/stonoga.lublin.pl\/pl\/przedszkole-lublin\/zajecia-dodatkowe\/#breadcrumb"},"inLanguage":"pl-PL","potentialAction":[{"@type":"ReadAction","target":["https:\/\/stonoga.lublin.pl\/pl\/przedszkole-lublin\/zajecia-dodatkowe\/"]}]},{"@type":"ImageObject","inLanguage":"pl-PL","@id":"https:\/\/stonoga.lublin.pl\/pl\/przedszkole-lublin\/zajecia-dodatkowe\/#primaryimage","url":"https:\/\/stonoga.lublin.pl\/pl\/\/wp-content\/uploads\/2022\/02\/o-nas.png","contentUrl":"https:\/\/stonoga.lublin.pl\/pl\/\/wp-content\/uploads\/2022\/02\/o-nas.png"},{"@type":"BreadcrumbList","@id":"https:\/\/stonoga.lublin.pl\/pl\/przedszkole-lublin\/zajecia-dodatkowe\/#breadcrumb","itemListElement":[{"@type":"ListItem","position":1,"name":"Strona g\u0142\u00f3wna","item":"https:\/\/stonoga.lublin.pl\/pl\/"},{"@type":"ListItem","position":2,"name":"Przedszkole Lublin","item":"https:\/\/stonoga.lublin.pl\/pl\/przedszkole-lublin\/"},{"@type":"ListItem","position":3,"name":"Zaj\u0119cia dodatkowe"}]},{"@type":"WebSite","@id":"https:\/\/stonoga.lublin.pl\/pl\/#website","url":"https:\/\/stonoga.lublin.pl\/pl\/","name":"Grupa Edukacyjna Stonoga w Lublinie","description":"","potentialAction":[{"@type":"SearchAction","target":{"@type":"EntryPoint","urlTemplate":"https:\/\/stonoga.lublin.pl\/pl\/?s={search_term_string}"},"query-input":{"@type":"PropertyValueSpecification","valueRequired":true,"valueName":"search_term_string"}}],"inLanguage":"pl-PL"}]}},"_links":{"self":[{"href":"https:\/\/stonoga.lublin.pl\/pl\/wp-json\/wp\/v2\/pages\/268","targetHints":{"allow":["GET"]}}],"collection":[{"href":"https:\/\/stonoga.lublin.pl\/pl\/wp-json\/wp\/v2\/pages"}],"about":[{"href":"https:\/\/stonoga.lublin.pl\/pl\/wp-json\/wp\/v2\/types\/page"}],"author":[{"embeddable":true,"href":"https:\/\/stonoga.lublin.pl\/pl\/wp-json\/wp\/v2\/users\/1"}],"replies":[{"embeddable":true,"href":"https:\/\/stonoga.lublin.pl\/pl\/wp-json\/wp\/v2\/comments?post=268"}],"version-history":[{"count":16,"href":"https:\/\/stonoga.lublin.pl\/pl\/wp-json\/wp\/v2\/pages\/268\/revisions"}],"predecessor-version":[{"id":1820,"href":"https:\/\/stonoga.lublin.pl\/pl\/wp-json\/wp\/v2\/pages\/268\/revisions\/1820"}],"up":[{"embeddable":true,"href":"https:\/\/stonoga.lublin.pl\/pl\/wp-json\/wp\/v2\/pages\/262"}],"wp:attachment":[{"href":"https:\/\/stonoga.lublin.pl\/pl\/wp-json\/wp\/v2\/media?parent=268"}],"curies":[{"name":"wp","href":"https:\/\/api.w.org\/{rel}","templated":true}]}}