{"id":271,"date":"2022-02-13T20:18:49","date_gmt":"2022-02-13T20:18:49","guid":{"rendered":"https:\/\/stonoga.lublin.pl\/pl\/\/?page_id=271"},"modified":"2026-04-09T10:19:09","modified_gmt":"2026-04-09T10:19:09","slug":"dla-rodzica","status":"publish","type":"page","link":"https:\/\/stonoga.lublin.pl\/pl\/przedszkole-lublin\/dla-rodzica\/","title":{"rendered":"Dla rodzica przedszkole"},"content":{"rendered":"<p>[et_pb_section fb_built=&#8221;1&#8243; _builder_version=&#8221;4.9.9&#8243; _module_preset=&#8221;default&#8221; background_color=&#8221;RGBA(0,0,0,0)&#8221; custom_padding=&#8221;0px||0px||false|false&#8221;][et_pb_row column_structure=&#8221;1_6,1_6,1_6,1_6,1_6,1_6&#8243; _builder_version=&#8221;4.9.9&#8243; _module_preset=&#8221;default&#8221; background_color=&#8221;#FFFFFF&#8221; custom_padding=&#8221;0px||0px||false|false&#8221; link_option_url=&#8221;https:\/\/stonoga.lublin.pl\/pl\/\/przedszkole-lublin\/kadra\/&#8221; border_color_top=&#8221;#b8f92a&#8221; border_color_bottom=&#8221;#b8f92a&#8221; box_shadow_style=&#8221;preset3&#8243; box_shadow_blur=&#8221;23px&#8221; box_shadow_color=&#8221;rgba(0,0,0,0.05)&#8221;][et_pb_column type=&#8221;1_6&#8243; _builder_version=&#8221;4.9.9&#8243; _module_preset=&#8221;default&#8221; background_enable_color=&#8221;off&#8221; custom_padding=&#8221;15px|20px|15px|20px|false|false&#8221; link_option_url=&#8221;https:\/\/stonoga.lublin.pl\/pl\/\/przedszkole-lublin\/o-nas\/&#8221; background__hover_enabled=&#8221;on|hover&#8221; background_color__hover=&#8221;#f9f9f9&#8243; background_enable_color__hover=&#8221;on&#8221;][et_pb_text _builder_version=&#8221;4.9.9&#8243; _module_preset=&#8221;default&#8221; text_font=&#8221;Source Sans Pro|900||on|||||&#8221; text_text_color=&#8221;#000000&#8243; text_font_size=&#8221;20px&#8221; text_line_height=&#8221;1.5em&#8221; width=&#8221;130px&#8221; module_alignment=&#8221;center&#8221;]<\/p>\n<p><img decoding=\"async\" src=\"https:\/\/stonoga.lublin.pl\/pl\/\/wp-content\/uploads\/2022\/02\/o-nas.png\" style=\"height: 40px; float: left; margin-right: 10px;\" \/> O nas<\/p>\n<p>[\/et_pb_text][\/et_pb_column][et_pb_column type=&#8221;1_6&#8243; _builder_version=&#8221;4.9.9&#8243; _module_preset=&#8221;default&#8221; custom_padding=&#8221;15px|10px|15px|10px|false|false&#8221; link_option_url=&#8221;https:\/\/stonoga.lublin.pl\/pl\/\/przedszkole-lublin\/aktualnosci\/&#8221; background__hover_enabled=&#8221;on|hover&#8221; background_color__hover=&#8221;#f9f9f9&#8243; background_enable_color__hover=&#8221;on&#8221;][et_pb_text _builder_version=&#8221;4.9.9&#8243; _module_preset=&#8221;default&#8221; text_font=&#8221;Source Sans Pro|900||on|||||&#8221; text_text_color=&#8221;#000000&#8243; text_font_size=&#8221;20px&#8221; text_line_height=&#8221;1.5em&#8221; width=&#8221;200px&#8221; module_alignment=&#8221;center&#8221;]<\/p>\n<p><img decoding=\"async\" src=\"https:\/\/stonoga.lublin.pl\/pl\/\/wp-content\/uploads\/2022\/02\/aktualnosci-stonoga-lublin.png\" style=\"height: 40px; float: left; margin-right: 10px;\" \/> AKTUALNO\u015aCI<\/p>\n<p>[\/et_pb_text][\/et_pb_column][et_pb_column type=&#8221;1_6&#8243; _builder_version=&#8221;4.9.9&#8243; _module_preset=&#8221;default&#8221; custom_padding=&#8221;15px|10px|15px|10px|false|false&#8221; link_option_url=&#8221;https:\/\/stonoga.lublin.pl\/pl\/\/przedszkole-lublin\/zajecia-dodatkowe\/&#8221; background__hover_enabled=&#8221;on|hover&#8221; background_color__hover=&#8221;#f9f9f9&#8243; background_enable_color__hover=&#8221;on&#8221;][et_pb_text _builder_version=&#8221;4.9.9&#8243; _module_preset=&#8221;default&#8221; text_font=&#8221;Source Sans Pro|900||on|||||&#8221; text_text_color=&#8221;#000000&#8243; text_font_size=&#8221;20px&#8221; text_line_height=&#8221;1em&#8221; width=&#8221;160px&#8221; module_alignment=&#8221;center&#8221;]<\/p>\n<p><img decoding=\"async\" src=\"https:\/\/stonoga.lublin.pl\/pl\/\/wp-content\/uploads\/2022\/02\/zajecia-dodatkowe-przedszkole-szkola-poradnia.png\" style=\"height: 40px; float: left; margin-right: 10px;\" \/> Zaj\u0119cia<br \/><span style=\"font-weight: 300;\">dodatkowe<\/span><\/p>\n<p>[\/et_pb_text][\/et_pb_column][et_pb_column type=&#8221;1_6&#8243; _builder_version=&#8221;4.9.9&#8243; _module_preset=&#8221;default&#8221; background_color=&#8221;#efcb28&#8243; custom_padding=&#8221;15px|20px|15px|20px|false|false&#8221; link_option_url=&#8221;https:\/\/stonoga.lublin.pl\/pl\/\/przedszkole-lublin\/dla-rodzica\/&#8221; background__hover_enabled=&#8221;on|hover&#8221; background_color__hover=&#8221;#f9f9f9&#8243; background_enable_color__hover=&#8221;on&#8221;][et_pb_text _builder_version=&#8221;4.9.9&#8243; _module_preset=&#8221;default&#8221; text_font=&#8221;Source Sans Pro|900||on|||||&#8221; text_text_color=&#8221;#000000&#8243; text_font_size=&#8221;20px&#8221; text_line_height=&#8221;1.1em&#8221; width=&#8221;170px&#8221; module_alignment=&#8221;center&#8221;]<\/p>\n<p><img decoding=\"async\" src=\"https:\/\/stonoga.lublin.pl\/pl\/\/wp-content\/uploads\/2022\/02\/strefa-rodzica-stonoga.png\" style=\"height: 40px; float: left; margin-right: 10px;\" \/> Dla rodzica<\/p>\n<p>[\/et_pb_text][\/et_pb_column][et_pb_column type=&#8221;1_6&#8243; _builder_version=&#8221;4.9.9&#8243; _module_preset=&#8221;default&#8221; custom_padding=&#8221;15px|20px|15px|20px|false|false&#8221; background__hover_enabled=&#8221;on|hover&#8221; background_color__hover=&#8221;#f9f9f9&#8243; background_enable_color__hover=&#8221;on&#8221;][et_pb_text _builder_version=&#8221;4.9.9&#8243; _module_preset=&#8221;default&#8221; text_font=&#8221;Source Sans Pro|900||on|||||&#8221; text_text_color=&#8221;#000000&#8243; text_font_size=&#8221;20px&#8221; text_line_height=&#8221;1.5em&#8221; width=&#8221;130px&#8221; module_alignment=&#8221;center&#8221;]<\/p>\n<p><img decoding=\"async\" src=\"https:\/\/stonoga.lublin.pl\/pl\/\/wp-content\/uploads\/2022\/02\/zespol-stonoga-lublin-poradnia-specjalistyczna.png\" style=\"height: 40px; float: left; margin-right: 10px;\" \/> Kadra<\/p>\n<p>[\/et_pb_text][\/et_pb_column][et_pb_column type=&#8221;1_6&#8243; _builder_version=&#8221;4.9.9&#8243; _module_preset=&#8221;default&#8221; custom_padding=&#8221;15px|20px|15px|20px|false|false&#8221; link_option_url=&#8221;https:\/\/stonoga.lublin.pl\/pl\/\/przedszkole-lublin\/kontakt\/&#8221; background__hover_enabled=&#8221;on|hover&#8221; background_color__hover=&#8221;#f9f9f9&#8243; background_enable_color__hover=&#8221;on&#8221;][et_pb_text _builder_version=&#8221;4.9.9&#8243; _module_preset=&#8221;default&#8221; text_font=&#8221;Source Sans Pro|900||on|||||&#8221; text_text_color=&#8221;#000000&#8243; text_font_size=&#8221;20px&#8221; text_line_height=&#8221;1.5em&#8221; width=&#8221;150px&#8221; module_alignment=&#8221;center&#8221;]<\/p>\n<p><img decoding=\"async\" src=\"https:\/\/stonoga.lublin.pl\/pl\/\/wp-content\/uploads\/2022\/02\/kontakt-stonoga-lublin.png\" style=\"height: 40px; float: left; margin-right: 10px;\" \/> Kontakt<\/p>\n<p>[\/et_pb_text][\/et_pb_column][\/et_pb_row][\/et_pb_section][et_pb_section fb_built=&#8221;1&#8243; _builder_version=&#8221;4.9.9&#8243; _module_preset=&#8221;default&#8221; custom_padding=&#8221;0px||0px||false|false&#8221;][et_pb_row column_structure=&#8221;1_2,1_2&#8243; _builder_version=&#8221;4.9.9&#8243; _module_preset=&#8221;default&#8221; background_color=&#8221;#f3f3f3&#8243; custom_padding=&#8221;0px||0px||false|false&#8221; background_color__hover=&#8221;#f3f3f3&#8243;][et_pb_column type=&#8221;1_2&#8243; _builder_version=&#8221;4.9.9&#8243; _module_preset=&#8221;default&#8221;][et_pb_text _builder_version=&#8221;4.9.9&#8243; _module_preset=&#8221;default&#8221; text_font=&#8221;Source Sans Pro|300|||||||&#8221; text_text_color=&#8221;#000000&#8243; text_font_size=&#8221;20px&#8221; header_font=&#8221;Source Sans Pro|900|||||||&#8221; header_text_color=&#8221;#000000&#8243; header_font_size=&#8221;60px&#8221; custom_margin=&#8221;|||10%|false|false&#8221; custom_margin_tablet=&#8221;&#8221; custom_margin_phone=&#8221;|||4%|false|false&#8221; custom_margin_last_edited=&#8221;on|phone&#8221; custom_padding=&#8221;15%||5%||false|false&#8221;]<\/p>\n<p><span style=\"letter-spacing: 4px;\">FAQ<\/span><\/p>\n<h1>Informacje dla rodzica<br \/><span style=\"color: #000; font-size: 28px; background: #fff; font-weight: 400; padding: 10px 20px;\">Przedszkole Stonoga<\/span><\/h1>\n<p>[\/et_pb_text][\/et_pb_column][et_pb_column type=&#8221;1_2&#8243; _builder_version=&#8221;4.9.9&#8243; _module_preset=&#8221;default&#8221;][et_pb_text _builder_version=&#8221;4.9.9&#8243; _module_preset=&#8221;default&#8221;]<img loading=\"lazy\" decoding=\"async\" src=\"https:\/\/stonoga.lublin.pl\/pl\/\/wp-content\/uploads\/2022\/02\/informacje-dla-rodzica-przedszkole-stongoa-lublin.jpg\" width=\"1200\" height=\"600\" alt=\"\" class=\"wp-image-280 alignnone size-full\" style=\"display: block; margin-left: auto; margin-right: auto;\" \/>[\/et_pb_text][\/et_pb_column][\/et_pb_row][\/et_pb_section][et_pb_section fb_built=&#8221;1&#8243; specialty=&#8221;on&#8221; _builder_version=&#8221;4.9.9&#8243; _module_preset=&#8221;default&#8221; inner_width=&#8221;94%&#8221; inner_max_width=&#8221;100%&#8221; custom_padding=&#8221;0px||||false|false&#8221;][et_pb_column type=&#8221;3_4&#8243; specialty_columns=&#8221;3&#8243; _builder_version=&#8221;3.25&#8243; custom_padding=&#8221;|||&#8221; custom_padding__hover=&#8221;|||&#8221;][et_pb_row_inner column_structure=&#8221;1_3,1_3,1_3&#8243; use_custom_gutter=&#8221;on&#8221; make_equal=&#8221;on&#8221; _builder_version=&#8221;4.9.9&#8243; _module_preset=&#8221;default&#8221; background_enable_color=&#8221;off&#8221; custom_padding=&#8221;||||false|false&#8221;][et_pb_column_inner type=&#8221;1_3&#8243; saved_specialty_column_type=&#8221;3_4&#8243; _builder_version=&#8221;4.9.9&#8243; _module_preset=&#8221;default&#8221; custom_padding=&#8221;25px|25px|25px|25px|false|false&#8221; custom_css_main_element=&#8221;overflow: visible;&#8221; border_radii=&#8221;on|4px|4px|4px|4px&#8221; border_width_all=&#8221;1px&#8221; border_color_all=&#8221;#cecece&#8221;][et_pb_text _builder_version=&#8221;4.9.9&#8243; _module_preset=&#8221;default&#8221; text_font=&#8221;Source Sans Pro|600||on|||||&#8221; text_text_color=&#8221;#000000&#8243; text_font_size=&#8221;18px&#8221; background_color=&#8221;#FFFFFF&#8221; z_index=&#8221;20&#8243; text_orientation=&#8221;center&#8221; max_width=&#8221;220px&#8221; module_alignment=&#8221;center&#8221; custom_margin=&#8221;-37px||13px||false|false&#8221;]<\/p>\n<p>Czesne<\/p>\n<p>[\/et_pb_text][et_pb_text _builder_version=&#8221;4.9.9&#8243; _module_preset=&#8221;default&#8221; text_font=&#8221;Source Sans Pro||||||||&#8221; text_text_color=&#8221;#000000&#8243; text_font_size=&#8221;16px&#8221; text_orientation=&#8221;center&#8221; custom_margin=&#8221;||20px|||&#8221;]<\/p>\n<p>Cena<br \/><span style=\"font-size: 35px; font-weight: 800; margin-left: 5px;\">700 <span style=\"font-size: 18px;\">z\u0142<\/span><\/span><\/p>\n<p>[\/et_pb_text][\/et_pb_column_inner][et_pb_column_inner type=&#8221;1_3&#8243; saved_specialty_column_type=&#8221;3_4&#8243; _builder_version=&#8221;4.9.9&#8243; _module_preset=&#8221;default&#8221; custom_padding=&#8221;25px|16px|25px|16px|false|false&#8221; custom_css_main_element=&#8221;overflow: visible;&#8221; border_radii=&#8221;on|4px|4px|4px|4px&#8221; border_width_all=&#8221;1px&#8221; border_color_all=&#8221;#cecece&#8221;][et_pb_text _builder_version=&#8221;4.9.9&#8243; _module_preset=&#8221;default&#8221; text_font=&#8221;Source Sans Pro|600||on|||||&#8221; text_text_color=&#8221;#000000&#8243; text_font_size=&#8221;18px&#8221; background_color=&#8221;#FFFFFF&#8221; z_index=&#8221;20&#8243; text_orientation=&#8221;center&#8221; max_width=&#8221;155px&#8221; module_alignment=&#8221;center&#8221; custom_margin=&#8221;-37px||13px||false|false&#8221;]<\/p>\n<p style=\"padding-bottom: 0px;\">czesne <span style=\"background: #000; color: #fff; padding: 0px 4px;\">zni\u017cka<\/span><\/p>\n<p>[\/et_pb_text][et_pb_text _builder_version=&#8221;4.9.9&#8243; _module_preset=&#8221;default&#8221; text_font=&#8221;Source Sans Pro||||||||&#8221; text_text_color=&#8221;#000000&#8243; text_font_size=&#8221;16px&#8221; text_orientation=&#8221;center&#8221; custom_margin=&#8221;||0px||false|false&#8221;]<\/p>\n<p><span style=\"font-size: 18px; font-weight: bold;\">BEZP\u0141ATNIE <\/span><br \/>Zesp\u00f3\u0142 Aspergera\/Sprz\u0119\u017cona<\/p>\n<p>[\/et_pb_text][et_pb_text _builder_version=&#8221;4.9.9&#8243; _module_preset=&#8221;default&#8221; text_font=&#8221;Source Sans Pro||||||||&#8221; text_text_color=&#8221;#000000&#8243; text_line_height=&#8221;1.2em&#8221; text_orientation=&#8221;center&#8221; custom_margin=&#8221;||5px||false|false&#8221;][\/et_pb_text][et_pb_text _builder_version=&#8221;4.9.9&#8243; _module_preset=&#8221;default&#8221; text_font=&#8221;Source Sans Pro||||||||&#8221; text_text_color=&#8221;#000000&#8243; text_line_height=&#8221;1.2em&#8221; text_orientation=&#8221;center&#8221;][\/et_pb_text][\/et_pb_column_inner][et_pb_column_inner type=&#8221;1_3&#8243; saved_specialty_column_type=&#8221;3_4&#8243; _builder_version=&#8221;4.9.9&#8243; _module_preset=&#8221;default&#8221; custom_padding=&#8221;25px|16px|25px|16px|false|false&#8221; custom_css_main_element=&#8221;overflow: visible;&#8221; border_radii=&#8221;on|4px|4px|4px|4px&#8221; border_width_all=&#8221;1px&#8221; border_color_all=&#8221;#cecece&#8221;][et_pb_text _builder_version=&#8221;4.9.9&#8243; _module_preset=&#8221;default&#8221; text_font=&#8221;Source Sans Pro|600||on|||||&#8221; text_text_color=&#8221;#000000&#8243; text_font_size=&#8221;18px&#8221; background_color=&#8221;#FFFFFF&#8221; z_index=&#8221;20&#8243; text_orientation=&#8221;center&#8221; max_width=&#8221;200px&#8221; module_alignment=&#8221;center&#8221; custom_margin=&#8221;-37px||13px||false|false&#8221;]<\/p>\n<p>wy\u017cywienie dzienne<\/p>\n<p>[\/et_pb_text][et_pb_text _builder_version=&#8221;4.9.9&#8243; _module_preset=&#8221;default&#8221; text_font=&#8221;Source Sans Pro||||||||&#8221; text_text_color=&#8221;#000000&#8243; text_font_size=&#8221;16px&#8221; text_orientation=&#8221;center&#8221; custom_margin=&#8221;||20px|||&#8221;]<\/p>\n<p>Cena<br \/><span style=\"font-size: 35px; font-weight: 800; margin-left: 5px;\">19,50z\u0142<\/span><\/p>\n<p>[\/et_pb_text][\/et_pb_column_inner][\/et_pb_row_inner][et_pb_row_inner _builder_version=&#8221;4.9.9&#8243; _module_preset=&#8221;default&#8221; custom_padding=&#8221;50px||0px||false|false&#8221;][et_pb_column_inner saved_specialty_column_type=&#8221;3_4&#8243; _builder_version=&#8221;4.9.9&#8243; _module_preset=&#8221;default&#8221;][et_pb_text module_id=&#8221;zapisy-do-przedszkola&#8221; _builder_version=&#8221;4.9.9&#8243; _module_preset=&#8221;default&#8221; text_font=&#8221;Source Sans Pro||||||||&#8221; text_text_color=&#8221;#000000&#8243; text_font_size=&#8221;18px&#8221; text_line_height=&#8221;1.5em&#8221; header_2_font=&#8221;Source Sans Pro|900|||||||&#8221; header_2_text_color=&#8221;#000000&#8243; header_2_font_size=&#8221;44px&#8221; header_3_font=&#8221;Source Sans Pro|700|||||||&#8221; header_3_text_color=&#8221;#000000&#8243; header_3_font_size=&#8221;30px&#8221;]<\/p>\n<h3>Zapisy do przedszkola<\/h3>\n<p>Rodzic\u00f3w zainteresowanych zapisaniem swoich pociech do naszych przedszkoli prosimy o wydrukowanie karty zapisu dziecka, a nast\u0119pnie z wype\u0142nion\u0105 kart\u0105 zapraszamy do wybranej plac\u00f3wki. <strong>Zapisy trwaj\u0105 ca\u0142y rok!<\/strong><\/p>\n<p>[\/et_pb_text][\/et_pb_column_inner][\/et_pb_row_inner][et_pb_row_inner column_structure=&#8221;1_2,1_2&#8243; use_custom_gutter=&#8221;on&#8221; gutter_width=&#8221;2&#8243; _builder_version=&#8221;4.9.9&#8243; _module_preset=&#8221;default&#8221;][et_pb_column_inner type=&#8221;1_2&#8243; saved_specialty_column_type=&#8221;3_4&#8243; _builder_version=&#8221;4.9.9&#8243; _module_preset=&#8221;default&#8221; custom_padding=&#8221;30px|25px|30px|25px|false|false&#8221; border_radii=&#8221;on|4px|4px|4px|4px&#8221; border_width_all=&#8221;1px&#8221; border_color_all=&#8221;#cecece&#8221;][et_pb_text _builder_version=&#8221;4.9.9&#8243; _module_preset=&#8221;default&#8221; text_text_color=&#8221;#000000&#8243; header_3_font=&#8221;Source Sans Pro|600|||||||&#8221; header_3_text_align=&#8221;center&#8221; header_3_text_color=&#8221;#000000&#8243; header_3_font_size=&#8221;21px&#8221; text_orientation=&#8221;center&#8221;]<\/p>\n<h3>Niepubliczne Przedszkole Muzyczne <strong>STONOGA<\/strong><\/h3>\n<p style=\"font-size: 13px; font-weight: 300; margin-top: -10px;\">(przy ul. M. Koryznowej 2)<\/p>\n<p>[\/et_pb_text][et_pb_text _builder_version=&#8221;4.9.9&#8243; _module_preset=&#8221;default&#8221; text_font=&#8221;|700|||||||&#8221; text_text_color=&#8221;#000000&#8243; text_font_size=&#8221;16px&#8221; text_orientation=&#8221;center&#8221; link_text_color__hover_enabled=&#8221;on|hover&#8221; link_text_color__hover=&#8221;#efcb28&#8243;]<a href=\"https:\/\/stonoga.lublin.pl\/pl\/\/wp-content\/uploads\/2022\/02\/Karta-zapisu-dziecka-Stonoga.pdf\" _blank=\"\"><i class=\"far fa-file-pdf\" style=\"color: #efcb28; font-size: 40px; margin-bottom: 10px;\" true=\"\"><\/i><br \/>\npobierz kart\u0119 zapisu<\/a>[\/et_pb_text][\/et_pb_column_inner][et_pb_column_inner type=&#8221;1_2&#8243; saved_specialty_column_type=&#8221;3_4&#8243; _builder_version=&#8221;4.9.9&#8243; _module_preset=&#8221;default&#8221; custom_padding=&#8221;30px|25px|30px|25px|false|false&#8221; border_radii=&#8221;on|4px|4px|4px|4px&#8221; border_width_all=&#8221;1px&#8221; border_color_all=&#8221;#cecece&#8221;][et_pb_text _builder_version=&#8221;4.9.9&#8243; _module_preset=&#8221;default&#8221; text_text_color=&#8221;#000000&#8243; header_3_font=&#8221;Source Sans Pro|600|||||||&#8221; header_3_text_align=&#8221;center&#8221; header_3_text_color=&#8221;#000000&#8243; header_3_font_size=&#8221;21px&#8221; text_orientation=&#8221;center&#8221;]<\/p>\n<h3>Niepubliczne Przedszkole Muzyczne <strong>STONOGA 3<\/strong><\/h3>\n<p style=\"font-size: 13px; font-weight: 300; margin-top: -10px;\">(przy ul. Zemborzycka 132-136)<\/p>\n<p>[\/et_pb_text][et_pb_text _builder_version=&#8221;4.9.9&#8243; _module_preset=&#8221;default&#8221; text_font=&#8221;|700|||||||&#8221; text_text_color=&#8221;#000000&#8243; text_font_size=&#8221;16px&#8221; text_orientation=&#8221;center&#8221; link_text_color__hover_enabled=&#8221;on|hover&#8221; link_text_color__hover=&#8221;#efcb28&#8243;]<a href=\"https:\/\/stonoga.lublin.pl\/pl\/\/wp-content\/uploads\/2022\/02\/Karta-zapisu-dziecka-Stonoga-3.pdf\" _blank=\"\"><i class=\"far fa-file-pdf\" style=\"color: #efcb28; font-size: 40px; margin-bottom: 10px;\" true=\"\"><\/i><br \/>\npobierz kart\u0119 zapisu<\/a>[\/et_pb_text][\/et_pb_column_inner][\/et_pb_row_inner][\/et_pb_column][et_pb_column type=&#8221;1_4&#8243; _builder_version=&#8221;3.25&#8243; custom_padding=&#8221;|||&#8221; custom_padding__hover=&#8221;|||&#8221;][et_pb_text _builder_version=&#8221;4.9.9&#8243; _module_preset=&#8221;default&#8221; text_font=&#8221;Source Sans Pro||||||||&#8221; text_text_color=&#8221;#000000&#8243; text_font_size=&#8221;16px&#8221; header_2_font=&#8221;Source Sans Pro|900|||||||&#8221; header_2_text_color=&#8221;#000000&#8243; header_2_font_size=&#8221;44px&#8221; custom_margin=&#8221;||10px||false|false&#8221;]<\/p>\n<h2>Informacje<\/h2>\n<p>[\/et_pb_text][et_pb_text _builder_version=&#8221;4.9.9&#8243; _module_preset=&#8221;default&#8221; text_font=&#8221;|600|||||||&#8221; text_text_color=&#8221;#000000&#8243; text_font_size=&#8221;16px&#8221; text_line_height=&#8221;1.6em&#8221; background_color=&#8221;#f7f7f7&#8243; custom_margin=&#8221;||20px||false|false&#8221; custom_padding=&#8221;20px|30px|20px|30px|false|false&#8221; text_orientation_tablet=&#8221;&#8221; text_orientation_phone=&#8221;center&#8221; text_orientation_last_edited=&#8221;on|phone&#8221; link_text_color__hover_enabled=&#8221;on|hover&#8221; link_text_color__hover=&#8221;#efcb28&#8243;]<a href=\"https:\/\/stonoga.lublin.pl\/pl\/\/przedszkole-lublin\/o-nas\/\"><i class=\"fa-regular fa-circle-dot\" style=\"font-size: 16px; color: #efcb28; margin-right: 4px;\"><\/i> O nas<\/a><br \/>\n<a href=\"https:\/\/stonoga.lublin.pl\/pl\/\/przedszkole-lublin\/aktualnosci\/\"><i class=\"fa-regular fa-circle-dot\" style=\"font-size: 16px; color: #efcb28; margin-right: 4px;\"><\/i> Aktualno\u015bci<\/a><br \/>\n<a href=\"https:\/\/stonoga.lublin.pl\/pl\/\/przedszkole-lublin\/zajecia-dodatkowe\/\"><i class=\"fa-regular fa-circle-dot\" style=\"font-size: 16px; color: #efcb28; margin-right: 4px;\"><\/i> Zaj\u0119cia dodatkowe<\/a><br \/>\n<a href=\"https:\/\/stonoga.lublin.pl\/pl\/\/przedszkole-lublin\/dla-rodzica\/\"><i class=\"fa-regular fa-circle-dot\" style=\"font-size: 16px; color: #efcb28; margin-right: 4px;\"><\/i> Dla rodzica<\/a><br \/>\n<a href=\"https:\/\/stonoga.lublin.pl\/pl\/\/przedszkole-lublin\/kadra\/\"><i class=\"fa-regular fa-circle-dot\" style=\"font-size: 16px; color: #efcb28; margin-right: 4px;\"><\/i> Kadra<\/a><br \/>\n<a href=\"https:\/\/stonoga.lublin.pl\/pl\/\/przedszkole-lublin\/kontakt\/\"><i class=\"fa-regular fa-circle-dot\" style=\"font-size: 16px; color: #efcb28; margin-right: 4px;\"><\/i> Kontakt<\/a>[\/et_pb_text][\/et_pb_column][\/et_pb_section]<\/p>\n","protected":false},"excerpt":{"rendered":"<p>[et_pb_section fb_built=&#8221;1&#8243; _builder_version=&#8221;4.9.9&#8243; _module_preset=&#8221;default&#8221; background_color=&#8221;RGBA(0,0,0,0)&#8221; custom_padding=&#8221;0px||0px||false|false&#8221;][et_pb_row column_structure=&#8221;1_6,1_6,1_6,1_6,1_6,1_6&#8243; _builder_version=&#8221;4.9.9&#8243; _module_preset=&#8221;default&#8221; background_color=&#8221;#FFFFFF&#8221; custom_padding=&#8221;0px||0px||false|false&#8221; link_option_url=&#8221;https:\/\/stonoga.lublin.pl\/pl\/\/przedszkole-lublin\/kadra\/&#8221; border_color_top=&#8221;#b8f92a&#8221; border_color_bottom=&#8221;#b8f92a&#8221; box_shadow_style=&#8221;preset3&#8243; box_shadow_blur=&#8221;23px&#8221; box_shadow_color=&#8221;rgba(0,0,0,0.05)&#8221;][et_pb_column type=&#8221;1_6&#8243; _builder_version=&#8221;4.9.9&#8243; _module_preset=&#8221;default&#8221; background_enable_color=&#8221;off&#8221; custom_padding=&#8221;15px|20px|15px|20px|false|false&#8221; link_option_url=&#8221;https:\/\/stonoga.lublin.pl\/pl\/\/przedszkole-lublin\/o-nas\/&#8221; background__hover_enabled=&#8221;on|hover&#8221; background_color__hover=&#8221;#f9f9f9&#8243; background_enable_color__hover=&#8221;on&#8221;][et_pb_text _builder_version=&#8221;4.9.9&#8243; _module_preset=&#8221;default&#8221; text_font=&#8221;Source Sans Pro|900||on|||||&#8221; text_text_color=&#8221;#000000&#8243; text_font_size=&#8221;20px&#8221; text_line_height=&#8221;1.5em&#8221; width=&#8221;130px&#8221; module_alignment=&#8221;center&#8221;] O nas [\/et_pb_text][\/et_pb_column][et_pb_column type=&#8221;1_6&#8243; _builder_version=&#8221;4.9.9&#8243; _module_preset=&#8221;default&#8221; custom_padding=&#8221;15px|10px|15px|10px|false|false&#8221; link_option_url=&#8221;https:\/\/stonoga.lublin.pl\/pl\/\/przedszkole-lublin\/aktualnosci\/&#8221; background__hover_enabled=&#8221;on|hover&#8221; background_color__hover=&#8221;#f9f9f9&#8243; background_enable_color__hover=&#8221;on&#8221;][et_pb_text _builder_version=&#8221;4.9.9&#8243; _module_preset=&#8221;default&#8221; text_font=&#8221;Source Sans Pro|900||on|||||&#8221; text_text_color=&#8221;#000000&#8243; text_font_size=&#8221;20px&#8221; text_line_height=&#8221;1.5em&#8221; [&hellip;]<\/p>\n","protected":false},"author":1,"featured_media":0,"parent":262,"menu_order":0,"comment_status":"closed","ping_status":"closed","template":"","meta":{"_acf_changed":false,"_et_pb_use_builder":"on","_et_pb_old_content":"","_et_gb_content_width":"","footnotes":""},"class_list":["post-271","page","type-page","status-publish","hentry"],"acf":[],"yoast_head":"<!-- This site is optimized with the Yoast SEO plugin v24.6 - https:\/\/yoast.com\/wordpress\/plugins\/seo\/ -->\n<title>Dla rodzica przedszkole - Grupa Edukacyjna Stonoga w Lublinie<\/title>\n<meta name=\"robots\" content=\"index, follow, max-snippet:-1, max-image-preview:large, max-video-preview:-1\" \/>\n<link rel=\"canonical\" href=\"https:\/\/stonoga.lublin.pl\/pl\/przedszkole-lublin\/dla-rodzica\/\" \/>\n<meta property=\"og:locale\" content=\"pl_PL\" \/>\n<meta property=\"og:type\" content=\"article\" \/>\n<meta property=\"og:title\" content=\"Dla rodzica przedszkole - Grupa Edukacyjna Stonoga w Lublinie\" \/>\n<meta property=\"og:description\" content=\"[et_pb_section fb_built=&#8221;1&#8243; _builder_version=&#8221;4.9.9&#8243; _module_preset=&#8221;default&#8221; background_color=&#8221;RGBA(0,0,0,0)&#8221; custom_padding=&#8221;0px||0px||false|false&#8221;][et_pb_row column_structure=&#8221;1_6,1_6,1_6,1_6,1_6,1_6&#8243; _builder_version=&#8221;4.9.9&#8243; _module_preset=&#8221;default&#8221; background_color=&#8221;#FFFFFF&#8221; custom_padding=&#8221;0px||0px||false|false&#8221; link_option_url=&#8221;https:\/\/stonoga.lublin.pl\/pl\/\/przedszkole-lublin\/kadra\/&#8221; border_color_top=&#8221;#b8f92a&#8221; border_color_bottom=&#8221;#b8f92a&#8221; box_shadow_style=&#8221;preset3&#8243; box_shadow_blur=&#8221;23px&#8221; box_shadow_color=&#8221;rgba(0,0,0,0.05)&#8221;][et_pb_column type=&#8221;1_6&#8243; _builder_version=&#8221;4.9.9&#8243; _module_preset=&#8221;default&#8221; background_enable_color=&#8221;off&#8221; custom_padding=&#8221;15px|20px|15px|20px|false|false&#8221; link_option_url=&#8221;https:\/\/stonoga.lublin.pl\/pl\/\/przedszkole-lublin\/o-nas\/&#8221; background__hover_enabled=&#8221;on|hover&#8221; background_color__hover=&#8221;#f9f9f9&#8243; background_enable_color__hover=&#8221;on&#8221;][et_pb_text _builder_version=&#8221;4.9.9&#8243; _module_preset=&#8221;default&#8221; text_font=&#8221;Source Sans Pro|900||on|||||&#8221; text_text_color=&#8221;#000000&#8243; text_font_size=&#8221;20px&#8221; text_line_height=&#8221;1.5em&#8221; width=&#8221;130px&#8221; module_alignment=&#8221;center&#8221;] O nas [\/et_pb_text][\/et_pb_column][et_pb_column type=&#8221;1_6&#8243; _builder_version=&#8221;4.9.9&#8243; _module_preset=&#8221;default&#8221; custom_padding=&#8221;15px|10px|15px|10px|false|false&#8221; link_option_url=&#8221;https:\/\/stonoga.lublin.pl\/pl\/\/przedszkole-lublin\/aktualnosci\/&#8221; background__hover_enabled=&#8221;on|hover&#8221; background_color__hover=&#8221;#f9f9f9&#8243; background_enable_color__hover=&#8221;on&#8221;][et_pb_text _builder_version=&#8221;4.9.9&#8243; _module_preset=&#8221;default&#8221; text_font=&#8221;Source Sans Pro|900||on|||||&#8221; text_text_color=&#8221;#000000&#8243; text_font_size=&#8221;20px&#8221; text_line_height=&#8221;1.5em&#8221; [&hellip;]\" \/>\n<meta property=\"og:url\" content=\"https:\/\/stonoga.lublin.pl\/pl\/przedszkole-lublin\/dla-rodzica\/\" \/>\n<meta property=\"og:site_name\" content=\"Grupa Edukacyjna Stonoga w Lublinie\" \/>\n<meta property=\"article:modified_time\" content=\"2026-04-09T10:19:09+00:00\" \/>\n<meta property=\"og:image\" content=\"https:\/\/stonoga.lublin.pl\/pl\/\/wp-content\/uploads\/2022\/02\/o-nas.png\" \/>\n<meta name=\"twitter:card\" content=\"summary_large_image\" \/>\n<meta name=\"twitter:label1\" content=\"Szacowany czas czytania\" \/>\n\t<meta name=\"twitter:data1\" content=\"9 minut\" \/>\n<script type=\"application\/ld+json\" class=\"yoast-schema-graph\">{\"@context\":\"https:\/\/schema.org\",\"@graph\":[{\"@type\":\"WebPage\",\"@id\":\"https:\/\/stonoga.lublin.pl\/pl\/przedszkole-lublin\/dla-rodzica\/\",\"url\":\"https:\/\/stonoga.lublin.pl\/pl\/przedszkole-lublin\/dla-rodzica\/\",\"name\":\"Dla rodzica przedszkole - Grupa Edukacyjna Stonoga w Lublinie\",\"isPartOf\":{\"@id\":\"https:\/\/stonoga.lublin.pl\/pl\/#website\"},\"primaryImageOfPage\":{\"@id\":\"https:\/\/stonoga.lublin.pl\/pl\/przedszkole-lublin\/dla-rodzica\/#primaryimage\"},\"image\":{\"@id\":\"https:\/\/stonoga.lublin.pl\/pl\/przedszkole-lublin\/dla-rodzica\/#primaryimage\"},\"thumbnailUrl\":\"https:\/\/stonoga.lublin.pl\/pl\/\/wp-content\/uploads\/2022\/02\/o-nas.png\",\"datePublished\":\"2022-02-13T20:18:49+00:00\",\"dateModified\":\"2026-04-09T10:19:09+00:00\",\"breadcrumb\":{\"@id\":\"https:\/\/stonoga.lublin.pl\/pl\/przedszkole-lublin\/dla-rodzica\/#breadcrumb\"},\"inLanguage\":\"pl-PL\",\"potentialAction\":[{\"@type\":\"ReadAction\",\"target\":[\"https:\/\/stonoga.lublin.pl\/pl\/przedszkole-lublin\/dla-rodzica\/\"]}]},{\"@type\":\"ImageObject\",\"inLanguage\":\"pl-PL\",\"@id\":\"https:\/\/stonoga.lublin.pl\/pl\/przedszkole-lublin\/dla-rodzica\/#primaryimage\",\"url\":\"https:\/\/stonoga.lublin.pl\/pl\/\/wp-content\/uploads\/2022\/02\/o-nas.png\",\"contentUrl\":\"https:\/\/stonoga.lublin.pl\/pl\/\/wp-content\/uploads\/2022\/02\/o-nas.png\"},{\"@type\":\"BreadcrumbList\",\"@id\":\"https:\/\/stonoga.lublin.pl\/pl\/przedszkole-lublin\/dla-rodzica\/#breadcrumb\",\"itemListElement\":[{\"@type\":\"ListItem\",\"position\":1,\"name\":\"Strona g\u0142\u00f3wna\",\"item\":\"https:\/\/stonoga.lublin.pl\/pl\/\"},{\"@type\":\"ListItem\",\"position\":2,\"name\":\"Przedszkole Lublin\",\"item\":\"https:\/\/stonoga.lublin.pl\/pl\/przedszkole-lublin\/\"},{\"@type\":\"ListItem\",\"position\":3,\"name\":\"Dla rodzica przedszkole\"}]},{\"@type\":\"WebSite\",\"@id\":\"https:\/\/stonoga.lublin.pl\/pl\/#website\",\"url\":\"https:\/\/stonoga.lublin.pl\/pl\/\",\"name\":\"Grupa Edukacyjna Stonoga w Lublinie\",\"description\":\"\",\"potentialAction\":[{\"@type\":\"SearchAction\",\"target\":{\"@type\":\"EntryPoint\",\"urlTemplate\":\"https:\/\/stonoga.lublin.pl\/pl\/?s={search_term_string}\"},\"query-input\":{\"@type\":\"PropertyValueSpecification\",\"valueRequired\":true,\"valueName\":\"search_term_string\"}}],\"inLanguage\":\"pl-PL\"}]}<\/script>\n<!-- \/ Yoast SEO plugin. -->","yoast_head_json":{"title":"Dla rodzica przedszkole - Grupa Edukacyjna Stonoga w Lublinie","robots":{"index":"index","follow":"follow","max-snippet":"max-snippet:-1","max-image-preview":"max-image-preview:large","max-video-preview":"max-video-preview:-1"},"canonical":"https:\/\/stonoga.lublin.pl\/pl\/przedszkole-lublin\/dla-rodzica\/","og_locale":"pl_PL","og_type":"article","og_title":"Dla rodzica przedszkole - Grupa Edukacyjna Stonoga w Lublinie","og_description":"[et_pb_section fb_built=&#8221;1&#8243; _builder_version=&#8221;4.9.9&#8243; _module_preset=&#8221;default&#8221; background_color=&#8221;RGBA(0,0,0,0)&#8221; custom_padding=&#8221;0px||0px||false|false&#8221;][et_pb_row column_structure=&#8221;1_6,1_6,1_6,1_6,1_6,1_6&#8243; _builder_version=&#8221;4.9.9&#8243; _module_preset=&#8221;default&#8221; background_color=&#8221;#FFFFFF&#8221; custom_padding=&#8221;0px||0px||false|false&#8221; link_option_url=&#8221;https:\/\/stonoga.lublin.pl\/pl\/\/przedszkole-lublin\/kadra\/&#8221; border_color_top=&#8221;#b8f92a&#8221; border_color_bottom=&#8221;#b8f92a&#8221; box_shadow_style=&#8221;preset3&#8243; box_shadow_blur=&#8221;23px&#8221; box_shadow_color=&#8221;rgba(0,0,0,0.05)&#8221;][et_pb_column type=&#8221;1_6&#8243; _builder_version=&#8221;4.9.9&#8243; _module_preset=&#8221;default&#8221; background_enable_color=&#8221;off&#8221; custom_padding=&#8221;15px|20px|15px|20px|false|false&#8221; link_option_url=&#8221;https:\/\/stonoga.lublin.pl\/pl\/\/przedszkole-lublin\/o-nas\/&#8221; background__hover_enabled=&#8221;on|hover&#8221; background_color__hover=&#8221;#f9f9f9&#8243; background_enable_color__hover=&#8221;on&#8221;][et_pb_text _builder_version=&#8221;4.9.9&#8243; _module_preset=&#8221;default&#8221; text_font=&#8221;Source Sans Pro|900||on|||||&#8221; text_text_color=&#8221;#000000&#8243; text_font_size=&#8221;20px&#8221; text_line_height=&#8221;1.5em&#8221; width=&#8221;130px&#8221; module_alignment=&#8221;center&#8221;] O nas [\/et_pb_text][\/et_pb_column][et_pb_column type=&#8221;1_6&#8243; _builder_version=&#8221;4.9.9&#8243; _module_preset=&#8221;default&#8221; custom_padding=&#8221;15px|10px|15px|10px|false|false&#8221; link_option_url=&#8221;https:\/\/stonoga.lublin.pl\/pl\/\/przedszkole-lublin\/aktualnosci\/&#8221; background__hover_enabled=&#8221;on|hover&#8221; background_color__hover=&#8221;#f9f9f9&#8243; background_enable_color__hover=&#8221;on&#8221;][et_pb_text _builder_version=&#8221;4.9.9&#8243; _module_preset=&#8221;default&#8221; text_font=&#8221;Source Sans Pro|900||on|||||&#8221; text_text_color=&#8221;#000000&#8243; text_font_size=&#8221;20px&#8221; text_line_height=&#8221;1.5em&#8221; [&hellip;]","og_url":"https:\/\/stonoga.lublin.pl\/pl\/przedszkole-lublin\/dla-rodzica\/","og_site_name":"Grupa Edukacyjna Stonoga w Lublinie","article_modified_time":"2026-04-09T10:19:09+00:00","og_image":[{"url":"https:\/\/stonoga.lublin.pl\/pl\/\/wp-content\/uploads\/2022\/02\/o-nas.png","type":"","width":"","height":""}],"twitter_card":"summary_large_image","twitter_misc":{"Szacowany czas czytania":"9 minut"},"schema":{"@context":"https:\/\/schema.org","@graph":[{"@type":"WebPage","@id":"https:\/\/stonoga.lublin.pl\/pl\/przedszkole-lublin\/dla-rodzica\/","url":"https:\/\/stonoga.lublin.pl\/pl\/przedszkole-lublin\/dla-rodzica\/","name":"Dla rodzica przedszkole - Grupa Edukacyjna Stonoga w Lublinie","isPartOf":{"@id":"https:\/\/stonoga.lublin.pl\/pl\/#website"},"primaryImageOfPage":{"@id":"https:\/\/stonoga.lublin.pl\/pl\/przedszkole-lublin\/dla-rodzica\/#primaryimage"},"image":{"@id":"https:\/\/stonoga.lublin.pl\/pl\/przedszkole-lublin\/dla-rodzica\/#primaryimage"},"thumbnailUrl":"https:\/\/stonoga.lublin.pl\/pl\/\/wp-content\/uploads\/2022\/02\/o-nas.png","datePublished":"2022-02-13T20:18:49+00:00","dateModified":"2026-04-09T10:19:09+00:00","breadcrumb":{"@id":"https:\/\/stonoga.lublin.pl\/pl\/przedszkole-lublin\/dla-rodzica\/#breadcrumb"},"inLanguage":"pl-PL","potentialAction":[{"@type":"ReadAction","target":["https:\/\/stonoga.lublin.pl\/pl\/przedszkole-lublin\/dla-rodzica\/"]}]},{"@type":"ImageObject","inLanguage":"pl-PL","@id":"https:\/\/stonoga.lublin.pl\/pl\/przedszkole-lublin\/dla-rodzica\/#primaryimage","url":"https:\/\/stonoga.lublin.pl\/pl\/\/wp-content\/uploads\/2022\/02\/o-nas.png","contentUrl":"https:\/\/stonoga.lublin.pl\/pl\/\/wp-content\/uploads\/2022\/02\/o-nas.png"},{"@type":"BreadcrumbList","@id":"https:\/\/stonoga.lublin.pl\/pl\/przedszkole-lublin\/dla-rodzica\/#breadcrumb","itemListElement":[{"@type":"ListItem","position":1,"name":"Strona g\u0142\u00f3wna","item":"https:\/\/stonoga.lublin.pl\/pl\/"},{"@type":"ListItem","position":2,"name":"Przedszkole Lublin","item":"https:\/\/stonoga.lublin.pl\/pl\/przedszkole-lublin\/"},{"@type":"ListItem","position":3,"name":"Dla rodzica przedszkole"}]},{"@type":"WebSite","@id":"https:\/\/stonoga.lublin.pl\/pl\/#website","url":"https:\/\/stonoga.lublin.pl\/pl\/","name":"Grupa Edukacyjna Stonoga w Lublinie","description":"","potentialAction":[{"@type":"SearchAction","target":{"@type":"EntryPoint","urlTemplate":"https:\/\/stonoga.lublin.pl\/pl\/?s={search_term_string}"},"query-input":{"@type":"PropertyValueSpecification","valueRequired":true,"valueName":"search_term_string"}}],"inLanguage":"pl-PL"}]}},"_links":{"self":[{"href":"https:\/\/stonoga.lublin.pl\/pl\/wp-json\/wp\/v2\/pages\/271","targetHints":{"allow":["GET"]}}],"collection":[{"href":"https:\/\/stonoga.lublin.pl\/pl\/wp-json\/wp\/v2\/pages"}],"about":[{"href":"https:\/\/stonoga.lublin.pl\/pl\/wp-json\/wp\/v2\/types\/page"}],"author":[{"embeddable":true,"href":"https:\/\/stonoga.lublin.pl\/pl\/wp-json\/wp\/v2\/users\/1"}],"replies":[{"embeddable":true,"href":"https:\/\/stonoga.lublin.pl\/pl\/wp-json\/wp\/v2\/comments?post=271"}],"version-history":[{"count":36,"href":"https:\/\/stonoga.lublin.pl\/pl\/wp-json\/wp\/v2\/pages\/271\/revisions"}],"predecessor-version":[{"id":2517,"href":"https:\/\/stonoga.lublin.pl\/pl\/wp-json\/wp\/v2\/pages\/271\/revisions\/2517"}],"up":[{"embeddable":true,"href":"https:\/\/stonoga.lublin.pl\/pl\/wp-json\/wp\/v2\/pages\/262"}],"wp:attachment":[{"href":"https:\/\/stonoga.lublin.pl\/pl\/wp-json\/wp\/v2\/media?parent=271"}],"curies":[{"name":"wp","href":"https:\/\/api.w.org\/{rel}","templated":true}]}}