{"id":581,"date":"2022-02-15T13:58:42","date_gmt":"2022-02-15T13:58:42","guid":{"rendered":"https:\/\/stonoga.lublin.pl\/pl\/\/?page_id=581"},"modified":"2026-04-09T10:13:10","modified_gmt":"2026-04-09T10:13:10","slug":"dla-rodzica","status":"publish","type":"page","link":"https:\/\/stonoga.lublin.pl\/pl\/szkola-podstawowa-lublin\/dla-rodzica\/","title":{"rendered":"Dla rodzica szko\u0142a"},"content":{"rendered":"<p>[et_pb_section fb_built=&#8221;1&#8243; _builder_version=&#8221;4.9.9&#8243; _module_preset=&#8221;default&#8221; background_color=&#8221;RGBA(0,0,0,0)&#8221; custom_padding=&#8221;0px||0px||false|false&#8221;][et_pb_row column_structure=&#8221;1_6,1_6,1_6,1_6,1_6,1_6&#8243; _builder_version=&#8221;4.9.9&#8243; _module_preset=&#8221;default&#8221; background_color=&#8221;#FFFFFF&#8221; custom_padding=&#8221;0px||0px||false|false&#8221; link_option_url=&#8221;https:\/\/stonoga.lublin.pl\/pl\/\/przedszkole-lublin\/kadra\/&#8221; border_color_top=&#8221;#b8f92a&#8221; border_color_bottom=&#8221;#b8f92a&#8221; box_shadow_style=&#8221;preset3&#8243; box_shadow_blur=&#8221;23px&#8221; box_shadow_color=&#8221;rgba(0,0,0,0.05)&#8221;][et_pb_column type=&#8221;1_6&#8243; _builder_version=&#8221;4.9.9&#8243; _module_preset=&#8221;default&#8221; background_enable_color=&#8221;off&#8221; custom_padding=&#8221;15px|20px|15px|20px|false|false&#8221; link_option_url=&#8221;https:\/\/stonoga.lublin.pl\/pl\/\/szkola-podstawowa-lublin\/o-nas\/&#8221; background__hover_enabled=&#8221;on|hover&#8221; background_color__hover=&#8221;#f9f9f9&#8243; background_enable_color__hover=&#8221;on&#8221;][et_pb_text _builder_version=&#8221;4.9.9&#8243; _module_preset=&#8221;default&#8221; text_font=&#8221;Source Sans Pro|900||on|||||&#8221; text_text_color=&#8221;#000000&#8243; text_font_size=&#8221;20px&#8221; text_line_height=&#8221;1.5em&#8221; width=&#8221;130px&#8221; module_alignment=&#8221;center&#8221;]<\/p>\n<p><img decoding=\"async\" src=\"https:\/\/stonoga.lublin.pl\/pl\/\/wp-content\/uploads\/2022\/02\/o-nas.png\" style=\"height: 40px; float: left; margin-right: 10px;\" \/> O nas<\/p>\n<p>[\/et_pb_text][\/et_pb_column][et_pb_column type=&#8221;1_6&#8243; _builder_version=&#8221;4.9.9&#8243; _module_preset=&#8221;default&#8221; custom_padding=&#8221;15px|10px|15px|10px|false|false&#8221; link_option_url=&#8221;https:\/\/stonoga.lublin.pl\/pl\/\/szkola-podstawowa-lublin\/aktualnosci\/&#8221; background__hover_enabled=&#8221;on|hover&#8221; background_color__hover=&#8221;#f9f9f9&#8243; background_enable_color__hover=&#8221;on&#8221;][et_pb_text _builder_version=&#8221;4.9.9&#8243; _module_preset=&#8221;default&#8221; text_font=&#8221;Source Sans Pro|900||on|||||&#8221; text_text_color=&#8221;#000000&#8243; text_font_size=&#8221;20px&#8221; text_line_height=&#8221;1.5em&#8221; width=&#8221;200px&#8221; module_alignment=&#8221;center&#8221;]<\/p>\n<p><img decoding=\"async\" src=\"https:\/\/stonoga.lublin.pl\/pl\/\/wp-content\/uploads\/2022\/02\/aktualnosci-stonoga-lublin.png\" style=\"height: 40px; float: left; margin-right: 10px;\" \/> AKTUALNO\u015aCI<\/p>\n<p>[\/et_pb_text][\/et_pb_column][et_pb_column type=&#8221;1_6&#8243; _builder_version=&#8221;4.9.9&#8243; _module_preset=&#8221;default&#8221; custom_padding=&#8221;15px|10px|15px|10px|false|false&#8221; link_option_url=&#8221;https:\/\/stonoga.lublin.pl\/pl\/\/szkola-podstawowa-lublin\/zajecia-dodatkowe\/&#8221; background__hover_enabled=&#8221;on|hover&#8221; background_color__hover=&#8221;#f9f9f9&#8243; background_enable_color__hover=&#8221;on&#8221;][et_pb_text _builder_version=&#8221;4.9.9&#8243; _module_preset=&#8221;default&#8221; text_font=&#8221;Source Sans Pro|900||on|||||&#8221; text_text_color=&#8221;#000000&#8243; text_font_size=&#8221;20px&#8221; text_line_height=&#8221;1em&#8221; width=&#8221;160px&#8221; module_alignment=&#8221;center&#8221;]<\/p>\n<p><img decoding=\"async\" src=\"https:\/\/stonoga.lublin.pl\/pl\/\/wp-content\/uploads\/2022\/02\/zajecia-dodatkowe-przedszkole-szkola-poradnia.png\" style=\"height: 40px; float: left; margin-right: 10px;\" \/> Zaj\u0119cia<br \/><span style=\"font-weight: 300;\">dodatkowe<\/span><\/p>\n<p>[\/et_pb_text][\/et_pb_column][et_pb_column type=&#8221;1_6&#8243; _builder_version=&#8221;4.9.9&#8243; _module_preset=&#8221;default&#8221; background_color=&#8221;#ff8000&#8243; custom_padding=&#8221;15px|20px|15px|20px|false|false&#8221; link_option_url=&#8221;https:\/\/stonoga.lublin.pl\/pl\/\/szkola-podstawowa-lublin\/dla-rodzica\/&#8221; background__hover_enabled=&#8221;on|hover&#8221; background_color__hover=&#8221;#f9f9f9&#8243; background_enable_color__hover=&#8221;on&#8221;][et_pb_text _builder_version=&#8221;4.9.9&#8243; _module_preset=&#8221;default&#8221; text_font=&#8221;Source Sans Pro|900||on|||||&#8221; text_text_color=&#8221;#FFFFFF&#8221; text_font_size=&#8221;20px&#8221; text_line_height=&#8221;1.1em&#8221; width=&#8221;170px&#8221; module_alignment=&#8221;center&#8221;]<\/p>\n<p><img decoding=\"async\" style=\"height: 40px; float: left; margin-right: 10px;\" src=\"https:\/\/stonoga.lublin.pl\/pl\/\/wp-content\/uploads\/2022\/02\/informacje-dla-rodzica-szkola-skala-lublin.png\" \/> Dla rodzica<\/p>\n<p>[\/et_pb_text][\/et_pb_column][et_pb_column type=&#8221;1_6&#8243; _builder_version=&#8221;4.9.9&#8243; _module_preset=&#8221;default&#8221; custom_padding=&#8221;15px|20px|15px|20px|false|false&#8221; link_option_url=&#8221;https:\/\/stonoga.lublin.pl\/pl\/\/szkola-podstawowa-lublin\/kadra\/&#8221; background__hover_enabled=&#8221;on|hover&#8221; background_color__hover=&#8221;#f9f9f9&#8243; background_enable_color__hover=&#8221;on&#8221;][et_pb_text _builder_version=&#8221;4.9.9&#8243; _module_preset=&#8221;default&#8221; text_font=&#8221;Source Sans Pro|900||on|||||&#8221; text_text_color=&#8221;#000000&#8243; text_font_size=&#8221;20px&#8221; text_line_height=&#8221;1.5em&#8221; width=&#8221;130px&#8221; module_alignment=&#8221;center&#8221;]<\/p>\n<p><img decoding=\"async\" src=\"https:\/\/stonoga.lublin.pl\/pl\/\/wp-content\/uploads\/2022\/02\/zespol-stonoga-lublin-poradnia-specjalistyczna.png\" style=\"height: 40px; float: left; margin-right: 10px;\" \/> Kadra<\/p>\n<p>[\/et_pb_text][\/et_pb_column][et_pb_column type=&#8221;1_6&#8243; _builder_version=&#8221;4.9.9&#8243; _module_preset=&#8221;default&#8221; custom_padding=&#8221;15px|20px|15px|20px|false|false&#8221; link_option_url=&#8221;https:\/\/stonoga.lublin.pl\/pl\/\/szkola-podstawowa-lublin\/kontakt\/&#8221; background__hover_enabled=&#8221;on|hover&#8221; background_color__hover=&#8221;#f9f9f9&#8243; background_enable_color__hover=&#8221;on&#8221;][et_pb_text _builder_version=&#8221;4.9.9&#8243; _module_preset=&#8221;default&#8221; text_font=&#8221;Source Sans Pro|900||on|||||&#8221; text_text_color=&#8221;#000000&#8243; text_font_size=&#8221;20px&#8221; text_line_height=&#8221;1.5em&#8221; width=&#8221;150px&#8221; module_alignment=&#8221;center&#8221;]<\/p>\n<p><img decoding=\"async\" src=\"https:\/\/stonoga.lublin.pl\/pl\/\/wp-content\/uploads\/2022\/02\/kontakt-stonoga-lublin.png\" style=\"height: 40px; float: left; margin-right: 10px;\" \/> Kontakt<\/p>\n<p>[\/et_pb_text][\/et_pb_column][\/et_pb_row][\/et_pb_section][et_pb_section fb_built=&#8221;1&#8243; _builder_version=&#8221;4.9.9&#8243; _module_preset=&#8221;default&#8221; custom_padding=&#8221;0px||0px||false|false&#8221;][et_pb_row column_structure=&#8221;1_2,1_2&#8243; _builder_version=&#8221;4.9.9&#8243; _module_preset=&#8221;default&#8221; background_color=&#8221;#f3f3f3&#8243; custom_padding=&#8221;0px||0px||false|false&#8221; background_color__hover=&#8221;#f3f3f3&#8243;][et_pb_column type=&#8221;1_2&#8243; _builder_version=&#8221;4.9.9&#8243; _module_preset=&#8221;default&#8221;][et_pb_text _builder_version=&#8221;4.9.9&#8243; _module_preset=&#8221;default&#8221; text_font=&#8221;Source Sans Pro|300|||||||&#8221; text_text_color=&#8221;#000000&#8243; text_font_size=&#8221;20px&#8221; header_font=&#8221;Source Sans Pro|900|||||||&#8221; header_text_color=&#8221;#000000&#8243; header_font_size=&#8221;60px&#8221; custom_margin=&#8221;|||10%|false|false&#8221; custom_margin_tablet=&#8221;&#8221; custom_margin_phone=&#8221;|||4%|false|false&#8221; custom_margin_last_edited=&#8221;on|phone&#8221; custom_padding=&#8221;15%||5%||false|false&#8221;]<\/p>\n<p><span style=\"letter-spacing: 4px;\">FAQ<\/span><\/p>\n<h1>Informacje dla rodzica<br \/><span style=\"color: #000; font-size: 28px; background: #fff; font-weight: 400; padding: 10px 20px;\">Szko\u0142a Skala<\/span><\/h1>\n<p>[\/et_pb_text][\/et_pb_column][et_pb_column type=&#8221;1_2&#8243; _builder_version=&#8221;4.9.9&#8243; _module_preset=&#8221;default&#8221;][et_pb_text _builder_version=&#8221;4.9.9&#8243; _module_preset=&#8221;default&#8221;]<img loading=\"lazy\" decoding=\"async\" src=\"https:\/\/stonoga.lublin.pl\/pl\/\/wp-content\/uploads\/2022\/02\/przydatne-informacje-dla-rodzicow-szkola-skala-lublin-1.jpg\" width=\"1200\" height=\"600\" alt=\"\" class=\"wp-image-280 alignnone size-full\" style=\"display: block; margin-left: auto; margin-right: auto;\" \/>[\/et_pb_text][\/et_pb_column][\/et_pb_row][\/et_pb_section][et_pb_section fb_built=&#8221;1&#8243; specialty=&#8221;on&#8221; _builder_version=&#8221;4.9.9&#8243; _module_preset=&#8221;default&#8221; inner_width=&#8221;94%&#8221; inner_max_width=&#8221;100%&#8221; custom_padding=&#8221;0px||||false|false&#8221;][et_pb_column type=&#8221;3_4&#8243; specialty_columns=&#8221;3&#8243; _builder_version=&#8221;3.25&#8243; custom_padding=&#8221;|||&#8221; custom_padding__hover=&#8221;|||&#8221;][et_pb_row_inner column_structure=&#8221;1_3,1_3,1_3&#8243; use_custom_gutter=&#8221;on&#8221; make_equal=&#8221;on&#8221; _builder_version=&#8221;4.9.9&#8243; _module_preset=&#8221;default&#8221; background_enable_color=&#8221;off&#8221; custom_padding=&#8221;||||false|false&#8221;][et_pb_column_inner type=&#8221;1_3&#8243; saved_specialty_column_type=&#8221;3_4&#8243; _builder_version=&#8221;4.9.9&#8243; _module_preset=&#8221;default&#8221; custom_padding=&#8221;25px|25px|25px|25px|false|false&#8221; custom_css_main_element=&#8221;overflow: visible;&#8221; border_radii=&#8221;on|4px|4px|4px|4px&#8221; border_width_all=&#8221;1px&#8221; border_color_all=&#8221;#cecece&#8221;][et_pb_text _builder_version=&#8221;4.9.9&#8243; _module_preset=&#8221;default&#8221; text_font=&#8221;Source Sans Pro|600||on|||||&#8221; text_text_color=&#8221;#000000&#8243; text_font_size=&#8221;18px&#8221; background_color=&#8221;#FFFFFF&#8221; z_index=&#8221;20&#8243; text_orientation=&#8221;center&#8221; max_width=&#8221;220px&#8221; module_alignment=&#8221;center&#8221; custom_margin=&#8221;-37px||13px||false|false&#8221;]<\/p>\n<p>Czesne<\/p>\n<p>[\/et_pb_text][et_pb_text _builder_version=&#8221;4.9.9&#8243; _module_preset=&#8221;default&#8221; text_font=&#8221;Source Sans Pro||||||||&#8221; text_text_color=&#8221;#000000&#8243; text_font_size=&#8221;16px&#8221; text_orientation=&#8221;center&#8221; custom_margin=&#8221;||20px|||&#8221;]<\/p>\n<p>Cena<br \/><span style=\"font-size: 35px; font-weight: 800; margin-left: 5px;\">800 <span style=\"font-size: 18px;\">z\u0142<\/span><\/span><\/p>\n<p>[\/et_pb_text][\/et_pb_column_inner][et_pb_column_inner type=&#8221;1_3&#8243; saved_specialty_column_type=&#8221;3_4&#8243; _builder_version=&#8221;4.9.9&#8243; _module_preset=&#8221;default&#8221; custom_padding=&#8221;25px|16px|25px|16px|false|false&#8221; custom_css_main_element=&#8221;overflow: visible;&#8221; border_radii=&#8221;on|4px|4px|4px|4px&#8221; border_width_all=&#8221;1px&#8221; border_color_all=&#8221;#cecece&#8221;][et_pb_text _builder_version=&#8221;4.9.9&#8243; _module_preset=&#8221;default&#8221; text_font=&#8221;Source Sans Pro|600||on|||||&#8221; text_text_color=&#8221;#000000&#8243; text_font_size=&#8221;18px&#8221; background_color=&#8221;#FFFFFF&#8221; z_index=&#8221;20&#8243; text_orientation=&#8221;center&#8221; max_width=&#8221;155px&#8221; module_alignment=&#8221;center&#8221; custom_margin=&#8221;-37px||13px||false|false&#8221;]<\/p>\n<p style=\"padding-bottom: 0px;\">czesne <span style=\"background: #000; color: #fff; padding: 0px 4px;\">zni\u017cka<\/span><\/p>\n<p>[\/et_pb_text][et_pb_text _builder_version=&#8221;4.9.9&#8243; _module_preset=&#8221;default&#8221; text_font=&#8221;Source Sans Pro||||||||&#8221; text_text_color=&#8221;#000000&#8243; text_font_size=&#8221;16px&#8221; text_orientation=&#8221;center&#8221; custom_margin=&#8221;||0px||false|false&#8221;]<\/p>\n<p>Cena<br \/><span style=\"font-size: 35px; font-weight: 800; margin-left: 5px;\">500 <span style=\"font-size: 18px;\">z\u0142<\/span><\/span><\/p>\n<p>[\/et_pb_text][et_pb_text _builder_version=&#8221;4.9.9&#8243; _module_preset=&#8221;default&#8221; text_font=&#8221;Source Sans Pro||||||||&#8221; text_text_color=&#8221;#000000&#8243; text_line_height=&#8221;1.2em&#8221; text_orientation=&#8221;center&#8221; custom_margin=&#8221;||5px||false|false&#8221;]<\/p>\n<p>(Zesp\u00f3\u0142 Aspergera\/Sprz\u0119\u017cona)<\/p>\n<p>[\/et_pb_text][\/et_pb_column_inner][et_pb_column_inner type=&#8221;1_3&#8243; saved_specialty_column_type=&#8221;3_4&#8243; _builder_version=&#8221;4.9.9&#8243; _module_preset=&#8221;default&#8221; custom_padding=&#8221;25px|16px|25px|16px|false|false&#8221; custom_css_main_element=&#8221;overflow: visible;&#8221; border_radii=&#8221;on|4px|4px|4px|4px&#8221; border_width_all=&#8221;1px&#8221; border_color_all=&#8221;#cecece&#8221;][et_pb_text _builder_version=&#8221;4.9.9&#8243; _module_preset=&#8221;default&#8221; text_font=&#8221;Source Sans Pro|600||on|||||&#8221; text_text_color=&#8221;#000000&#8243; text_font_size=&#8221;18px&#8221; background_color=&#8221;#FFFFFF&#8221; z_index=&#8221;20&#8243; text_orientation=&#8221;center&#8221; max_width=&#8221;200px&#8221; module_alignment=&#8221;center&#8221; custom_margin=&#8221;-37px||13px||false|false&#8221;]<\/p>\n<p>wy\u017cywienie dzienne<\/p>\n<p>[\/et_pb_text][et_pb_text _builder_version=&#8221;4.9.9&#8243; _module_preset=&#8221;default&#8221; text_font=&#8221;Source Sans Pro||||||||&#8221; text_text_color=&#8221;#000000&#8243; text_font_size=&#8221;16px&#8221; text_orientation=&#8221;center&#8221; custom_margin=&#8221;||20px|||&#8221;]<\/p>\n<p>Cena<br \/><span style=\"font-size: 35px; font-weight: 800; margin-left: 5px;\">19,50 z\u0142<\/span><\/p>\n<p>[\/et_pb_text][\/et_pb_column_inner][\/et_pb_row_inner][et_pb_row_inner admin_label=&#8221;Wiersz&#8221; _builder_version=&#8221;4.9.9&#8243; _module_preset=&#8221;default&#8221; custom_padding=&#8221;30px||0px||false|false&#8221;][et_pb_column_inner saved_specialty_column_type=&#8221;3_4&#8243; _builder_version=&#8221;4.9.9&#8243; _module_preset=&#8221;default&#8221;][et_pb_text module_id=&#8221;zapisy-do-szkoly&#8221; _builder_version=&#8221;4.9.9&#8243; _module_preset=&#8221;default&#8221; text_font=&#8221;Source Sans Pro||||||||&#8221; text_text_color=&#8221;#000000&#8243; text_font_size=&#8221;18px&#8221; text_line_height=&#8221;1.5em&#8221; header_2_font=&#8221;Source Sans Pro|900|||||||&#8221; header_2_text_color=&#8221;#000000&#8243; header_2_font_size=&#8221;44px&#8221; header_3_font=&#8221;Source Sans Pro|700|||||||&#8221; header_3_text_color=&#8221;#000000&#8243; header_3_font_size=&#8221;30px&#8221; custom_margin=&#8221;||15px||false|false&#8221;]<\/p>\n<h3>Zapisy do szko\u0142y Skala<\/h3>\n<p>Aby zapisa\u0107 dziecko do naszej szko\u0142y nale\u017cy pobra\u0107, wydrukowa\u0107 i wype\u0142ni\u0107 r\u0119cznie <a href=\"https:\/\/stonoga.lublin.pl\/pl\/\/wp-content\/uploads\/2022\/02\/Karta-zapisu-SKALA-nn.pdf\" style=\"font-weight: bold; color: #b50379;\">kart\u0119 zapisu do szko\u0142y<\/a>. Nast\u0119pnie wype\u0142nion\u0105 kart\u0119 nale\u017cy dostarczy\u0107 do naszej plac\u00f3wki. <strong>Zapraszamy do zapis\u00f3w!<\/strong><\/p>\n<p>[\/et_pb_text][et_pb_text _builder_version=&#8221;4.9.9&#8243; _module_preset=&#8221;default&#8221; text_text_color=&#8221;#b50379&#8243; text_font_size=&#8221;16px&#8221; text_line_height=&#8221;1.3em&#8221; transform_translate_linked__hover=&#8221;off&#8221; max_width=&#8221;170px&#8221; custom_margin=&#8221;||50px|||&#8221; transform_styles__hover_enabled=&#8221;on|hover&#8221; transform_scale__hover_enabled=&#8221;on|desktop&#8221; transform_translate__hover_enabled=&#8221;on|hover&#8221; transform_rotate__hover_enabled=&#8221;on|desktop&#8221; transform_skew__hover_enabled=&#8221;on|desktop&#8221; transform_origin__hover_enabled=&#8221;on|desktop&#8221; transform_translate__hover=&#8221;10px|0px&#8221;]<\/p>\n<p><a href=\"https:\/\/stonoga.lublin.pl\/pl\/\/wp-content\/uploads\/2022\/02\/Karta-zapisu-SKALA-nn.pdf\"><i class=\"far fa-file-pdf\" style=\"color: #b50379; font-size: 40px; float: left; margin-right: 10px;\" aria-hidden=\"true\"><\/i>pobierz<br \/><span style=\"font-weight: 800; font-size: 17px;\">kart\u0119 zapisu<\/span><\/a><\/p>\n<p>[\/et_pb_text][et_pb_text module_id=&#8221;dokumenty&#8221; _builder_version=&#8221;4.9.9&#8243; _module_preset=&#8221;default&#8221; text_font=&#8221;Source Sans Pro||||||||&#8221; text_text_color=&#8221;#000000&#8243; text_font_size=&#8221;18px&#8221; text_line_height=&#8221;1.5em&#8221; link_font=&#8221;|600|||||||&#8221; header_2_font=&#8221;Source Sans Pro|900|||||||&#8221; header_2_text_color=&#8221;#000000&#8243; header_2_font_size=&#8221;44px&#8221; header_3_font=&#8221;Source Sans Pro|700|||||||&#8221; header_3_text_color=&#8221;#000000&#8243; header_3_font_size=&#8221;30px&#8221; background_enable_color=&#8221;off&#8221; custom_margin=&#8221;||0px||false|false&#8221; custom_padding=&#8221;0px||0px||false|false&#8221; link_text_color__hover_enabled=&#8221;on|hover&#8221; link_text_color__hover=&#8221;#b50379&#8243;]<\/p>\n<h3>Dokumenty<\/h3>\n<p>[\/et_pb_text][et_pb_text admin_label=&#8221;Tekst&#8221; module_id=&#8221;dokumenty&#8221; _builder_version=&#8221;4.9.9&#8243; _module_preset=&#8221;default&#8221; text_font=&#8221;Source Sans Pro||||||||&#8221; text_text_color=&#8221;#000000&#8243; text_font_size=&#8221;18px&#8221; text_line_height=&#8221;1.5em&#8221; link_font=&#8221;|600|||||||&#8221; header_2_font=&#8221;Source Sans Pro|900|||||||&#8221; header_2_text_color=&#8221;#000000&#8243; header_2_font_size=&#8221;44px&#8221; header_3_font=&#8221;Source Sans Pro|700|||||||&#8221; header_3_text_color=&#8221;#000000&#8243; header_3_font_size=&#8221;30px&#8221; background_color=&#8221;#f7f7f7&#8243; custom_padding=&#8221;25px|25px|25px|25px|false|false&#8221; link_text_color__hover_enabled=&#8221;on|hover&#8221; link_text_color__hover=&#8221;#b50379&#8243;]<\/p>\n<p><span style=\"font-size: 18px;\">Dokumenty zwi\u0105zane z funkcjonowaniem SKALI Niepublicznej Szko\u0142y Podstawowej z Oddzia\u0142ami Integracyjnymi w Lublinie.<\/span><\/p>\n<p><a href=\"https:\/\/stonoga.lublin.pl\/pl\/wp-content\/uploads\/2025\/09\/Statut-SKALA-2024-2025.pdf\" target=\"_blank\" rel=\"noopener\"><i class=\"fas fa-download\" style=\"margin-right: 5px; color: #b50379;\" aria-hidden=\"true\"><\/i> Statut szko\u0142y<\/a><br \/><a href=\"https:\/\/stonoga.lublin.pl\/pl\/wp-content\/uploads\/2025\/09\/STANDARDY-OCHRONY-MALOLETNICH-SKALA-1.pdf\" target=\"_blank\" rel=\"noopener\"><i class=\"fas fa-download\" style=\"margin-right: 5px; color: #b50379;\" aria-hidden=\"true\"><\/i> Standardy Ochrony Ma\u0142oletnich<\/a><br \/><a href=\"https:\/\/stonoga.lublin.pl\/pl\/\/wp-content\/uploads\/2022\/02\/PROCEDURY-SKALA.pdf\" target=\"_blank\" rel=\"noopener\"><i class=\"fas fa-download\" style=\"margin-right: 5px; color: #b50379;\" aria-hidden=\"true\"><\/i> Procedury bezpiecze\u0144stwa<\/a><br \/><a href=\"https:\/\/stonoga.lublin.pl\/pl\/wp-content\/uploads\/2023\/09\/Plan-zajec-04.09.2023-2.pdf\" target=\"_blank\" rel=\"noopener\"><i class=\"fas fa-download\" style=\"margin-right: 5px; color: #b50379;\" aria-hidden=\"true\"><\/i> PLAN LEKCJI<\/a><\/p>\n<p>[\/et_pb_text][\/et_pb_column_inner][\/et_pb_row_inner][\/et_pb_column][et_pb_column type=&#8221;1_4&#8243; _builder_version=&#8221;3.25&#8243; custom_padding=&#8221;|||&#8221; custom_padding__hover=&#8221;|||&#8221;][et_pb_text _builder_version=&#8221;4.9.9&#8243; _module_preset=&#8221;default&#8221; text_font=&#8221;Source Sans Pro||||||||&#8221; text_text_color=&#8221;#000000&#8243; text_font_size=&#8221;16px&#8221; header_2_font=&#8221;Source Sans Pro|900|||||||&#8221; header_2_text_color=&#8221;#000000&#8243; header_2_font_size=&#8221;44px&#8221; custom_margin=&#8221;||10px||false|false&#8221;]<\/p>\n<h2>Informacje<\/h2>\n<p>[\/et_pb_text][et_pb_text _builder_version=&#8221;4.9.9&#8243; _module_preset=&#8221;default&#8221; text_font=&#8221;|600|||||||&#8221; text_text_color=&#8221;#000000&#8243; text_font_size=&#8221;16px&#8221; text_line_height=&#8221;1.6em&#8221; background_color=&#8221;#f7f7f7&#8243; custom_margin=&#8221;||20px||false|false&#8221; custom_padding=&#8221;20px|30px|20px|30px|false|false&#8221; text_orientation_tablet=&#8221;&#8221; text_orientation_phone=&#8221;center&#8221; text_orientation_last_edited=&#8221;on|phone&#8221; link_text_color__hover_enabled=&#8221;on|hover&#8221; link_text_color__hover=&#8221;#b50379&#8243;]<a href=\"https:\/\/stonoga.lublin.pl\/pl\/\/szkola-podstawowa-lublin\/o-nas\/\"><i class=\"fa-regular fa-circle-dot\" style=\"font-size: 16px; color: #b50379; margin-right: 4px;\"><\/i> O nas<\/a><br \/>\n<a href=\"https:\/\/stonoga.lublin.pl\/pl\/\/szkola-podstawowa-lublin\/aktualnosci\/\"><i class=\"fa-regular fa-circle-dot\" style=\"font-size: 16px; color: #b50379; margin-right: 4px;\"><\/i> Aktualno\u015bci<\/a><br \/>\n<a href=\"https:\/\/stonoga.lublin.pl\/pl\/\/szkola-podstawowa-lublin\/zajecia-dodatkowe\/\"><i class=\"fa-regular fa-circle-dot\" style=\"font-size: 16px; color: #b50379; margin-right: 4px;\"><\/i> Zaj\u0119cia dodatkowe<\/a><br \/>\n<a href=\"https:\/\/stonoga.lublin.pl\/pl\/\/szkola-podstawowa-lublin\/dla-rodzica\/\"><i class=\"fa-regular fa-circle-dot\" style=\"font-size: 16px; color: #b50379; margin-right: 4px;\"><\/i> Dla rodzica<\/a><br \/>\n<a href=\"https:\/\/stonoga.lublin.pl\/pl\/\/szkola-podstawowa-lublin\/kadra\/\"><i class=\"fa-regular fa-circle-dot\" style=\"font-size: 16px; color: #b50379; margin-right: 4px;\"><\/i> Kadra<\/a><br \/>\n<a href=\"https:\/\/stonoga.lublin.pl\/pl\/\/szkola-podstawowa-lublin\/kontakt\/\"><i class=\"fa-regular fa-circle-dot\" style=\"font-size: 16px; color: #b50379; margin-right: 4px;\"><\/i> Kontakt<\/a>[\/et_pb_text][\/et_pb_column][\/et_pb_section]<\/p>\n","protected":false},"excerpt":{"rendered":"<p>[et_pb_section fb_built=&#8221;1&#8243; _builder_version=&#8221;4.9.9&#8243; _module_preset=&#8221;default&#8221; background_color=&#8221;RGBA(0,0,0,0)&#8221; custom_padding=&#8221;0px||0px||false|false&#8221;][et_pb_row column_structure=&#8221;1_6,1_6,1_6,1_6,1_6,1_6&#8243; _builder_version=&#8221;4.9.9&#8243; _module_preset=&#8221;default&#8221; background_color=&#8221;#FFFFFF&#8221; custom_padding=&#8221;0px||0px||false|false&#8221; link_option_url=&#8221;https:\/\/stonoga.lublin.pl\/pl\/\/przedszkole-lublin\/kadra\/&#8221; border_color_top=&#8221;#b8f92a&#8221; border_color_bottom=&#8221;#b8f92a&#8221; box_shadow_style=&#8221;preset3&#8243; box_shadow_blur=&#8221;23px&#8221; box_shadow_color=&#8221;rgba(0,0,0,0.05)&#8221;][et_pb_column type=&#8221;1_6&#8243; _builder_version=&#8221;4.9.9&#8243; _module_preset=&#8221;default&#8221; background_enable_color=&#8221;off&#8221; custom_padding=&#8221;15px|20px|15px|20px|false|false&#8221; link_option_url=&#8221;https:\/\/stonoga.lublin.pl\/pl\/\/szkola-podstawowa-lublin\/o-nas\/&#8221; background__hover_enabled=&#8221;on|hover&#8221; background_color__hover=&#8221;#f9f9f9&#8243; background_enable_color__hover=&#8221;on&#8221;][et_pb_text _builder_version=&#8221;4.9.9&#8243; _module_preset=&#8221;default&#8221; text_font=&#8221;Source Sans Pro|900||on|||||&#8221; text_text_color=&#8221;#000000&#8243; text_font_size=&#8221;20px&#8221; text_line_height=&#8221;1.5em&#8221; width=&#8221;130px&#8221; module_alignment=&#8221;center&#8221;] O nas [\/et_pb_text][\/et_pb_column][et_pb_column type=&#8221;1_6&#8243; _builder_version=&#8221;4.9.9&#8243; _module_preset=&#8221;default&#8221; custom_padding=&#8221;15px|10px|15px|10px|false|false&#8221; link_option_url=&#8221;https:\/\/stonoga.lublin.pl\/pl\/\/szkola-podstawowa-lublin\/aktualnosci\/&#8221; background__hover_enabled=&#8221;on|hover&#8221; background_color__hover=&#8221;#f9f9f9&#8243; background_enable_color__hover=&#8221;on&#8221;][et_pb_text _builder_version=&#8221;4.9.9&#8243; _module_preset=&#8221;default&#8221; text_font=&#8221;Source Sans Pro|900||on|||||&#8221; text_text_color=&#8221;#000000&#8243; text_font_size=&#8221;20px&#8221; text_line_height=&#8221;1.5em&#8221; [&hellip;]<\/p>\n","protected":false},"author":2,"featured_media":0,"parent":577,"menu_order":0,"comment_status":"closed","ping_status":"closed","template":"","meta":{"_acf_changed":false,"_et_pb_use_builder":"on","_et_pb_old_content":"","_et_gb_content_width":"","footnotes":""},"class_list":["post-581","page","type-page","status-publish","hentry"],"acf":[],"yoast_head":"<!-- This site is optimized with the Yoast SEO plugin v24.6 - https:\/\/yoast.com\/wordpress\/plugins\/seo\/ -->\n<title>Dla rodzica szko\u0142a - Grupa Edukacyjna Stonoga w Lublinie<\/title>\n<meta name=\"robots\" content=\"index, follow, max-snippet:-1, max-image-preview:large, max-video-preview:-1\" \/>\n<link rel=\"canonical\" href=\"https:\/\/stonoga.lublin.pl\/pl\/szkola-podstawowa-lublin\/dla-rodzica\/\" \/>\n<meta property=\"og:locale\" content=\"pl_PL\" \/>\n<meta property=\"og:type\" content=\"article\" \/>\n<meta property=\"og:title\" content=\"Dla rodzica szko\u0142a - Grupa Edukacyjna Stonoga w Lublinie\" \/>\n<meta property=\"og:description\" content=\"[et_pb_section fb_built=&#8221;1&#8243; _builder_version=&#8221;4.9.9&#8243; _module_preset=&#8221;default&#8221; background_color=&#8221;RGBA(0,0,0,0)&#8221; custom_padding=&#8221;0px||0px||false|false&#8221;][et_pb_row column_structure=&#8221;1_6,1_6,1_6,1_6,1_6,1_6&#8243; _builder_version=&#8221;4.9.9&#8243; _module_preset=&#8221;default&#8221; background_color=&#8221;#FFFFFF&#8221; custom_padding=&#8221;0px||0px||false|false&#8221; link_option_url=&#8221;https:\/\/stonoga.lublin.pl\/pl\/\/przedszkole-lublin\/kadra\/&#8221; border_color_top=&#8221;#b8f92a&#8221; border_color_bottom=&#8221;#b8f92a&#8221; box_shadow_style=&#8221;preset3&#8243; box_shadow_blur=&#8221;23px&#8221; box_shadow_color=&#8221;rgba(0,0,0,0.05)&#8221;][et_pb_column type=&#8221;1_6&#8243; _builder_version=&#8221;4.9.9&#8243; _module_preset=&#8221;default&#8221; background_enable_color=&#8221;off&#8221; custom_padding=&#8221;15px|20px|15px|20px|false|false&#8221; link_option_url=&#8221;https:\/\/stonoga.lublin.pl\/pl\/\/szkola-podstawowa-lublin\/o-nas\/&#8221; background__hover_enabled=&#8221;on|hover&#8221; background_color__hover=&#8221;#f9f9f9&#8243; background_enable_color__hover=&#8221;on&#8221;][et_pb_text _builder_version=&#8221;4.9.9&#8243; _module_preset=&#8221;default&#8221; text_font=&#8221;Source Sans Pro|900||on|||||&#8221; text_text_color=&#8221;#000000&#8243; text_font_size=&#8221;20px&#8221; text_line_height=&#8221;1.5em&#8221; width=&#8221;130px&#8221; module_alignment=&#8221;center&#8221;] O nas [\/et_pb_text][\/et_pb_column][et_pb_column type=&#8221;1_6&#8243; _builder_version=&#8221;4.9.9&#8243; _module_preset=&#8221;default&#8221; custom_padding=&#8221;15px|10px|15px|10px|false|false&#8221; link_option_url=&#8221;https:\/\/stonoga.lublin.pl\/pl\/\/szkola-podstawowa-lublin\/aktualnosci\/&#8221; background__hover_enabled=&#8221;on|hover&#8221; background_color__hover=&#8221;#f9f9f9&#8243; background_enable_color__hover=&#8221;on&#8221;][et_pb_text _builder_version=&#8221;4.9.9&#8243; _module_preset=&#8221;default&#8221; text_font=&#8221;Source Sans Pro|900||on|||||&#8221; text_text_color=&#8221;#000000&#8243; text_font_size=&#8221;20px&#8221; text_line_height=&#8221;1.5em&#8221; [&hellip;]\" \/>\n<meta property=\"og:url\" content=\"https:\/\/stonoga.lublin.pl\/pl\/szkola-podstawowa-lublin\/dla-rodzica\/\" \/>\n<meta property=\"og:site_name\" content=\"Grupa Edukacyjna Stonoga w Lublinie\" \/>\n<meta property=\"article:modified_time\" content=\"2026-04-09T10:13:10+00:00\" \/>\n<meta property=\"og:image\" content=\"https:\/\/stonoga.lublin.pl\/pl\/\/wp-content\/uploads\/2022\/02\/o-nas.png\" \/>\n<meta name=\"twitter:card\" content=\"summary_large_image\" \/>\n<meta name=\"twitter:label1\" content=\"Szacowany czas czytania\" \/>\n\t<meta name=\"twitter:data1\" content=\"6 minut\" \/>\n<script type=\"application\/ld+json\" class=\"yoast-schema-graph\">{\"@context\":\"https:\/\/schema.org\",\"@graph\":[{\"@type\":\"WebPage\",\"@id\":\"https:\/\/stonoga.lublin.pl\/pl\/szkola-podstawowa-lublin\/dla-rodzica\/\",\"url\":\"https:\/\/stonoga.lublin.pl\/pl\/szkola-podstawowa-lublin\/dla-rodzica\/\",\"name\":\"Dla rodzica szko\u0142a - Grupa Edukacyjna Stonoga w Lublinie\",\"isPartOf\":{\"@id\":\"https:\/\/stonoga.lublin.pl\/pl\/#website\"},\"primaryImageOfPage\":{\"@id\":\"https:\/\/stonoga.lublin.pl\/pl\/szkola-podstawowa-lublin\/dla-rodzica\/#primaryimage\"},\"image\":{\"@id\":\"https:\/\/stonoga.lublin.pl\/pl\/szkola-podstawowa-lublin\/dla-rodzica\/#primaryimage\"},\"thumbnailUrl\":\"https:\/\/stonoga.lublin.pl\/pl\/\/wp-content\/uploads\/2022\/02\/o-nas.png\",\"datePublished\":\"2022-02-15T13:58:42+00:00\",\"dateModified\":\"2026-04-09T10:13:10+00:00\",\"breadcrumb\":{\"@id\":\"https:\/\/stonoga.lublin.pl\/pl\/szkola-podstawowa-lublin\/dla-rodzica\/#breadcrumb\"},\"inLanguage\":\"pl-PL\",\"potentialAction\":[{\"@type\":\"ReadAction\",\"target\":[\"https:\/\/stonoga.lublin.pl\/pl\/szkola-podstawowa-lublin\/dla-rodzica\/\"]}]},{\"@type\":\"ImageObject\",\"inLanguage\":\"pl-PL\",\"@id\":\"https:\/\/stonoga.lublin.pl\/pl\/szkola-podstawowa-lublin\/dla-rodzica\/#primaryimage\",\"url\":\"https:\/\/stonoga.lublin.pl\/pl\/\/wp-content\/uploads\/2022\/02\/o-nas.png\",\"contentUrl\":\"https:\/\/stonoga.lublin.pl\/pl\/\/wp-content\/uploads\/2022\/02\/o-nas.png\"},{\"@type\":\"BreadcrumbList\",\"@id\":\"https:\/\/stonoga.lublin.pl\/pl\/szkola-podstawowa-lublin\/dla-rodzica\/#breadcrumb\",\"itemListElement\":[{\"@type\":\"ListItem\",\"position\":1,\"name\":\"Strona g\u0142\u00f3wna\",\"item\":\"https:\/\/stonoga.lublin.pl\/pl\/\"},{\"@type\":\"ListItem\",\"position\":2,\"name\":\"Szko\u0142a podstawowa Lublin\",\"item\":\"https:\/\/stonoga.lublin.pl\/pl\/szkola-podstawowa-lublin\/\"},{\"@type\":\"ListItem\",\"position\":3,\"name\":\"Dla rodzica szko\u0142a\"}]},{\"@type\":\"WebSite\",\"@id\":\"https:\/\/stonoga.lublin.pl\/pl\/#website\",\"url\":\"https:\/\/stonoga.lublin.pl\/pl\/\",\"name\":\"Grupa Edukacyjna Stonoga w Lublinie\",\"description\":\"\",\"potentialAction\":[{\"@type\":\"SearchAction\",\"target\":{\"@type\":\"EntryPoint\",\"urlTemplate\":\"https:\/\/stonoga.lublin.pl\/pl\/?s={search_term_string}\"},\"query-input\":{\"@type\":\"PropertyValueSpecification\",\"valueRequired\":true,\"valueName\":\"search_term_string\"}}],\"inLanguage\":\"pl-PL\"}]}<\/script>\n<!-- \/ Yoast SEO plugin. -->","yoast_head_json":{"title":"Dla rodzica szko\u0142a - Grupa Edukacyjna Stonoga w Lublinie","robots":{"index":"index","follow":"follow","max-snippet":"max-snippet:-1","max-image-preview":"max-image-preview:large","max-video-preview":"max-video-preview:-1"},"canonical":"https:\/\/stonoga.lublin.pl\/pl\/szkola-podstawowa-lublin\/dla-rodzica\/","og_locale":"pl_PL","og_type":"article","og_title":"Dla rodzica szko\u0142a - Grupa Edukacyjna Stonoga w Lublinie","og_description":"[et_pb_section fb_built=&#8221;1&#8243; _builder_version=&#8221;4.9.9&#8243; _module_preset=&#8221;default&#8221; background_color=&#8221;RGBA(0,0,0,0)&#8221; custom_padding=&#8221;0px||0px||false|false&#8221;][et_pb_row column_structure=&#8221;1_6,1_6,1_6,1_6,1_6,1_6&#8243; _builder_version=&#8221;4.9.9&#8243; _module_preset=&#8221;default&#8221; background_color=&#8221;#FFFFFF&#8221; custom_padding=&#8221;0px||0px||false|false&#8221; link_option_url=&#8221;https:\/\/stonoga.lublin.pl\/pl\/\/przedszkole-lublin\/kadra\/&#8221; border_color_top=&#8221;#b8f92a&#8221; border_color_bottom=&#8221;#b8f92a&#8221; box_shadow_style=&#8221;preset3&#8243; box_shadow_blur=&#8221;23px&#8221; box_shadow_color=&#8221;rgba(0,0,0,0.05)&#8221;][et_pb_column type=&#8221;1_6&#8243; _builder_version=&#8221;4.9.9&#8243; _module_preset=&#8221;default&#8221; background_enable_color=&#8221;off&#8221; custom_padding=&#8221;15px|20px|15px|20px|false|false&#8221; link_option_url=&#8221;https:\/\/stonoga.lublin.pl\/pl\/\/szkola-podstawowa-lublin\/o-nas\/&#8221; background__hover_enabled=&#8221;on|hover&#8221; background_color__hover=&#8221;#f9f9f9&#8243; background_enable_color__hover=&#8221;on&#8221;][et_pb_text _builder_version=&#8221;4.9.9&#8243; _module_preset=&#8221;default&#8221; text_font=&#8221;Source Sans Pro|900||on|||||&#8221; text_text_color=&#8221;#000000&#8243; text_font_size=&#8221;20px&#8221; text_line_height=&#8221;1.5em&#8221; width=&#8221;130px&#8221; module_alignment=&#8221;center&#8221;] O nas [\/et_pb_text][\/et_pb_column][et_pb_column type=&#8221;1_6&#8243; _builder_version=&#8221;4.9.9&#8243; _module_preset=&#8221;default&#8221; custom_padding=&#8221;15px|10px|15px|10px|false|false&#8221; link_option_url=&#8221;https:\/\/stonoga.lublin.pl\/pl\/\/szkola-podstawowa-lublin\/aktualnosci\/&#8221; background__hover_enabled=&#8221;on|hover&#8221; background_color__hover=&#8221;#f9f9f9&#8243; background_enable_color__hover=&#8221;on&#8221;][et_pb_text _builder_version=&#8221;4.9.9&#8243; _module_preset=&#8221;default&#8221; text_font=&#8221;Source Sans Pro|900||on|||||&#8221; text_text_color=&#8221;#000000&#8243; text_font_size=&#8221;20px&#8221; text_line_height=&#8221;1.5em&#8221; [&hellip;]","og_url":"https:\/\/stonoga.lublin.pl\/pl\/szkola-podstawowa-lublin\/dla-rodzica\/","og_site_name":"Grupa Edukacyjna Stonoga w Lublinie","article_modified_time":"2026-04-09T10:13:10+00:00","og_image":[{"url":"https:\/\/stonoga.lublin.pl\/pl\/\/wp-content\/uploads\/2022\/02\/o-nas.png","type":"","width":"","height":""}],"twitter_card":"summary_large_image","twitter_misc":{"Szacowany czas czytania":"6 minut"},"schema":{"@context":"https:\/\/schema.org","@graph":[{"@type":"WebPage","@id":"https:\/\/stonoga.lublin.pl\/pl\/szkola-podstawowa-lublin\/dla-rodzica\/","url":"https:\/\/stonoga.lublin.pl\/pl\/szkola-podstawowa-lublin\/dla-rodzica\/","name":"Dla rodzica szko\u0142a - Grupa Edukacyjna Stonoga w Lublinie","isPartOf":{"@id":"https:\/\/stonoga.lublin.pl\/pl\/#website"},"primaryImageOfPage":{"@id":"https:\/\/stonoga.lublin.pl\/pl\/szkola-podstawowa-lublin\/dla-rodzica\/#primaryimage"},"image":{"@id":"https:\/\/stonoga.lublin.pl\/pl\/szkola-podstawowa-lublin\/dla-rodzica\/#primaryimage"},"thumbnailUrl":"https:\/\/stonoga.lublin.pl\/pl\/\/wp-content\/uploads\/2022\/02\/o-nas.png","datePublished":"2022-02-15T13:58:42+00:00","dateModified":"2026-04-09T10:13:10+00:00","breadcrumb":{"@id":"https:\/\/stonoga.lublin.pl\/pl\/szkola-podstawowa-lublin\/dla-rodzica\/#breadcrumb"},"inLanguage":"pl-PL","potentialAction":[{"@type":"ReadAction","target":["https:\/\/stonoga.lublin.pl\/pl\/szkola-podstawowa-lublin\/dla-rodzica\/"]}]},{"@type":"ImageObject","inLanguage":"pl-PL","@id":"https:\/\/stonoga.lublin.pl\/pl\/szkola-podstawowa-lublin\/dla-rodzica\/#primaryimage","url":"https:\/\/stonoga.lublin.pl\/pl\/\/wp-content\/uploads\/2022\/02\/o-nas.png","contentUrl":"https:\/\/stonoga.lublin.pl\/pl\/\/wp-content\/uploads\/2022\/02\/o-nas.png"},{"@type":"BreadcrumbList","@id":"https:\/\/stonoga.lublin.pl\/pl\/szkola-podstawowa-lublin\/dla-rodzica\/#breadcrumb","itemListElement":[{"@type":"ListItem","position":1,"name":"Strona g\u0142\u00f3wna","item":"https:\/\/stonoga.lublin.pl\/pl\/"},{"@type":"ListItem","position":2,"name":"Szko\u0142a podstawowa Lublin","item":"https:\/\/stonoga.lublin.pl\/pl\/szkola-podstawowa-lublin\/"},{"@type":"ListItem","position":3,"name":"Dla rodzica szko\u0142a"}]},{"@type":"WebSite","@id":"https:\/\/stonoga.lublin.pl\/pl\/#website","url":"https:\/\/stonoga.lublin.pl\/pl\/","name":"Grupa Edukacyjna Stonoga w Lublinie","description":"","potentialAction":[{"@type":"SearchAction","target":{"@type":"EntryPoint","urlTemplate":"https:\/\/stonoga.lublin.pl\/pl\/?s={search_term_string}"},"query-input":{"@type":"PropertyValueSpecification","valueRequired":true,"valueName":"search_term_string"}}],"inLanguage":"pl-PL"}]}},"_links":{"self":[{"href":"https:\/\/stonoga.lublin.pl\/pl\/wp-json\/wp\/v2\/pages\/581","targetHints":{"allow":["GET"]}}],"collection":[{"href":"https:\/\/stonoga.lublin.pl\/pl\/wp-json\/wp\/v2\/pages"}],"about":[{"href":"https:\/\/stonoga.lublin.pl\/pl\/wp-json\/wp\/v2\/types\/page"}],"author":[{"embeddable":true,"href":"https:\/\/stonoga.lublin.pl\/pl\/wp-json\/wp\/v2\/users\/2"}],"replies":[{"embeddable":true,"href":"https:\/\/stonoga.lublin.pl\/pl\/wp-json\/wp\/v2\/comments?post=581"}],"version-history":[{"count":39,"href":"https:\/\/stonoga.lublin.pl\/pl\/wp-json\/wp\/v2\/pages\/581\/revisions"}],"predecessor-version":[{"id":2515,"href":"https:\/\/stonoga.lublin.pl\/pl\/wp-json\/wp\/v2\/pages\/581\/revisions\/2515"}],"up":[{"embeddable":true,"href":"https:\/\/stonoga.lublin.pl\/pl\/wp-json\/wp\/v2\/pages\/577"}],"wp:attachment":[{"href":"https:\/\/stonoga.lublin.pl\/pl\/wp-json\/wp\/v2\/media?parent=581"}],"curies":[{"name":"wp","href":"https:\/\/api.w.org\/{rel}","templated":true}]}}