{"id":589,"date":"2022-02-15T13:59:49","date_gmt":"2022-02-15T13:59:49","guid":{"rendered":"https:\/\/stonoga.lublin.pl\/pl\/\/?page_id=589"},"modified":"2022-05-11T17:31:44","modified_gmt":"2022-05-11T17:31:44","slug":"zajecia-dodatkowe","status":"publish","type":"page","link":"https:\/\/stonoga.lublin.pl\/pl\/szkola-podstawowa-lublin\/zajecia-dodatkowe\/","title":{"rendered":"Zaj\u0119cia dodatkowe"},"content":{"rendered":"<p>[et_pb_section fb_built=&#8221;1&#8243; _builder_version=&#8221;4.9.9&#8243; _module_preset=&#8221;default&#8221; background_color=&#8221;RGBA(0,0,0,0)&#8221; custom_padding=&#8221;0px||0px||false|false&#8221;][et_pb_row column_structure=&#8221;1_6,1_6,1_6,1_6,1_6,1_6&#8243; _builder_version=&#8221;4.9.9&#8243; _module_preset=&#8221;default&#8221; background_color=&#8221;#FFFFFF&#8221; custom_padding=&#8221;0px||0px||false|false&#8221; border_color_top=&#8221;#b8f92a&#8221; border_color_bottom=&#8221;#b8f92a&#8221; box_shadow_style=&#8221;preset3&#8243; box_shadow_blur=&#8221;23px&#8221; box_shadow_color=&#8221;rgba(0,0,0,0.05)&#8221;][et_pb_column type=&#8221;1_6&#8243; _builder_version=&#8221;4.9.9&#8243; _module_preset=&#8221;default&#8221; background_enable_color=&#8221;off&#8221; custom_padding=&#8221;15px|20px|15px|20px|false|false&#8221; link_option_url=&#8221;https:\/\/stonoga.lublin.pl\/pl\/\/szkola-podstawowa-lublin\/o-nas\/&#8221; background__hover_enabled=&#8221;on|hover&#8221; background_color__hover=&#8221;#f9f9f9&#8243; background_enable_color__hover=&#8221;on&#8221;][et_pb_text _builder_version=&#8221;4.9.9&#8243; _module_preset=&#8221;default&#8221; text_font=&#8221;Source Sans Pro|900||on|||||&#8221; text_text_color=&#8221;#000000&#8243; text_font_size=&#8221;20px&#8221; text_line_height=&#8221;1.5em&#8221; width=&#8221;130px&#8221; module_alignment=&#8221;center&#8221;]<\/p>\n<p><img decoding=\"async\" src=\"https:\/\/stonoga.lublin.pl\/pl\/\/wp-content\/uploads\/2022\/02\/o-nas.png\" style=\"height: 40px; float: left; margin-right: 10px;\" \/> O nas<\/p>\n<p>[\/et_pb_text][\/et_pb_column][et_pb_column type=&#8221;1_6&#8243; _builder_version=&#8221;4.9.9&#8243; _module_preset=&#8221;default&#8221; custom_padding=&#8221;15px|10px|15px|10px|false|false&#8221; link_option_url=&#8221;https:\/\/stonoga.lublin.pl\/pl\/\/szkola-podstawowa-lublin\/aktualnosci\/&#8221; background__hover_enabled=&#8221;on|hover&#8221; background_color__hover=&#8221;#f9f9f9&#8243; background_enable_color__hover=&#8221;on&#8221;][et_pb_text _builder_version=&#8221;4.9.9&#8243; _module_preset=&#8221;default&#8221; text_font=&#8221;Source Sans Pro|900||on|||||&#8221; text_text_color=&#8221;#000000&#8243; text_font_size=&#8221;20px&#8221; text_line_height=&#8221;1.5em&#8221; width=&#8221;200px&#8221; module_alignment=&#8221;center&#8221;]<\/p>\n<p><img decoding=\"async\" src=\"https:\/\/stonoga.lublin.pl\/pl\/\/wp-content\/uploads\/2022\/02\/aktualnosci-stonoga-lublin.png\" style=\"height: 40px; float: left; margin-right: 10px;\" \/> AKTUALNO\u015aCI<\/p>\n<p>[\/et_pb_text][\/et_pb_column][et_pb_column type=&#8221;1_6&#8243; _builder_version=&#8221;4.9.9&#8243; _module_preset=&#8221;default&#8221; background_color=&#8221;#ff8000&#8243; custom_padding=&#8221;15px|10px|15px|10px|false|false&#8221; link_option_url=&#8221;https:\/\/stonoga.lublin.pl\/pl\/\/szkola-podstawowa-lublin\/zajecia-dodatkowe\/&#8221; background__hover_enabled=&#8221;on|hover&#8221; background_color__hover=&#8221;#f9f9f9&#8243; background_enable_color__hover=&#8221;on&#8221;][et_pb_text _builder_version=&#8221;4.9.9&#8243; _module_preset=&#8221;default&#8221; text_font=&#8221;Source Sans Pro|900||on|||||&#8221; text_text_color=&#8221;#FFFFFF&#8221; text_font_size=&#8221;20px&#8221; text_line_height=&#8221;1em&#8221; width=&#8221;160px&#8221; module_alignment=&#8221;center&#8221;]<\/p>\n<p><img decoding=\"async\" src=\"https:\/\/stonoga.lublin.pl\/pl\/\/wp-content\/uploads\/2022\/02\/zajecia-dodatkowe-skala-lublin.png\" style=\"height: 40px; float: left; margin-right: 10px;\" \/> Zaj\u0119cia<br \/><span style=\"font-weight: 300;\">dodatkowe<\/span><\/p>\n<p>[\/et_pb_text][\/et_pb_column][et_pb_column type=&#8221;1_6&#8243; _builder_version=&#8221;4.9.9&#8243; _module_preset=&#8221;default&#8221; custom_padding=&#8221;15px|20px|15px|20px|false|false&#8221; link_option_url=&#8221;https:\/\/stonoga.lublin.pl\/pl\/\/szkola-podstawowa-lublin\/dla-rodzica\/&#8221; background__hover_enabled=&#8221;on|hover&#8221; background_color__hover=&#8221;#f9f9f9&#8243; background_enable_color__hover=&#8221;on&#8221;][et_pb_text _builder_version=&#8221;4.9.9&#8243; _module_preset=&#8221;default&#8221; text_font=&#8221;Source Sans Pro|900||on|||||&#8221; text_text_color=&#8221;#000000&#8243; text_font_size=&#8221;20px&#8221; text_line_height=&#8221;1.1em&#8221; width=&#8221;170px&#8221; module_alignment=&#8221;center&#8221;]<\/p>\n<p><img decoding=\"async\" src=\"https:\/\/stonoga.lublin.pl\/pl\/\/wp-content\/uploads\/2022\/02\/strefa-rodzica-stonoga.png\" style=\"height: 40px; float: left; margin-right: 10px;\" \/> Dla rodzica<\/p>\n<p>[\/et_pb_text][\/et_pb_column][et_pb_column type=&#8221;1_6&#8243; _builder_version=&#8221;4.9.9&#8243; _module_preset=&#8221;default&#8221; custom_padding=&#8221;15px|20px|15px|20px|false|false&#8221; link_option_url=&#8221;https:\/\/stonoga.lublin.pl\/pl\/\/szkola-podstawowa-lublin\/kadra\/&#8221; background__hover_enabled=&#8221;on|hover&#8221; background_color__hover=&#8221;#f9f9f9&#8243; background_enable_color__hover=&#8221;on&#8221;][et_pb_text _builder_version=&#8221;4.9.9&#8243; _module_preset=&#8221;default&#8221; text_font=&#8221;Source Sans Pro|900||on|||||&#8221; text_text_color=&#8221;#000000&#8243; text_font_size=&#8221;20px&#8221; text_line_height=&#8221;1.5em&#8221; width=&#8221;150px&#8221; module_alignment=&#8221;center&#8221;]<\/p>\n<p><img decoding=\"async\" src=\"https:\/\/stonoga.lublin.pl\/pl\/\/wp-content\/uploads\/2022\/02\/zespol-stonoga-lublin-poradnia-specjalistyczna.png\" style=\"height: 40px; float: left; margin-right: 10px;\" \/> Kadra<\/p>\n<p>[\/et_pb_text][\/et_pb_column][et_pb_column type=&#8221;1_6&#8243; _builder_version=&#8221;4.9.9&#8243; _module_preset=&#8221;default&#8221; custom_padding=&#8221;15px|20px|15px|20px|false|false&#8221; link_option_url=&#8221;https:\/\/stonoga.lublin.pl\/pl\/\/szkola-podstawowa-lublin\/kontakt\/&#8221; background__hover_enabled=&#8221;on|hover&#8221; background_color__hover=&#8221;#f9f9f9&#8243; background_enable_color__hover=&#8221;on&#8221;][et_pb_text _builder_version=&#8221;4.9.9&#8243; _module_preset=&#8221;default&#8221; text_font=&#8221;Source Sans Pro|900||on|||||&#8221; text_text_color=&#8221;#000000&#8243; text_font_size=&#8221;20px&#8221; text_line_height=&#8221;1.5em&#8221; width=&#8221;150px&#8221; module_alignment=&#8221;center&#8221;]<\/p>\n<p><img decoding=\"async\" src=\"https:\/\/stonoga.lublin.pl\/pl\/\/wp-content\/uploads\/2022\/02\/kontakt-stonoga-lublin.png\" style=\"height: 40px; float: left; margin-right: 10px;\" \/> Kontakt<\/p>\n<p>[\/et_pb_text][\/et_pb_column][\/et_pb_row][\/et_pb_section][et_pb_section fb_built=&#8221;1&#8243; _builder_version=&#8221;4.9.9&#8243; _module_preset=&#8221;default&#8221; custom_padding=&#8221;0px||0px||false|false&#8221;][et_pb_row column_structure=&#8221;1_2,1_2&#8243; _builder_version=&#8221;4.9.9&#8243; _module_preset=&#8221;default&#8221; background_color=&#8221;#f3f3f3&#8243; custom_padding=&#8221;0px||0px||false|false&#8221; hover_enabled=&#8221;0&#8243; sticky_enabled=&#8221;0&#8243; background_color__hover=&#8221;#f3f3f3&#8243;][et_pb_column type=&#8221;1_2&#8243; _builder_version=&#8221;4.9.9&#8243; _module_preset=&#8221;default&#8221;][et_pb_text _builder_version=&#8221;4.9.9&#8243; _module_preset=&#8221;default&#8221; text_font=&#8221;Source Sans Pro|300|||||||&#8221; text_text_color=&#8221;#000000&#8243; text_font_size=&#8221;20px&#8221; header_font=&#8221;Source Sans Pro|900|||||||&#8221; header_text_color=&#8221;#000000&#8243; header_font_size=&#8221;60px&#8221; custom_margin=&#8221;|||10%|false|false&#8221; custom_margin_tablet=&#8221;&#8221; custom_margin_phone=&#8221;|||4%|false|false&#8221; custom_margin_last_edited=&#8221;on|phone&#8221; custom_padding=&#8221;15%||5%||false|false&#8221;]<span style=\"letter-spacing: 4px;\">GRUPA EDUKACYJNA STONOGA<\/span><\/p>\n<h1>Zaj\u0119cia dodatkowe<br \/>\n<span style=\"color: #000; font-size: 28px; background: #fff; font-weight: 400; padding: 10px 20px;\">w Szkole Skala<\/span><\/h1>\n<p>[\/et_pb_text][\/et_pb_column][et_pb_column type=&#8221;1_2&#8243; _builder_version=&#8221;4.9.9&#8243; _module_preset=&#8221;default&#8221;][et_pb_text _builder_version=&#8221;4.9.9&#8243; _module_preset=&#8221;default&#8221;]<img loading=\"lazy\" decoding=\"async\" src=\"https:\/\/stonoga.lublin.pl\/pl\/\/wp-content\/uploads\/2022\/02\/zajecia-dodatkowe-szkola-stonoga-lublin.jpg\" width=\"1200\" height=\"600\" alt=\"\" class=\"wp-image-280 alignnone size-full\" style=\"display: block; margin-left: auto; margin-right: auto;\" \/>[\/et_pb_text][\/et_pb_column][\/et_pb_row][\/et_pb_section][et_pb_section fb_built=&#8221;1&#8243; specialty=&#8221;on&#8221; _builder_version=&#8221;4.9.9&#8243; _module_preset=&#8221;default&#8221; inner_width=&#8221;94%&#8221; inner_max_width=&#8221;100%&#8221; custom_padding=&#8221;0px||||false|false&#8221;][et_pb_column type=&#8221;3_4&#8243; specialty_columns=&#8221;3&#8243; _builder_version=&#8221;3.25&#8243; custom_padding=&#8221;|||&#8221; custom_padding__hover=&#8221;|||&#8221;][et_pb_row_inner _builder_version=&#8221;4.9.9&#8243; _module_preset=&#8221;default&#8221; max_width=&#8221;100%&#8221;][et_pb_column_inner saved_specialty_column_type=&#8221;3_4&#8243; _builder_version=&#8221;4.9.9&#8243; _module_preset=&#8221;default&#8221;][et_pb_text _builder_version=&#8221;4.9.9&#8243; _module_preset=&#8221;default&#8221; text_font=&#8221;Source Sans Pro||||||||&#8221; text_text_color=&#8221;#000000&#8243; text_font_size=&#8221;18px&#8221; text_line_height=&#8221;1.5em&#8221; header_2_font=&#8221;Source Sans Pro|900|||||||&#8221; header_2_text_color=&#8221;#000000&#8243; header_2_font_size=&#8221;44px&#8221;]<\/p>\n<h2 style=\"margin-bottom: 15px;\">Rodzaje zaj\u0119\u0107<\/h2>\n<p style=\"font-size: 28px;\">Stawiamy na holistyczny rozw\u00f3j dzieci, dlatego zapewniamy im pe\u0142en wachlarz zaj\u0119\u0107 dodatkowych. <\/p>\n<p>[\/et_pb_text][et_pb_text _builder_version=&#8221;4.9.9&#8243; _module_preset=&#8221;default&#8221; text_font=&#8221;Source Sans Pro||||||||&#8221; text_text_color=&#8221;#000000&#8243; text_font_size=&#8221;18px&#8221; text_line_height=&#8221;1.5em&#8221; header_3_font=&#8221;Source Sans Pro|700|||||||&#8221; header_3_text_color=&#8221;#000000&#8243; header_3_font_size=&#8221;26px&#8221; custom_margin=&#8221;||10px||false|false&#8221;]<\/p>\n<h3>Zaj\u0119cia dodatkowe<\/h3>\n<p>[\/et_pb_text][et_pb_toggle title=&#8221;Stowarzyszenie Superbohater\u00f3w i Superbohaterek&#8221; open_toggle_text_color=&#8221;#000000&#8243; icon_color=&#8221;#b50379&#8243; use_icon_font_size=&#8221;on&#8221; icon_font_size=&#8221;18px&#8221; _builder_version=&#8221;4.9.9&#8243; _module_preset=&#8221;default&#8221; title_text_color=&#8221;#000000&#8243; title_font=&#8221;Source Sans Pro|600|||||||&#8221; title_font_size=&#8221;20px&#8221; body_font=&#8221;||||||||&#8221; body_text_color=&#8221;#000000&#8243; body_font_size=&#8221;16px&#8221; body_line_height=&#8221;1.5em&#8221; background_color=&#8221;#FFFFFF&#8221; custom_margin=&#8221;||10px||false|false&#8221; box_shadow_style=&#8221;preset1&#8243; box_shadow_vertical=&#8221;0px&#8221; box_shadow_blur=&#8221;12px&#8221; box_shadow_color=&#8221;rgba(0,0,0,0)&#8221; box_shadow_color__hover_enabled=&#8221;on|hover&#8221; box_shadow_color__hover=&#8221;rgba(0,0,0,0.1)&#8221;]Zaj\u0119cia \u015bwietlicowe dla klas 4-8 podczas, kt\u00f3rych inicjatywa oddawana jest dzieciom i m\u0142odzie\u017cy. Pracujemy metod\u0105 burzy m\u00f3zg\u00f3w dyskutuj\u0105c na tematy codzienne oraz istotne globalnie takie jak ekologia czy tolerancja. Dzielimy si\u0119 swoimi pasjami oraz poznajemy nowe techniki tw\u00f3rcze takie jak: animacja poklatkowa, tworzenie komiks\u00f3w i gier planszowych. [\/et_pb_toggle][et_pb_toggle title=&#8221;Programowanie&#8221; open_toggle_text_color=&#8221;#000000&#8243; icon_color=&#8221;#b50379&#8243; use_icon_font_size=&#8221;on&#8221; icon_font_size=&#8221;18px&#8221; _builder_version=&#8221;4.9.9&#8243; _module_preset=&#8221;default&#8221; title_text_color=&#8221;#000000&#8243; title_font=&#8221;Source Sans Pro|600|||||||&#8221; title_font_size=&#8221;20px&#8221; body_font=&#8221;||||||||&#8221; body_text_color=&#8221;#000000&#8243; body_font_size=&#8221;16px&#8221; body_line_height=&#8221;1.5em&#8221; background_color=&#8221;#FFFFFF&#8221; custom_margin=&#8221;||10px||false|false&#8221; box_shadow_style=&#8221;preset1&#8243; box_shadow_vertical=&#8221;0px&#8221; box_shadow_blur=&#8221;12px&#8221; box_shadow_color=&#8221;rgba(0,0,0,0)&#8221; box_shadow_color__hover_enabled=&#8221;on|hover&#8221; box_shadow_color__hover=&#8221;rgba(0,0,0,0.1)&#8221;]<\/p>\n<p>Programowanie robot\u00f3w Ozobot oraz Qobo- \u0142\u0105czymy dobr\u0105 zabaw\u0119 z nauk\u0105 logicznego my\u015blenia. Programowanie to ceniona dzi\u015b umiej\u0119tno\u015b\u0107, kt\u00f3ra w przysz\u0142o\u015bci b\u0119dzie niezb\u0119dna praktycznie w ka\u017cdym zawodzie.<\/p>\n<p><strong>Programuj\u0105c roboty uczymy:<\/strong><br \/><i class=\"fa-regular fa-circle-dot\" style=\"font-size: 14px; color: #b50379; margin-right: 4px;\"><\/i> Logicznego my\u015blenia.<br \/><i class=\"fa-regular fa-circle-dot\" style=\"font-size: 14px; color: #b50379; margin-right: 4px;\"><\/i> My\u015blenia przyczynowo- skutkowego.<br \/><i class=\"fa-regular fa-circle-dot\" style=\"font-size: 14px; color: #b50379; margin-right: 4px;\"><\/i> Cierpliwo\u015bci, wytrwa\u0142o\u015bci i konsekwencji w dzia\u0142aniu.<br \/><i class=\"fa-regular fa-circle-dot\" style=\"font-size: 14px; color: #b50379; margin-right: 4px;\"><\/i> Kreatywnego podej\u015bcia do rozwi\u0105zywania problem\u00f3w.<\/p>\n<p>[\/et_pb_toggle][et_pb_toggle title=&#8221;Robotyka&#8221; open_toggle_text_color=&#8221;#000000&#8243; icon_color=&#8221;#b50379&#8243; use_icon_font_size=&#8221;on&#8221; icon_font_size=&#8221;18px&#8221; _builder_version=&#8221;4.9.9&#8243; _module_preset=&#8221;default&#8221; title_text_color=&#8221;#000000&#8243; title_font=&#8221;Source Sans Pro|600|||||||&#8221; title_font_size=&#8221;20px&#8221; body_font=&#8221;||||||||&#8221; body_text_color=&#8221;#000000&#8243; body_font_size=&#8221;16px&#8221; body_line_height=&#8221;1.5em&#8221; background_color=&#8221;#FFFFFF&#8221; custom_margin=&#8221;||10px||false|false&#8221; box_shadow_style=&#8221;preset1&#8243; box_shadow_vertical=&#8221;0px&#8221; box_shadow_blur=&#8221;12px&#8221; box_shadow_color=&#8221;rgba(0,0,0,0)&#8221; box_shadow_color__hover_enabled=&#8221;on|hover&#8221; box_shadow_color__hover=&#8221;rgba(0,0,0,0.1)&#8221;]Na zaj\u0119ciach dzieci buduj\u0105 modele w oparciu o instrukcje, a nast\u0119pnie programuj\u0105 je za pomoc\u0105 tablet\u00f3w.<\/p>\n<p>Warsztaty prowadzone s\u0105 z wykorzystaniem element\u00f3w STEM, integruj\u0105cych nauki przyrodnicze, nowe technologie, in\u017cynieri\u0119 i matematyk\u0119.[\/et_pb_toggle][et_pb_toggle title=&#8221;Efektywna nauka&#8221; open_toggle_text_color=&#8221;#000000&#8243; icon_color=&#8221;#b50379&#8243; use_icon_font_size=&#8221;on&#8221; icon_font_size=&#8221;18px&#8221; _builder_version=&#8221;4.9.9&#8243; _module_preset=&#8221;default&#8221; title_text_color=&#8221;#000000&#8243; title_font=&#8221;Source Sans Pro|600|||||||&#8221; title_font_size=&#8221;20px&#8221; body_font=&#8221;||||||||&#8221; body_text_color=&#8221;#000000&#8243; body_font_size=&#8221;16px&#8221; body_line_height=&#8221;1.5em&#8221; background_color=&#8221;#FFFFFF&#8221; custom_margin=&#8221;||10px||false|false&#8221; box_shadow_style=&#8221;preset1&#8243; box_shadow_vertical=&#8221;0px&#8221; box_shadow_blur=&#8221;12px&#8221; box_shadow_color=&#8221;rgba(0,0,0,0)&#8221; box_shadow_color__hover_enabled=&#8221;on|hover&#8221; box_shadow_color__hover=&#8221;rgba(0,0,0,0.1)&#8221;]Zaj\u0119cia z efektywnej nauki maj\u0105 na celu kszta\u0142towanie wyobra\u017ani uczni\u00f3w oraz nabycie podstawowych zdolno\u015bci organizowania w\u0142asnego warsztatu pracy. Chcemy uczy\u0107 samodzielnego my\u015blenia, a tak\u017ce wyrobi\u0107 w uczniu nawyk cierpliwo\u015bci, koncentracji, dociekliwo\u015bci. Istotnym elementem ka\u017cdego spotkania s\u0105 \u0107wiczenia kreatywno\u015bci, pomys\u0142owo\u015bci, logicznego my\u015blenia poprzez gry i zabawy.[\/et_pb_toggle][et_pb_toggle title=&#8221;Zaj\u0119cia muzyczne&#8221; open_toggle_text_color=&#8221;#000000&#8243; icon_color=&#8221;#b50379&#8243; use_icon_font_size=&#8221;on&#8221; icon_font_size=&#8221;18px&#8221; _builder_version=&#8221;4.9.9&#8243; _module_preset=&#8221;default&#8221; title_text_color=&#8221;#000000&#8243; title_font=&#8221;Source Sans Pro|600|||||||&#8221; title_font_size=&#8221;20px&#8221; body_font=&#8221;||||||||&#8221; body_text_color=&#8221;#000000&#8243; body_font_size=&#8221;16px&#8221; body_line_height=&#8221;1.5em&#8221; background_color=&#8221;#FFFFFF&#8221; custom_margin=&#8221;||10px||false|false&#8221; box_shadow_style=&#8221;preset1&#8243; box_shadow_vertical=&#8221;0px&#8221; box_shadow_blur=&#8221;12px&#8221; box_shadow_color=&#8221;rgba(0,0,0,0)&#8221; box_shadow_color__hover_enabled=&#8221;on|hover&#8221; box_shadow_color__hover=&#8221;rgba(0,0,0,0.1)&#8221;]Dodaktkowe zaj\u0119cia muzyczne &#8222;Muzyka \u015bpiewaj\u0105co&#8221; odbywaj\u0105 si\u0119 raz w tygodniu.<br \/>\nG\u0142\u00f3wnym celem zaj\u0119\u0107 jest zainteresowanie uczni\u00f3w r\u00f3\u017cnymi formami kontaktu z muzyk\u0105, zw\u0142aszcza \u015bpiewem i gr\u0105 na instrumentach muzycznych, rozwijanie umiej\u0119tno\u015bci i zainteresowa\u0144 muzycznych oraz kreatywno\u015bci i wra\u017cliwo\u015bci muzycznej.<\/p>\n<p>Podczas cotygodniowych spotka\u0144 uczniowie realizowa\u0107 b\u0119d\u0105 zaproponowan\u0105 tematyk\u0119 w formie: opowie\u015bci ruchowej,  improwizacji rytmicznej, gier i zabaw ruchowych, zabaw inscenizowanych, zabaw z rekwizytami, \u0107wicze\u0144 rytmiczno &#8211; ruchowych, pantomimy, inscenizacji ruchowej, \u0107wicze\u0144 relaksacyjnych i odpr\u0119\u017caj\u0105cych.[\/et_pb_toggle][et_pb_toggle title=&#8221;Angielski &#8221; open_toggle_text_color=&#8221;#000000&#8243; icon_color=&#8221;#b50379&#8243; use_icon_font_size=&#8221;on&#8221; icon_font_size=&#8221;18px&#8221; _builder_version=&#8221;4.9.9&#8243; _module_preset=&#8221;default&#8221; title_text_color=&#8221;#000000&#8243; title_font=&#8221;Source Sans Pro|600|||||||&#8221; title_font_size=&#8221;20px&#8221; body_font=&#8221;||||||||&#8221; body_text_color=&#8221;#000000&#8243; body_font_size=&#8221;16px&#8221; body_line_height=&#8221;1.5em&#8221; background_color=&#8221;#FFFFFF&#8221; custom_margin=&#8221;||10px||false|false&#8221; box_shadow_style=&#8221;preset1&#8243; box_shadow_vertical=&#8221;0px&#8221; box_shadow_blur=&#8221;12px&#8221; box_shadow_color=&#8221;rgba(0,0,0,0)&#8221; box_shadow_color__hover_enabled=&#8221;on|hover&#8221; box_shadow_color__hover=&#8221;rgba(0,0,0,0.1)&#8221;]Na dodatkowych  zaj\u0119ciach z j\u0119zyka angielskiego (-extra english ) uczniowie ucz\u0105 si\u0119 jezyka  poprzez gry i  zabawy edukacyjne, poszerzaj\u0105 swoj\u0105 wiedz\u0119 i s\u0142ownictwo oraz wzmacniaj\u0105 \u015bwiadomo\u015b\u0107 j\u0119zykowa.[\/et_pb_toggle][et_pb_toggle title=&#8221;Zaj\u0119cia rozwijaj\u0105ce zainteresowanie&#8221; open_toggle_text_color=&#8221;#000000&#8243; icon_color=&#8221;#b50379&#8243; use_icon_font_size=&#8221;on&#8221; icon_font_size=&#8221;18px&#8221; _builder_version=&#8221;4.9.9&#8243; _module_preset=&#8221;default&#8221; title_text_color=&#8221;#000000&#8243; title_font=&#8221;Source Sans Pro|600|||||||&#8221; title_font_size=&#8221;20px&#8221; body_font=&#8221;||||||||&#8221; body_text_color=&#8221;#000000&#8243; body_font_size=&#8221;16px&#8221; body_line_height=&#8221;1.5em&#8221; background_color=&#8221;#FFFFFF&#8221; custom_margin=&#8221;||10px||false|false&#8221; box_shadow_style=&#8221;preset1&#8243; box_shadow_vertical=&#8221;0px&#8221; box_shadow_blur=&#8221;12px&#8221; box_shadow_color=&#8221;rgba(0,0,0,0)&#8221; box_shadow_color__hover_enabled=&#8221;on|hover&#8221; box_shadow_color__hover=&#8221;rgba(0,0,0,0.1)&#8221;]G\u0142\u00f3wnym celem zaj\u0119\u0107 rozwijaj\u0105cych zainteresowania, jest pobudzanie kreatywno\u015bci uczni\u00f3w, motywowanie do dzia\u0142ania oraz nabywanie praktycznych umiej\u0119tno\u015bci, kt\u00f3re b\u0119d\u0105 przydatne w przysz\u0142o\u015bci. Podczas zaj\u0119\u0107, uczniowie poznaj\u0105 w\u0142asne mo\u017cliwo\u015bci i zdolno\u015bci, ucz\u0105 si\u0119 otwarto\u015bci na nowe pomys\u0142y i kierunki dzia\u0142ania, podejmuj\u0105 samodzielne decyzje, a tak\u017ce kszta\u0142tuj\u0105 postaw\u0119 badacza ciekawego \u015bwiata, zamieniaj\u0105c si\u0119 w kucharza, cukiernika,artyst\u0119, przyrodnika, naukowca, itp. Zaj\u0119cia prowadzone s\u0105 w grupie, dzi\u0119ki czemu ka\u017cdy z uczestnik\u00f3w rozwija umiej\u0119tno\u015b\u0107 wsp\u00f3\u0142dzia\u0142ania w zespole.[\/et_pb_toggle][et_pb_toggle title=&#8221;Zaj\u0119cia sportowe&#8221; open_toggle_text_color=&#8221;#000000&#8243; icon_color=&#8221;#b50379&#8243; use_icon_font_size=&#8221;on&#8221; icon_font_size=&#8221;18px&#8221; _builder_version=&#8221;4.9.9&#8243; _module_preset=&#8221;default&#8221; title_text_color=&#8221;#000000&#8243; title_font=&#8221;Source Sans Pro|600|||||||&#8221; title_font_size=&#8221;20px&#8221; body_font=&#8221;||||||||&#8221; body_text_color=&#8221;#000000&#8243; body_font_size=&#8221;16px&#8221; body_line_height=&#8221;1.5em&#8221; background_color=&#8221;#FFFFFF&#8221; custom_margin=&#8221;||10px||false|false&#8221; box_shadow_style=&#8221;preset1&#8243; box_shadow_vertical=&#8221;0px&#8221; box_shadow_blur=&#8221;12px&#8221; box_shadow_color=&#8221;rgba(0,0,0,0)&#8221; box_shadow_color__hover_enabled=&#8221;on|hover&#8221; box_shadow_color__hover=&#8221;rgba(0,0,0,0.1)&#8221;]Pozalekcyjne zaj\u0119cia sportowe daj\u0105 uczniom mo\u017cliwo\u015b\u0107 sp\u0119dzania czasu wolnego aktywnie i z po\u017cytkiem dla ich zdrowia. Pozwalaj\u0105 odpocz\u0105\u0107, zregenerowa\u0107 si\u0142y fizyczne i psychiczne po ca\u0142odziennym pobycie w szkole, rozwija\u0107 i pog\u0142\u0119bia\u0107 zainteresowania sportowe.[\/et_pb_toggle][et_pb_text _builder_version=&#8221;4.9.9&#8243; _module_preset=&#8221;default&#8221; text_font=&#8221;Source Sans Pro||||||||&#8221; text_text_color=&#8221;#000000&#8243; text_font_size=&#8221;18px&#8221; text_line_height=&#8221;1.5em&#8221; header_3_font=&#8221;Source Sans Pro|700|||||||&#8221; header_3_text_color=&#8221;#000000&#8243; header_3_font_size=&#8221;26px&#8221; custom_margin=&#8221;30px||10px||false|false&#8221;]<\/p>\n<h3>Zaj\u0119cia specjalistyczne<\/h3>\n<p>[\/et_pb_text][et_pb_toggle title=&#8221;Terapia logopedyczna&#8221; open_toggle_text_color=&#8221;#000000&#8243; icon_color=&#8221;#b50379&#8243; use_icon_font_size=&#8221;on&#8221; icon_font_size=&#8221;18px&#8221; _builder_version=&#8221;4.9.9&#8243; _module_preset=&#8221;default&#8221; title_text_color=&#8221;#000000&#8243; title_font=&#8221;Source Sans Pro|600|||||||&#8221; title_font_size=&#8221;20px&#8221; body_font=&#8221;||||||||&#8221; body_text_color=&#8221;#000000&#8243; body_font_size=&#8221;16px&#8221; body_line_height=&#8221;1.5em&#8221; background_color=&#8221;#FFFFFF&#8221; custom_margin=&#8221;||10px||false|false&#8221; box_shadow_style=&#8221;preset1&#8243; box_shadow_vertical=&#8221;0px&#8221; box_shadow_blur=&#8221;12px&#8221; box_shadow_color=&#8221;rgba(0,0,0,0)&#8221; box_shadow_color__hover_enabled=&#8221;on|hover&#8221; box_shadow_color__hover=&#8221;rgba(0,0,0,0.1)&#8221;]Terapia logopedyczna to specyficzne oddzia\u0142ywania ukierunkowane na usuni\u0119cie wszelkich zak\u0142\u00f3ce\u0144 proces\u00f3w komunikacyjnych. Dostosowana jest do indywidualnych potrzeb dziecka i polega na budowaniu podstawowych kompetencji j\u0119zykowych. Podczas terapii logopedycznej wykonujemy \u0107wiczenia oddechowe, fonacyjne, narz\u0105d\u00f3w artykulacyjnych, s\u0142uchowe, og\u00f3lnej sprawno\u015bci motorycznej oraz \u0107wiczenia poszczeg\u00f3lnych funkcji psychicznych (uwaga, pami\u0119\u0107) czy \u0107wiczenia percepcji wzrokowej.[\/et_pb_toggle][et_pb_toggle title=&#8221;Zaj\u0119cia integracji sensorycznej &#8221; open_toggle_text_color=&#8221;#000000&#8243; icon_color=&#8221;#b50379&#8243; use_icon_font_size=&#8221;on&#8221; icon_font_size=&#8221;18px&#8221; _builder_version=&#8221;4.9.9&#8243; _module_preset=&#8221;default&#8221; title_text_color=&#8221;#000000&#8243; title_font=&#8221;Source Sans Pro|600|||||||&#8221; title_font_size=&#8221;20px&#8221; body_font=&#8221;||||||||&#8221; body_text_color=&#8221;#000000&#8243; body_font_size=&#8221;16px&#8221; body_line_height=&#8221;1.5em&#8221; background_color=&#8221;#FFFFFF&#8221; custom_margin=&#8221;||10px||false|false&#8221; box_shadow_style=&#8221;preset1&#8243; box_shadow_vertical=&#8221;0px&#8221; box_shadow_blur=&#8221;12px&#8221; box_shadow_color=&#8221;rgba(0,0,0,0)&#8221; box_shadow_color__hover_enabled=&#8221;on|hover&#8221; box_shadow_color__hover=&#8221;rgba(0,0,0,0.1)&#8221;]Integracja sensoryczna to przede wszystkim \u0107wiczenie i zabawa ukierunkowana na uczenie dziecka odpowiedniego reagowania na bod\u017ace zewn\u0119trzne oraz wra\u017cenia zmys\u0142owe.[\/et_pb_toggle][et_pb_toggle title=&#8221;Trening Umiej\u0119tno\u015bci Spo\u0142ecznych &#8221; open_toggle_text_color=&#8221;#000000&#8243; icon_color=&#8221;#b50379&#8243; use_icon_font_size=&#8221;on&#8221; icon_font_size=&#8221;18px&#8221; _builder_version=&#8221;4.9.9&#8243; _module_preset=&#8221;default&#8221; title_text_color=&#8221;#000000&#8243; title_font=&#8221;Source Sans Pro|600|||||||&#8221; title_font_size=&#8221;20px&#8221; body_font=&#8221;||||||||&#8221; body_text_color=&#8221;#000000&#8243; body_font_size=&#8221;16px&#8221; body_line_height=&#8221;1.5em&#8221; background_color=&#8221;#FFFFFF&#8221; custom_margin=&#8221;||10px||false|false&#8221; box_shadow_style=&#8221;preset1&#8243; box_shadow_vertical=&#8221;0px&#8221; box_shadow_blur=&#8221;12px&#8221; box_shadow_color=&#8221;rgba(0,0,0,0)&#8221; box_shadow_color__hover_enabled=&#8221;on|hover&#8221; box_shadow_color__hover=&#8221;rgba(0,0,0,0.1)&#8221;]Trening Umiej\u0119tno\u015bci Spo\u0142ecznych to zaj\u0119cia dla dzieci i m\u0142odzie\u017cy rozwijaj\u0105ce i kszta\u0142tuj\u0105ce  umiej\u0119tno\u015bci potrzebne do w\u0142a\u015bciwego funkcjonowania  .  Zaj\u0119cia odbywaj\u0105 si\u0119 w ma\u0142ych, kilkuosobowych grupach , co pozwala na kszta\u0142towanie poczucia bezpiecze\u0144stwa ucznia. Uczestnicy ucz\u0105 si\u0119 mi\u0119dzy innymi nazywa\u0107 i rozpoznawa\u0107 w\u0142asne emocje, radzi\u0107 sobie z ich kontrol\u0105, rozpoznawa\u0107 emocje innych, nawi\u0105zywa\u0107 i podtrzymywa\u0107 relacje, rozwija\u0107 w\u0142asn\u0105 samoocen\u0119 i osobowo\u015b\u0107.[\/et_pb_toggle][et_pb_toggle title=&#8221;Zaj\u0119cia korekcyjno-kompensacyjne &#8221; open_toggle_text_color=&#8221;#000000&#8243; icon_color=&#8221;#b50379&#8243; use_icon_font_size=&#8221;on&#8221; icon_font_size=&#8221;18px&#8221; _builder_version=&#8221;4.9.9&#8243; _module_preset=&#8221;default&#8221; title_text_color=&#8221;#000000&#8243; title_font=&#8221;Source Sans Pro|600|||||||&#8221; title_font_size=&#8221;20px&#8221; body_font=&#8221;||||||||&#8221; body_text_color=&#8221;#000000&#8243; body_font_size=&#8221;16px&#8221; body_line_height=&#8221;1.5em&#8221; background_color=&#8221;#FFFFFF&#8221; custom_margin=&#8221;||10px||false|false&#8221; box_shadow_style=&#8221;preset1&#8243; box_shadow_vertical=&#8221;0px&#8221; box_shadow_blur=&#8221;12px&#8221; box_shadow_color=&#8221;rgba(0,0,0,0)&#8221; box_shadow_color__hover_enabled=&#8221;on|hover&#8221; box_shadow_color__hover=&#8221;rgba(0,0,0,0.1)&#8221;]Zaj\u0119cia korekcyjno-kompensacyjne s\u0105 jedn\u0105 z form zaj\u0119\u0107 specjalistycznych w ramach pomocy psychologiczno-pedagogicznej. Skierowane s\u0105 do uczni\u00f3w posiadaj\u0105cych opini\u0119 o obj\u0119ciu pomoc\u0105 psychologiczno-pedagogiczn\u0105 z uwagi na specyficzne trudno\u015bci w uczeniu si\u0119. Zaj\u0119cia prowadzone s\u0105 w wymiarze 45 minut tygodniowo przez pedagoga specjalnego, terapeut\u0119 pedagogicznego. Zaj\u0119cia maj\u0105 charakter grupowy, grupa liczy do 5 os\u00f3b.<\/p>\n<p><strong>G\u0142\u00f3wnym celem zaj\u0119\u0107 jest:<\/strong><br \/>\n<i class=\"fa-regular fa-circle-dot\" style=\"font-size: 14px; color: #b50379; margin-right: 4px;\"><\/i>  wyr\u00f3wnywanie brak\u00f3w, kt\u00f3re s\u0105 przyczyn\u0105 trudno\u015bci szkolnych, przezwyci\u0119\u017caniu skutk\u00f3w niepowodze\u0144 szkolnych,<br \/>\n<i class=\"fa-regular fa-circle-dot\" style=\"font-size: 14px; color: #b50379; margin-right: 4px;\"><\/i>  budowanie u ucznia adekwatnej samooceny,<br \/>\n<i class=\"fa-regular fa-circle-dot\" style=\"font-size: 14px; color: #b50379; margin-right: 4px;\"><\/i>  stworzenie uczennicy mo\u017cliwo\u015bci wszechstronnego rozwoju umys\u0142owego, emocjonalnego i spo\u0142ecznego.[\/et_pb_toggle][et_pb_toggle title=&#8221;Terapia pedagogiczna&#8221; open_toggle_text_color=&#8221;#000000&#8243; icon_color=&#8221;#b50379&#8243; use_icon_font_size=&#8221;on&#8221; icon_font_size=&#8221;18px&#8221; _builder_version=&#8221;4.9.9&#8243; _module_preset=&#8221;default&#8221; title_text_color=&#8221;#000000&#8243; title_font=&#8221;Source Sans Pro|600|||||||&#8221; title_font_size=&#8221;20px&#8221; body_font=&#8221;||||||||&#8221; body_text_color=&#8221;#000000&#8243; body_font_size=&#8221;16px&#8221; body_line_height=&#8221;1.5em&#8221; background_color=&#8221;#FFFFFF&#8221; custom_margin=&#8221;||10px||false|false&#8221; box_shadow_style=&#8221;preset1&#8243; box_shadow_vertical=&#8221;0px&#8221; box_shadow_blur=&#8221;12px&#8221; box_shadow_color=&#8221;rgba(0,0,0,0)&#8221; box_shadow_color__hover_enabled=&#8221;on|hover&#8221; box_shadow_color__hover=&#8221;rgba(0,0,0,0.1)&#8221;]To szereg specjalistycznych oddzia\u0142ywa\u0144 na dziecko, kt\u00f3re  maj\u0105 na celu stymulowanie i usprawnianie rozwoju funkcji psychomotorycznych dziecka, wyr\u00f3wnywanie brak\u00f3w w wiedzy i umiej\u0119tno\u015bciach, a tak\u017ce u\u0142atwianie funkcjonowania w szkole. Ka\u017cde dziecko ma inne potrzeby i wymaga indywidualnego podej\u015bcia, dlatego program terapii pedagogicznej jest dostosowany do konkretnego przypadku i potrzeb ucznia.[\/et_pb_toggle][et_pb_toggle title=&#8221;Terapia psychologiczna&#8221; open_toggle_text_color=&#8221;#000000&#8243; icon_color=&#8221;#b50379&#8243; use_icon_font_size=&#8221;on&#8221; icon_font_size=&#8221;18px&#8221; _builder_version=&#8221;4.9.9&#8243; _module_preset=&#8221;default&#8221; title_text_color=&#8221;#000000&#8243; title_font=&#8221;Source Sans Pro|600|||||||&#8221; title_font_size=&#8221;20px&#8221; body_font=&#8221;||||||||&#8221; body_text_color=&#8221;#000000&#8243; body_font_size=&#8221;16px&#8221; body_line_height=&#8221;1.5em&#8221; background_color=&#8221;#FFFFFF&#8221; custom_margin=&#8221;||10px||false|false&#8221; box_shadow_style=&#8221;preset1&#8243; box_shadow_vertical=&#8221;0px&#8221; box_shadow_blur=&#8221;12px&#8221; box_shadow_color=&#8221;rgba(0,0,0,0)&#8221; box_shadow_color__hover_enabled=&#8221;on|hover&#8221; box_shadow_color__hover=&#8221;rgba(0,0,0,0.1)&#8221;]<\/p>\n<p>Terapia psychologiczna to zaj\u0119cia specjalistyczne podczas kt\u00f3rych wspieramy ka\u017cd\u0105 ze sfer rozwoju dziecka, szczeg\u00f3lnie dbaj\u0105c o jego rozw\u00f3j emocjonalny, spo\u0142eczny i psychiczny. Zaj\u0119cia maj\u0105 na celu podniesienie samooceny ucznia oraz poczucia w\u0142asnej warto\u015bci, kszta\u0142towanie umiej\u0119tno\u015bci wyra\u017cania w\u0142asnych my\u015bli, pogl\u0105d\u00f3w czy uczu\u0107.<br \/>Podczas zaj\u0119\u0107 rozwijamy umiej\u0119tno\u015bci komunikacyjne i spo\u0142eczne (radzenie sobie z trudnymi sytuacjami, pora\u017ckami, nadawanie komunikat\u00f3w niewerbalnych i werbalnych, umiej\u0119tno\u015bci negocjacyjnych, wsp\u00f3\u0142praca w zespole, kreatywno\u015b\u0107, my\u015blenie analityczne, organizacja czasu, podejmowanie decyzji). Budujemy pozytywny obraz siebie.<br \/>Podczas terapii psychologicznej dzieci rozwijaj\u0105 my\u015blenie logiczne, operacyjne, przyczynowo skutkowe oraz kszta\u0142tuj\u0105 teori\u0119 umys\u0142u w zakresie rozpoznawania i rozumienia intencji innych.<\/p>\n<p>[\/et_pb_toggle][et_pb_toggle title=&#8221;Terapia r\u0119ki &#8221; open_toggle_text_color=&#8221;#000000&#8243; icon_color=&#8221;#b50379&#8243; use_icon_font_size=&#8221;on&#8221; icon_font_size=&#8221;18px&#8221; _builder_version=&#8221;4.9.9&#8243; _module_preset=&#8221;default&#8221; title_text_color=&#8221;#000000&#8243; title_font=&#8221;Source Sans Pro|600|||||||&#8221; title_font_size=&#8221;20px&#8221; body_font=&#8221;||||||||&#8221; body_text_color=&#8221;#000000&#8243; body_font_size=&#8221;16px&#8221; body_line_height=&#8221;1.5em&#8221; background_color=&#8221;#FFFFFF&#8221; custom_margin=&#8221;||10px||false|false&#8221; box_shadow_style=&#8221;preset1&#8243; box_shadow_vertical=&#8221;0px&#8221; box_shadow_blur=&#8221;12px&#8221; box_shadow_color=&#8221;rgba(0,0,0,0)&#8221; box_shadow_color__hover_enabled=&#8221;on|hover&#8221; box_shadow_color__hover=&#8221;rgba(0,0,0,0.1)&#8221;]R\u0119ka to bardzo skomplikowana cz\u0119\u015b\u0107 cia\u0142a, kt\u00f3ra jest r\u00f3wnie\u017c odpowiedzialna za pisanie i kontrol\u0119 grafomotoryczn\u0105, precyzyjne ruchy i ma\u0142\u0105 motoryk\u0119. Zaj\u0119cia maj\u0105 na celu popraw\u0119 koordynacji wzrokowo-ruchowej, stabilizacj\u0119 mi\u0119\u015bni r\u0119ki i obr\u0119czy barkowej, a tak\u017ce zwi\u0119kszenie zdolno\u015bci manipulacyjnych d\u0142oni.[\/et_pb_toggle][et_pb_toggle title=&#8221;Zaj\u0119cia rewalidacyjne &#8221; open_toggle_text_color=&#8221;#000000&#8243; icon_color=&#8221;#b50379&#8243; use_icon_font_size=&#8221;on&#8221; icon_font_size=&#8221;18px&#8221; _builder_version=&#8221;4.9.9&#8243; _module_preset=&#8221;default&#8221; title_text_color=&#8221;#000000&#8243; title_font=&#8221;Source Sans Pro|600|||||||&#8221; title_font_size=&#8221;20px&#8221; body_font=&#8221;||||||||&#8221; body_text_color=&#8221;#000000&#8243; body_font_size=&#8221;16px&#8221; body_line_height=&#8221;1.5em&#8221; background_color=&#8221;#FFFFFF&#8221; custom_margin=&#8221;||10px||false|false&#8221; box_shadow_style=&#8221;preset1&#8243; box_shadow_vertical=&#8221;0px&#8221; box_shadow_blur=&#8221;12px&#8221; box_shadow_color=&#8221;rgba(0,0,0,0)&#8221; box_shadow_color__hover_enabled=&#8221;on|hover&#8221; box_shadow_color__hover=&#8221;rgba(0,0,0,0.1)&#8221;]Zaj\u0119cia maj\u0105 na celu usprawnianie i stymulowanie zaburzonych funkcji rozwojowych i intelektualnych. Terapeuta wzmacnia mocne strony ucznia, co ma u\u0142atwi\u0107 jego funkcjonowanie w spo\u0142ecze\u0144stwie oraz pracuje nad kompensowaniem i zast\u0119powaniem brak\u00f3w w rozwoju poznawczym i intelektualnym w stosunku do r\u00f3wie\u015bnik\u00f3w.[\/et_pb_toggle][\/et_pb_column_inner][\/et_pb_row_inner][\/et_pb_column][et_pb_column type=&#8221;1_4&#8243; _builder_version=&#8221;3.25&#8243; custom_padding=&#8221;|||&#8221; custom_padding__hover=&#8221;|||&#8221;][et_pb_text _builder_version=&#8221;4.9.9&#8243; _module_preset=&#8221;default&#8221; text_font=&#8221;Source Sans Pro||||||||&#8221; text_text_color=&#8221;#000000&#8243; text_font_size=&#8221;16px&#8221; header_2_font=&#8221;Source Sans Pro|900|||||||&#8221; header_2_text_color=&#8221;#000000&#8243; header_2_font_size=&#8221;44px&#8221; custom_margin=&#8221;||10px||false|false&#8221;]<\/p>\n<h2>Informacje<\/h2>\n<p>[\/et_pb_text][et_pb_text _builder_version=&#8221;4.9.9&#8243; _module_preset=&#8221;default&#8221; text_font=&#8221;|600|||||||&#8221; text_text_color=&#8221;#000000&#8243; text_font_size=&#8221;16px&#8221; text_line_height=&#8221;1.6em&#8221; background_color=&#8221;#f7f7f7&#8243; custom_margin=&#8221;||20px||false|false&#8221; custom_padding=&#8221;20px|30px|20px|30px|false|false&#8221; text_orientation_tablet=&#8221;&#8221; text_orientation_phone=&#8221;center&#8221; text_orientation_last_edited=&#8221;on|phone&#8221; link_text_color__hover_enabled=&#8221;on|hover&#8221; link_text_color__hover=&#8221;#b50379&#8243;]<a href=\"https:\/\/stonoga.lublin.pl\/pl\/\/szkola-podstawowa-lublin\/o-nas\/\"><i class=\"fa-regular fa-circle-dot\" style=\"font-size: 16px; color: #b50379; margin-right: 4px;\"><\/i> O nas<\/a><br \/>\n<a href=\"https:\/\/stonoga.lublin.pl\/pl\/\/szkola-podstawowa-lublin\/aktualnosci\/\"><i class=\"fa-regular fa-circle-dot\" style=\"font-size: 16px; color: #b50379; margin-right: 4px;\"><\/i> Aktualno\u015bci<\/a><br \/>\n<a href=\"https:\/\/stonoga.lublin.pl\/pl\/\/szkola-podstawowa-lublin\/zajecia-dodatkowe\/\"><i class=\"fa-regular fa-circle-dot\" style=\"font-size: 16px; color: #b50379; margin-right: 4px;\"><\/i> Zaj\u0119cia dodatkowe<\/a><br \/>\n<a href=\"https:\/\/stonoga.lublin.pl\/pl\/\/szkola-podstawowa-lublin\/dla-rodzica\/\"><i class=\"fa-regular fa-circle-dot\" style=\"font-size: 16px; color: #b50379; margin-right: 4px;\"><\/i> Dla rodzica<\/a><br \/>\n<a href=\"https:\/\/stonoga.lublin.pl\/pl\/\/szkola-podstawowa-lublin\/kadra\/\"><i class=\"fa-regular fa-circle-dot\" style=\"font-size: 16px; color: #b50379; margin-right: 4px;\"><\/i> Kadra<\/a><br \/>\n<a href=\"https:\/\/stonoga.lublin.pl\/pl\/\/szkola-podstawowa-lublin\/kontakt\/\"><i class=\"fa-regular fa-circle-dot\" style=\"font-size: 16px; color: #b50379; margin-right: 4px;\"><\/i> Kontakt<\/a>[\/et_pb_text][\/et_pb_column][\/et_pb_section]<\/p>\n","protected":false},"excerpt":{"rendered":"<p>[et_pb_section fb_built=&#8221;1&#8243; _builder_version=&#8221;4.9.9&#8243; _module_preset=&#8221;default&#8221; background_color=&#8221;RGBA(0,0,0,0)&#8221; custom_padding=&#8221;0px||0px||false|false&#8221;][et_pb_row column_structure=&#8221;1_6,1_6,1_6,1_6,1_6,1_6&#8243; _builder_version=&#8221;4.9.9&#8243; _module_preset=&#8221;default&#8221; background_color=&#8221;#FFFFFF&#8221; custom_padding=&#8221;0px||0px||false|false&#8221; border_color_top=&#8221;#b8f92a&#8221; border_color_bottom=&#8221;#b8f92a&#8221; box_shadow_style=&#8221;preset3&#8243; box_shadow_blur=&#8221;23px&#8221; box_shadow_color=&#8221;rgba(0,0,0,0.05)&#8221;][et_pb_column type=&#8221;1_6&#8243; _builder_version=&#8221;4.9.9&#8243; _module_preset=&#8221;default&#8221; background_enable_color=&#8221;off&#8221; custom_padding=&#8221;15px|20px|15px|20px|false|false&#8221; link_option_url=&#8221;https:\/\/stonoga.lublin.pl\/pl\/\/szkola-podstawowa-lublin\/o-nas\/&#8221; background__hover_enabled=&#8221;on|hover&#8221; background_color__hover=&#8221;#f9f9f9&#8243; background_enable_color__hover=&#8221;on&#8221;][et_pb_text _builder_version=&#8221;4.9.9&#8243; _module_preset=&#8221;default&#8221; text_font=&#8221;Source Sans Pro|900||on|||||&#8221; text_text_color=&#8221;#000000&#8243; text_font_size=&#8221;20px&#8221; text_line_height=&#8221;1.5em&#8221; width=&#8221;130px&#8221; module_alignment=&#8221;center&#8221;] O nas [\/et_pb_text][\/et_pb_column][et_pb_column type=&#8221;1_6&#8243; _builder_version=&#8221;4.9.9&#8243; _module_preset=&#8221;default&#8221; custom_padding=&#8221;15px|10px|15px|10px|false|false&#8221; link_option_url=&#8221;https:\/\/stonoga.lublin.pl\/pl\/\/szkola-podstawowa-lublin\/aktualnosci\/&#8221; background__hover_enabled=&#8221;on|hover&#8221; background_color__hover=&#8221;#f9f9f9&#8243; background_enable_color__hover=&#8221;on&#8221;][et_pb_text _builder_version=&#8221;4.9.9&#8243; _module_preset=&#8221;default&#8221; text_font=&#8221;Source Sans Pro|900||on|||||&#8221; text_text_color=&#8221;#000000&#8243; text_font_size=&#8221;20px&#8221; text_line_height=&#8221;1.5em&#8221; width=&#8221;200px&#8221; [&hellip;]<\/p>\n","protected":false},"author":2,"featured_media":0,"parent":577,"menu_order":0,"comment_status":"closed","ping_status":"closed","template":"","meta":{"_acf_changed":false,"_et_pb_use_builder":"on","_et_pb_old_content":"","_et_gb_content_width":"","footnotes":""},"class_list":["post-589","page","type-page","status-publish","hentry"],"acf":[],"yoast_head":"<!-- This site is optimized with the Yoast SEO plugin v24.6 - https:\/\/yoast.com\/wordpress\/plugins\/seo\/ -->\n<title>Zaj\u0119cia dodatkowe - Grupa Edukacyjna Stonoga w Lublinie<\/title>\n<meta name=\"robots\" content=\"index, follow, max-snippet:-1, max-image-preview:large, max-video-preview:-1\" \/>\n<link rel=\"canonical\" href=\"https:\/\/stonoga.lublin.pl\/pl\/szkola-podstawowa-lublin\/zajecia-dodatkowe\/\" \/>\n<meta property=\"og:locale\" content=\"pl_PL\" \/>\n<meta property=\"og:type\" content=\"article\" \/>\n<meta property=\"og:title\" content=\"Zaj\u0119cia dodatkowe - Grupa Edukacyjna Stonoga w Lublinie\" \/>\n<meta property=\"og:description\" content=\"[et_pb_section fb_built=&#8221;1&#8243; _builder_version=&#8221;4.9.9&#8243; _module_preset=&#8221;default&#8221; background_color=&#8221;RGBA(0,0,0,0)&#8221; custom_padding=&#8221;0px||0px||false|false&#8221;][et_pb_row column_structure=&#8221;1_6,1_6,1_6,1_6,1_6,1_6&#8243; _builder_version=&#8221;4.9.9&#8243; _module_preset=&#8221;default&#8221; background_color=&#8221;#FFFFFF&#8221; custom_padding=&#8221;0px||0px||false|false&#8221; border_color_top=&#8221;#b8f92a&#8221; border_color_bottom=&#8221;#b8f92a&#8221; box_shadow_style=&#8221;preset3&#8243; box_shadow_blur=&#8221;23px&#8221; box_shadow_color=&#8221;rgba(0,0,0,0.05)&#8221;][et_pb_column type=&#8221;1_6&#8243; _builder_version=&#8221;4.9.9&#8243; _module_preset=&#8221;default&#8221; background_enable_color=&#8221;off&#8221; custom_padding=&#8221;15px|20px|15px|20px|false|false&#8221; link_option_url=&#8221;https:\/\/stonoga.lublin.pl\/pl\/\/szkola-podstawowa-lublin\/o-nas\/&#8221; background__hover_enabled=&#8221;on|hover&#8221; background_color__hover=&#8221;#f9f9f9&#8243; background_enable_color__hover=&#8221;on&#8221;][et_pb_text _builder_version=&#8221;4.9.9&#8243; _module_preset=&#8221;default&#8221; text_font=&#8221;Source Sans Pro|900||on|||||&#8221; text_text_color=&#8221;#000000&#8243; text_font_size=&#8221;20px&#8221; text_line_height=&#8221;1.5em&#8221; width=&#8221;130px&#8221; module_alignment=&#8221;center&#8221;] O nas [\/et_pb_text][\/et_pb_column][et_pb_column type=&#8221;1_6&#8243; _builder_version=&#8221;4.9.9&#8243; _module_preset=&#8221;default&#8221; custom_padding=&#8221;15px|10px|15px|10px|false|false&#8221; link_option_url=&#8221;https:\/\/stonoga.lublin.pl\/pl\/\/szkola-podstawowa-lublin\/aktualnosci\/&#8221; background__hover_enabled=&#8221;on|hover&#8221; background_color__hover=&#8221;#f9f9f9&#8243; background_enable_color__hover=&#8221;on&#8221;][et_pb_text _builder_version=&#8221;4.9.9&#8243; _module_preset=&#8221;default&#8221; text_font=&#8221;Source Sans Pro|900||on|||||&#8221; text_text_color=&#8221;#000000&#8243; text_font_size=&#8221;20px&#8221; text_line_height=&#8221;1.5em&#8221; width=&#8221;200px&#8221; [&hellip;]\" \/>\n<meta property=\"og:url\" content=\"https:\/\/stonoga.lublin.pl\/pl\/szkola-podstawowa-lublin\/zajecia-dodatkowe\/\" \/>\n<meta property=\"og:site_name\" content=\"Grupa Edukacyjna Stonoga w Lublinie\" \/>\n<meta property=\"article:modified_time\" content=\"2022-05-11T17:31:44+00:00\" \/>\n<meta property=\"og:image\" content=\"https:\/\/stonoga.lublin.pl\/pl\/\/wp-content\/uploads\/2022\/02\/o-nas.png\" \/>\n<meta name=\"twitter:card\" content=\"summary_large_image\" \/>\n<meta name=\"twitter:label1\" content=\"Szacowany czas czytania\" \/>\n\t<meta name=\"twitter:data1\" content=\"18 minut\" \/>\n<script type=\"application\/ld+json\" class=\"yoast-schema-graph\">{\"@context\":\"https:\/\/schema.org\",\"@graph\":[{\"@type\":\"WebPage\",\"@id\":\"https:\/\/stonoga.lublin.pl\/pl\/szkola-podstawowa-lublin\/zajecia-dodatkowe\/\",\"url\":\"https:\/\/stonoga.lublin.pl\/pl\/szkola-podstawowa-lublin\/zajecia-dodatkowe\/\",\"name\":\"Zaj\u0119cia dodatkowe - Grupa Edukacyjna Stonoga w Lublinie\",\"isPartOf\":{\"@id\":\"https:\/\/stonoga.lublin.pl\/pl\/#website\"},\"primaryImageOfPage\":{\"@id\":\"https:\/\/stonoga.lublin.pl\/pl\/szkola-podstawowa-lublin\/zajecia-dodatkowe\/#primaryimage\"},\"image\":{\"@id\":\"https:\/\/stonoga.lublin.pl\/pl\/szkola-podstawowa-lublin\/zajecia-dodatkowe\/#primaryimage\"},\"thumbnailUrl\":\"https:\/\/stonoga.lublin.pl\/pl\/\/wp-content\/uploads\/2022\/02\/o-nas.png\",\"datePublished\":\"2022-02-15T13:59:49+00:00\",\"dateModified\":\"2022-05-11T17:31:44+00:00\",\"breadcrumb\":{\"@id\":\"https:\/\/stonoga.lublin.pl\/pl\/szkola-podstawowa-lublin\/zajecia-dodatkowe\/#breadcrumb\"},\"inLanguage\":\"pl-PL\",\"potentialAction\":[{\"@type\":\"ReadAction\",\"target\":[\"https:\/\/stonoga.lublin.pl\/pl\/szkola-podstawowa-lublin\/zajecia-dodatkowe\/\"]}]},{\"@type\":\"ImageObject\",\"inLanguage\":\"pl-PL\",\"@id\":\"https:\/\/stonoga.lublin.pl\/pl\/szkola-podstawowa-lublin\/zajecia-dodatkowe\/#primaryimage\",\"url\":\"https:\/\/stonoga.lublin.pl\/pl\/\/wp-content\/uploads\/2022\/02\/o-nas.png\",\"contentUrl\":\"https:\/\/stonoga.lublin.pl\/pl\/\/wp-content\/uploads\/2022\/02\/o-nas.png\"},{\"@type\":\"BreadcrumbList\",\"@id\":\"https:\/\/stonoga.lublin.pl\/pl\/szkola-podstawowa-lublin\/zajecia-dodatkowe\/#breadcrumb\",\"itemListElement\":[{\"@type\":\"ListItem\",\"position\":1,\"name\":\"Strona g\u0142\u00f3wna\",\"item\":\"https:\/\/stonoga.lublin.pl\/pl\/\"},{\"@type\":\"ListItem\",\"position\":2,\"name\":\"Szko\u0142a podstawowa Lublin\",\"item\":\"https:\/\/stonoga.lublin.pl\/pl\/szkola-podstawowa-lublin\/\"},{\"@type\":\"ListItem\",\"position\":3,\"name\":\"Zaj\u0119cia dodatkowe\"}]},{\"@type\":\"WebSite\",\"@id\":\"https:\/\/stonoga.lublin.pl\/pl\/#website\",\"url\":\"https:\/\/stonoga.lublin.pl\/pl\/\",\"name\":\"Grupa Edukacyjna Stonoga w Lublinie\",\"description\":\"\",\"potentialAction\":[{\"@type\":\"SearchAction\",\"target\":{\"@type\":\"EntryPoint\",\"urlTemplate\":\"https:\/\/stonoga.lublin.pl\/pl\/?s={search_term_string}\"},\"query-input\":{\"@type\":\"PropertyValueSpecification\",\"valueRequired\":true,\"valueName\":\"search_term_string\"}}],\"inLanguage\":\"pl-PL\"}]}<\/script>\n<!-- \/ Yoast SEO plugin. -->","yoast_head_json":{"title":"Zaj\u0119cia dodatkowe - Grupa Edukacyjna Stonoga w Lublinie","robots":{"index":"index","follow":"follow","max-snippet":"max-snippet:-1","max-image-preview":"max-image-preview:large","max-video-preview":"max-video-preview:-1"},"canonical":"https:\/\/stonoga.lublin.pl\/pl\/szkola-podstawowa-lublin\/zajecia-dodatkowe\/","og_locale":"pl_PL","og_type":"article","og_title":"Zaj\u0119cia dodatkowe - Grupa Edukacyjna Stonoga w Lublinie","og_description":"[et_pb_section fb_built=&#8221;1&#8243; _builder_version=&#8221;4.9.9&#8243; _module_preset=&#8221;default&#8221; background_color=&#8221;RGBA(0,0,0,0)&#8221; custom_padding=&#8221;0px||0px||false|false&#8221;][et_pb_row column_structure=&#8221;1_6,1_6,1_6,1_6,1_6,1_6&#8243; _builder_version=&#8221;4.9.9&#8243; _module_preset=&#8221;default&#8221; background_color=&#8221;#FFFFFF&#8221; custom_padding=&#8221;0px||0px||false|false&#8221; border_color_top=&#8221;#b8f92a&#8221; border_color_bottom=&#8221;#b8f92a&#8221; box_shadow_style=&#8221;preset3&#8243; box_shadow_blur=&#8221;23px&#8221; box_shadow_color=&#8221;rgba(0,0,0,0.05)&#8221;][et_pb_column type=&#8221;1_6&#8243; _builder_version=&#8221;4.9.9&#8243; _module_preset=&#8221;default&#8221; background_enable_color=&#8221;off&#8221; custom_padding=&#8221;15px|20px|15px|20px|false|false&#8221; link_option_url=&#8221;https:\/\/stonoga.lublin.pl\/pl\/\/szkola-podstawowa-lublin\/o-nas\/&#8221; background__hover_enabled=&#8221;on|hover&#8221; background_color__hover=&#8221;#f9f9f9&#8243; background_enable_color__hover=&#8221;on&#8221;][et_pb_text _builder_version=&#8221;4.9.9&#8243; _module_preset=&#8221;default&#8221; text_font=&#8221;Source Sans Pro|900||on|||||&#8221; text_text_color=&#8221;#000000&#8243; text_font_size=&#8221;20px&#8221; text_line_height=&#8221;1.5em&#8221; width=&#8221;130px&#8221; module_alignment=&#8221;center&#8221;] O nas [\/et_pb_text][\/et_pb_column][et_pb_column type=&#8221;1_6&#8243; _builder_version=&#8221;4.9.9&#8243; _module_preset=&#8221;default&#8221; custom_padding=&#8221;15px|10px|15px|10px|false|false&#8221; link_option_url=&#8221;https:\/\/stonoga.lublin.pl\/pl\/\/szkola-podstawowa-lublin\/aktualnosci\/&#8221; background__hover_enabled=&#8221;on|hover&#8221; background_color__hover=&#8221;#f9f9f9&#8243; background_enable_color__hover=&#8221;on&#8221;][et_pb_text _builder_version=&#8221;4.9.9&#8243; _module_preset=&#8221;default&#8221; text_font=&#8221;Source Sans Pro|900||on|||||&#8221; text_text_color=&#8221;#000000&#8243; text_font_size=&#8221;20px&#8221; text_line_height=&#8221;1.5em&#8221; width=&#8221;200px&#8221; [&hellip;]","og_url":"https:\/\/stonoga.lublin.pl\/pl\/szkola-podstawowa-lublin\/zajecia-dodatkowe\/","og_site_name":"Grupa Edukacyjna Stonoga w Lublinie","article_modified_time":"2022-05-11T17:31:44+00:00","og_image":[{"url":"https:\/\/stonoga.lublin.pl\/pl\/\/wp-content\/uploads\/2022\/02\/o-nas.png","type":"","width":"","height":""}],"twitter_card":"summary_large_image","twitter_misc":{"Szacowany czas czytania":"18 minut"},"schema":{"@context":"https:\/\/schema.org","@graph":[{"@type":"WebPage","@id":"https:\/\/stonoga.lublin.pl\/pl\/szkola-podstawowa-lublin\/zajecia-dodatkowe\/","url":"https:\/\/stonoga.lublin.pl\/pl\/szkola-podstawowa-lublin\/zajecia-dodatkowe\/","name":"Zaj\u0119cia dodatkowe - Grupa Edukacyjna Stonoga w Lublinie","isPartOf":{"@id":"https:\/\/stonoga.lublin.pl\/pl\/#website"},"primaryImageOfPage":{"@id":"https:\/\/stonoga.lublin.pl\/pl\/szkola-podstawowa-lublin\/zajecia-dodatkowe\/#primaryimage"},"image":{"@id":"https:\/\/stonoga.lublin.pl\/pl\/szkola-podstawowa-lublin\/zajecia-dodatkowe\/#primaryimage"},"thumbnailUrl":"https:\/\/stonoga.lublin.pl\/pl\/\/wp-content\/uploads\/2022\/02\/o-nas.png","datePublished":"2022-02-15T13:59:49+00:00","dateModified":"2022-05-11T17:31:44+00:00","breadcrumb":{"@id":"https:\/\/stonoga.lublin.pl\/pl\/szkola-podstawowa-lublin\/zajecia-dodatkowe\/#breadcrumb"},"inLanguage":"pl-PL","potentialAction":[{"@type":"ReadAction","target":["https:\/\/stonoga.lublin.pl\/pl\/szkola-podstawowa-lublin\/zajecia-dodatkowe\/"]}]},{"@type":"ImageObject","inLanguage":"pl-PL","@id":"https:\/\/stonoga.lublin.pl\/pl\/szkola-podstawowa-lublin\/zajecia-dodatkowe\/#primaryimage","url":"https:\/\/stonoga.lublin.pl\/pl\/\/wp-content\/uploads\/2022\/02\/o-nas.png","contentUrl":"https:\/\/stonoga.lublin.pl\/pl\/\/wp-content\/uploads\/2022\/02\/o-nas.png"},{"@type":"BreadcrumbList","@id":"https:\/\/stonoga.lublin.pl\/pl\/szkola-podstawowa-lublin\/zajecia-dodatkowe\/#breadcrumb","itemListElement":[{"@type":"ListItem","position":1,"name":"Strona g\u0142\u00f3wna","item":"https:\/\/stonoga.lublin.pl\/pl\/"},{"@type":"ListItem","position":2,"name":"Szko\u0142a podstawowa Lublin","item":"https:\/\/stonoga.lublin.pl\/pl\/szkola-podstawowa-lublin\/"},{"@type":"ListItem","position":3,"name":"Zaj\u0119cia dodatkowe"}]},{"@type":"WebSite","@id":"https:\/\/stonoga.lublin.pl\/pl\/#website","url":"https:\/\/stonoga.lublin.pl\/pl\/","name":"Grupa Edukacyjna Stonoga w Lublinie","description":"","potentialAction":[{"@type":"SearchAction","target":{"@type":"EntryPoint","urlTemplate":"https:\/\/stonoga.lublin.pl\/pl\/?s={search_term_string}"},"query-input":{"@type":"PropertyValueSpecification","valueRequired":true,"valueName":"search_term_string"}}],"inLanguage":"pl-PL"}]}},"_links":{"self":[{"href":"https:\/\/stonoga.lublin.pl\/pl\/wp-json\/wp\/v2\/pages\/589","targetHints":{"allow":["GET"]}}],"collection":[{"href":"https:\/\/stonoga.lublin.pl\/pl\/wp-json\/wp\/v2\/pages"}],"about":[{"href":"https:\/\/stonoga.lublin.pl\/pl\/wp-json\/wp\/v2\/types\/page"}],"author":[{"embeddable":true,"href":"https:\/\/stonoga.lublin.pl\/pl\/wp-json\/wp\/v2\/users\/2"}],"replies":[{"embeddable":true,"href":"https:\/\/stonoga.lublin.pl\/pl\/wp-json\/wp\/v2\/comments?post=589"}],"version-history":[{"count":23,"href":"https:\/\/stonoga.lublin.pl\/pl\/wp-json\/wp\/v2\/pages\/589\/revisions"}],"predecessor-version":[{"id":1792,"href":"https:\/\/stonoga.lublin.pl\/pl\/wp-json\/wp\/v2\/pages\/589\/revisions\/1792"}],"up":[{"embeddable":true,"href":"https:\/\/stonoga.lublin.pl\/pl\/wp-json\/wp\/v2\/pages\/577"}],"wp:attachment":[{"href":"https:\/\/stonoga.lublin.pl\/pl\/wp-json\/wp\/v2\/media?parent=589"}],"curies":[{"name":"wp","href":"https:\/\/api.w.org\/{rel}","templated":true}]}}