{"id":689,"date":"2022-02-16T11:47:13","date_gmt":"2022-02-16T11:47:13","guid":{"rendered":"https:\/\/stonoga.lublin.pl\/pl\/\/?page_id=689"},"modified":"2022-05-11T17:44:27","modified_gmt":"2022-05-11T17:44:27","slug":"o-nas","status":"publish","type":"page","link":"https:\/\/stonoga.lublin.pl\/pl\/poradnia-psychologiczno-pedagogiczna-lublin\/o-nas\/","title":{"rendered":"O nas"},"content":{"rendered":"<p>[et_pb_section fb_built=&#8221;1&#8243; _builder_version=&#8221;4.9.9&#8243; _module_preset=&#8221;default&#8221; background_color=&#8221;RGBA(0,0,0,0)&#8221; custom_padding=&#8221;0px||0px||false|false&#8221;][et_pb_row column_structure=&#8221;1_5,1_5,1_5,1_5,1_5&#8243; _builder_version=&#8221;4.9.9&#8243; _module_preset=&#8221;default&#8221; background_color=&#8221;#FFFFFF&#8221; custom_padding=&#8221;0px||0px||false|false&#8221; border_color_top=&#8221;#b8f92a&#8221; border_color_bottom=&#8221;#b8f92a&#8221; box_shadow_style=&#8221;preset3&#8243; box_shadow_blur=&#8221;23px&#8221; box_shadow_color=&#8221;rgba(0,0,0,0.05)&#8221;][et_pb_column type=&#8221;1_5&#8243; _builder_version=&#8221;4.9.9&#8243; _module_preset=&#8221;default&#8221; background_color=&#8221;#0091e3&#8243; custom_padding=&#8221;15px|20px|15px|20px|false|false&#8221; link_option_url=&#8221;https:\/\/stonoga.lublin.pl\/pl\/\/poradnia-psychologiczno-pedagogiczna-lublin\/o-nas\/&#8221; background__hover_enabled=&#8221;on|hover&#8221; background_color__hover=&#8221;#f9f9f9&#8243; background_enable_color__hover=&#8221;on&#8221;][et_pb_text _builder_version=&#8221;4.9.9&#8243; _module_preset=&#8221;default&#8221; text_font=&#8221;Source Sans Pro|900||on|||||&#8221; text_text_color=&#8221;#FFFFFF&#8221; text_font_size=&#8221;20px&#8221; text_line_height=&#8221;1.5em&#8221; width=&#8221;130px&#8221; module_alignment=&#8221;center&#8221;]<\/p>\n<p><img decoding=\"async\" src=\"https:\/\/stonoga.lublin.pl\/pl\/wp-content\/uploads\/2022\/02\/szkola-skala-lublin.png\" style=\"height: 40px; float: left; margin-right: 10px;\" \/> O nas<\/p>\n<p>[\/et_pb_text][\/et_pb_column][et_pb_column type=&#8221;1_5&#8243; _builder_version=&#8221;4.9.9&#8243; _module_preset=&#8221;default&#8221; custom_padding=&#8221;15px|10px|15px|10px|false|false&#8221; link_option_url=&#8221;https:\/\/stonoga.lublin.pl\/pl\/\/poradnia-psychologiczno-pedagogiczna-lublin\/aktualnosci\/&#8221; background__hover_enabled=&#8221;on|hover&#8221; background_color__hover=&#8221;#f9f9f9&#8243; background_enable_color__hover=&#8221;on&#8221;][et_pb_text _builder_version=&#8221;4.9.9&#8243; _module_preset=&#8221;default&#8221; text_font=&#8221;Source Sans Pro|900||on|||||&#8221; text_text_color=&#8221;#000000&#8243; text_font_size=&#8221;20px&#8221; text_line_height=&#8221;1.5em&#8221; width=&#8221;200px&#8221; module_alignment=&#8221;center&#8221;]<\/p>\n<p><img decoding=\"async\" src=\"https:\/\/stonoga.lublin.pl\/pl\/\/wp-content\/uploads\/2022\/02\/aktualnosci-stonoga-lublin.png\" style=\"height: 40px; float: left; margin-right: 10px;\" \/> AKTUALNO\u015aCI<\/p>\n<p>[\/et_pb_text][\/et_pb_column][et_pb_column type=&#8221;1_5&#8243; _builder_version=&#8221;4.9.9&#8243; _module_preset=&#8221;default&#8221; custom_padding=&#8221;15px|20px|15px|20px|false|false&#8221; link_option_url=&#8221;https:\/\/stonoga.lublin.pl\/pl\/\/poradnia-psychologiczno-pedagogiczna-lublin\/dla-rodzica\/&#8221; background__hover_enabled=&#8221;on|hover&#8221; background_color__hover=&#8221;#f9f9f9&#8243; background_enable_color__hover=&#8221;on&#8221;][et_pb_text _builder_version=&#8221;4.9.9&#8243; _module_preset=&#8221;default&#8221; text_font=&#8221;Source Sans Pro|900||on|||||&#8221; text_text_color=&#8221;#000000&#8243; text_font_size=&#8221;20px&#8221; text_line_height=&#8221;1.1em&#8221; max_width=&#8221;170px&#8221; module_alignment=&#8221;center&#8221;]<\/p>\n<p><img decoding=\"async\" src=\"https:\/\/stonoga.lublin.pl\/pl\/\/wp-content\/uploads\/2022\/02\/strefa-rodzica-stonoga.png\" style=\"height: 40px; float: left; margin-right: 10px;\" \/> Dla rodzica<\/p>\n<p>[\/et_pb_text][\/et_pb_column][et_pb_column type=&#8221;1_5&#8243; _builder_version=&#8221;4.9.9&#8243; _module_preset=&#8221;default&#8221; custom_padding=&#8221;15px|20px|15px|20px|false|false&#8221; link_option_url=&#8221;https:\/\/stonoga.lublin.pl\/pl\/\/poradnia-psychologiczno-pedagogiczna-lublin\/kadra\/&#8221; background__hover_enabled=&#8221;on|hover&#8221; background_color__hover=&#8221;#f9f9f9&#8243; background_enable_color__hover=&#8221;on&#8221;][et_pb_text _builder_version=&#8221;4.9.9&#8243; _module_preset=&#8221;default&#8221; text_font=&#8221;Source Sans Pro|900||on|||||&#8221; text_text_color=&#8221;#000000&#8243; text_font_size=&#8221;20px&#8221; text_line_height=&#8221;1.5em&#8221; width=&#8221;130px&#8221; module_alignment=&#8221;center&#8221;]<\/p>\n<p><img decoding=\"async\" src=\"https:\/\/stonoga.lublin.pl\/pl\/\/wp-content\/uploads\/2022\/02\/zespol-stonoga-lublin-poradnia-specjalistyczna.png\" style=\"height: 40px; float: left; margin-right: 10px;\" \/> Kadra<\/p>\n<p>[\/et_pb_text][\/et_pb_column][et_pb_column type=&#8221;1_5&#8243; _builder_version=&#8221;4.9.9&#8243; _module_preset=&#8221;default&#8221; custom_padding=&#8221;15px|20px|15px|20px|false|false&#8221; link_option_url=&#8221;https:\/\/stonoga.lublin.pl\/pl\/\/poradnia-psychologiczno-pedagogiczna-lublin\/kontakt\/&#8221; background__hover_enabled=&#8221;on|hover&#8221; background_color__hover=&#8221;#f9f9f9&#8243; background_enable_color__hover=&#8221;on&#8221;][et_pb_text _builder_version=&#8221;4.9.9&#8243; _module_preset=&#8221;default&#8221; text_font=&#8221;Source Sans Pro|900||on|||||&#8221; text_text_color=&#8221;#000000&#8243; text_font_size=&#8221;20px&#8221; text_line_height=&#8221;1.5em&#8221; width=&#8221;150px&#8221; module_alignment=&#8221;center&#8221;]<\/p>\n<p><img decoding=\"async\" src=\"https:\/\/stonoga.lublin.pl\/pl\/\/wp-content\/uploads\/2022\/02\/kontakt-stonoga-lublin.png\" style=\"height: 40px; float: left; margin-right: 10px;\" \/> Kontakt<\/p>\n<p>[\/et_pb_text][\/et_pb_column][\/et_pb_row][\/et_pb_section][et_pb_section fb_built=&#8221;1&#8243; _builder_version=&#8221;4.9.9&#8243; _module_preset=&#8221;default&#8221; custom_padding=&#8221;0px||0px||false|false&#8221;][et_pb_row column_structure=&#8221;1_2,1_2&#8243; _builder_version=&#8221;4.9.9&#8243; _module_preset=&#8221;default&#8221; background_color=&#8221;#f3f3f3&#8243; custom_padding=&#8221;0px||0px||false|false&#8221; hover_enabled=&#8221;0&#8243; sticky_enabled=&#8221;0&#8243; background__hover_enabled=&#8221;on|hover&#8221; background_color__hover=&#8221;#f3f3f3&#8243;][et_pb_column type=&#8221;1_2&#8243; _builder_version=&#8221;4.9.9&#8243; _module_preset=&#8221;default&#8221;][et_pb_text _builder_version=&#8221;4.9.9&#8243; _module_preset=&#8221;default&#8221; text_font=&#8221;Source Sans Pro|300|||||||&#8221; text_text_color=&#8221;#000000&#8243; text_font_size=&#8221;20px&#8221; header_font=&#8221;Source Sans Pro|900|||||||&#8221; header_text_color=&#8221;#000000&#8243; header_font_size=&#8221;44px&#8221; header_line_height=&#8221;1.1em&#8221; custom_margin=&#8221;|||10%|false|false&#8221; custom_margin_tablet=&#8221;&#8221; custom_margin_phone=&#8221;|||4%|false|false&#8221; custom_margin_last_edited=&#8221;on|phone&#8221; custom_padding=&#8221;12%||5%||false|false&#8221;]<\/p>\n<h1><span style=\"font-size: 65px;\">Poradnia<\/span><br \/>\nSpecjalistyczna<br \/>\n<span style=\"color: #000; font-size: 28px; background: #fff; font-weight: 400; padding: 10px 20px;\">w Lublinie<\/span><\/h1>\n<p>[\/et_pb_text][\/et_pb_column][et_pb_column type=&#8221;1_2&#8243; _builder_version=&#8221;4.9.9&#8243; _module_preset=&#8221;default&#8221;][et_pb_text _builder_version=&#8221;4.9.9&#8243; _module_preset=&#8221;default&#8221;]<img loading=\"lazy\" decoding=\"async\" src=\"https:\/\/stonoga.lublin.pl\/pl\/\/wp-content\/uploads\/2022\/02\/poradnia-pedagogiczno-psychologiczna-spinacz-lublin-o-nas-2.jpg\" width=\"1200\" height=\"600\" alt=\"\" class=\"wp-image-280 alignnone size-full\" style=\"display: block; margin-left: auto; margin-right: auto;\" \/>[\/et_pb_text][\/et_pb_column][\/et_pb_row][\/et_pb_section][et_pb_section fb_built=&#8221;1&#8243; specialty=&#8221;on&#8221; _builder_version=&#8221;4.9.9&#8243; _module_preset=&#8221;default&#8221; inner_width=&#8221;94%&#8221; inner_max_width=&#8221;100%&#8221; custom_padding=&#8221;0px||||false|false&#8221;][et_pb_column type=&#8221;3_4&#8243; specialty_columns=&#8221;3&#8243; _builder_version=&#8221;3.25&#8243; custom_padding=&#8221;|||&#8221; custom_padding__hover=&#8221;|||&#8221;][et_pb_row_inner _builder_version=&#8221;4.9.9&#8243; _module_preset=&#8221;default&#8221; width=&#8221;100%&#8221; max_width=&#8221;100%&#8221; custom_padding=&#8221;||23px|||&#8221;][et_pb_column_inner saved_specialty_column_type=&#8221;3_4&#8243; _builder_version=&#8221;4.9.9&#8243; _module_preset=&#8221;default&#8221;][et_pb_text _builder_version=&#8221;4.9.9&#8243; _module_preset=&#8221;default&#8221; text_font=&#8221;Source Sans Pro||||||||&#8221; text_text_color=&#8221;#000000&#8243; text_font_size=&#8221;18px&#8221; text_line_height=&#8221;1.6em&#8221; header_2_font=&#8221;Source Sans Pro|900|||||||&#8221; header_2_text_color=&#8221;#000000&#8243; header_2_font_size=&#8221;44px&#8221;]<\/p>\n<h2 style=\"margin-bottom: 15px;\">O nas<\/h2>\n<p>Misj\u0105 Poradni Specjalistycznej SPINACZ jest \u015bwiadczenie us\u0142ug diagnostyczno \u2013 terapeutycznych na rzecz dzieci z zaburzeniami rozwojowymi oraz ich rodzi.<\/p>\n<p style=\"font-size: 32px; font-weight: bold; padding-bottom: 8px;\">Ten cel pracownicy poradni realizuj\u0105 poprzez:<\/p>\n<p style=\"font-size: 20px; font-weight: 600;\"><i class=\"fa-regular fa-circle-dot\" style=\"font-size: 16px; color: #0091e3; margin-right: 4px;\"><\/i> Sprawne i profesjonalne przeprowadzanie diagnoz.<br \/>\n<i class=\"fa-regular fa-circle-dot\" style=\"font-size: 16px; color: #0091e3; margin-right: 4px;\"><\/i> Wczesne rozpoczynanie interwencji terapeutycznej w celu osi\u0105gni\u0119cia mo\u017cliwie najwy\u017cszych efekt\u00f3w terapii.<br \/>\n<i class=\"fa-regular fa-circle-dot\" style=\"font-size: 16px; color: #0091e3; margin-right: 4px;\"><\/i> Prowadzenie wielospecjalistycznej, efektywnej terapii w oparciu o indywidualny program terapeutyczny.<br \/>\n<i class=\"fa-regular fa-circle-dot\" style=\"font-size: 16px; color: #0091e3; margin-right: 4px;\"><\/i> Wszechstronn\u0105, wielop\u0142aszczyznow\u0105 pomoc i wsparcie dla rodziny.<br \/>\n<i class=\"fa-regular fa-circle-dot\" style=\"font-size: 16px; color: #0091e3; margin-right: 4px;\"><\/i> Rozpowszechnianie wiedzy na temat ca\u0142o\u015bciowych zaburze\u0144 rozwojowych.<\/p>\n<p>Pracownicy realizuj\u0105 r\u00f3wnie\u017c terapie (psychologiczn\u0105, pedagogiczn\u0105, neurologopedyczn\u0105, logopedyczn\u0105, integracji sensorycznej, terapi\u0119 r\u0119ki oraz treningi umiej\u0119tno\u015bci spo\u0142ecznych TUS) w ramach Wczesnego wspomagania rozwoju (WWR). Oferta jest przeznaczona dla dzieci posiadaj\u0105cych Opini\u0119 o potrzebie wczesnego wspomagania rozwoju. Zaj\u0119cia s\u0105 bezp\u0142atne.[\/et_pb_text][et_pb_text _builder_version=&#8221;4.9.9&#8243; _module_preset=&#8221;default&#8221; text_font=&#8221;Source Sans Pro||||||||&#8221; text_text_color=&#8221;#000000&#8243; text_font_size=&#8221;18px&#8221; text_line_height=&#8221;1.5em&#8221; header_2_font=&#8221;Source Sans Pro|900|||||||&#8221; header_2_text_color=&#8221;#000000&#8243; header_2_font_size=&#8221;44px&#8221; header_3_font=&#8221;Source Sans Pro|900|||||||&#8221; header_3_text_color=&#8221;#000000&#8243; header_3_font_size=&#8221;44px&#8221;]<\/p>\n<h3>Oferta Poradni Spinacz<\/h3>\n<p>[\/et_pb_text][\/et_pb_column_inner][\/et_pb_row_inner][et_pb_row_inner column_structure=&#8221;1_3,1_3,1_3&#8243; _builder_version=&#8221;4.9.9&#8243; _module_preset=&#8221;default&#8221; max_width_tablet=&#8221;&#8221; max_width_phone=&#8221;80%&#8221; max_width_last_edited=&#8221;on|phone&#8221; module_alignment=&#8221;center&#8221; custom_padding=&#8221;0px||||false|false&#8221;][et_pb_column_inner type=&#8221;1_3&#8243; saved_specialty_column_type=&#8221;3_4&#8243; _builder_version=&#8221;4.9.9&#8243; _module_preset=&#8221;default&#8221; custom_padding=&#8221;22px|20px|25px|20px|false|false&#8221; border_radii=&#8221;on|6px|6px|6px|6px&#8221; border_width_all=&#8221;1px&#8221; border_color_all=&#8221;#cecece&#8221;][et_pb_text _builder_version=&#8221;4.9.9&#8243; _module_preset=&#8221;default&#8221; text_font=&#8221;Source Sans Pro||||||||&#8221; text_text_color=&#8221;#000000&#8243; text_font_size=&#8221;22px&#8221; text_line_height=&#8221;1.4em&#8221; text_orientation=&#8221;center&#8221;]<\/p>\n<p><strong>Diagnozy<\/strong><br \/>w kierunku autyzmu<\/p>\n<p>[\/et_pb_text][\/et_pb_column_inner][et_pb_column_inner type=&#8221;1_3&#8243; saved_specialty_column_type=&#8221;3_4&#8243; _builder_version=&#8221;4.9.9&#8243; _module_preset=&#8221;default&#8221; custom_padding=&#8221;22px|20px|25px|20px|false|false&#8221; border_radii=&#8221;on|6px|6px|6px|6px&#8221; border_width_all=&#8221;1px&#8221; border_color_all=&#8221;#cecece&#8221;][et_pb_text _builder_version=&#8221;4.9.9&#8243; _module_preset=&#8221;default&#8221; text_font=&#8221;Source Sans Pro||||||||&#8221; text_text_color=&#8221;#000000&#8243; text_font_size=&#8221;22px&#8221; text_line_height=&#8221;1.4em&#8221; text_orientation=&#8221;center&#8221;]<\/p>\n<p><strong>Badanie inteligencji<\/strong><br \/>dzieci i m\u0142odzie\u017cy<\/p>\n<p>[\/et_pb_text][\/et_pb_column_inner][et_pb_column_inner type=&#8221;1_3&#8243; saved_specialty_column_type=&#8221;3_4&#8243; _builder_version=&#8221;4.9.9&#8243; _module_preset=&#8221;default&#8221; custom_padding=&#8221;22px|20px|25px|20px|false|false&#8221; border_radii=&#8221;on|6px|6px|6px|6px&#8221; border_width_all=&#8221;1px&#8221; border_color_all=&#8221;#cecece&#8221;][et_pb_text _builder_version=&#8221;4.9.9&#8243; _module_preset=&#8221;default&#8221; text_font=&#8221;Source Sans Pro||||||||&#8221; text_text_color=&#8221;#000000&#8243; text_font_size=&#8221;22px&#8221; text_line_height=&#8221;1.4em&#8221; text_orientation=&#8221;center&#8221;]<\/p>\n<p><strong>Diagnoza funkcjonalna<\/strong><br \/><span style=\"font-size: 16px;\"> (Profil Psychoedukacyjny <strong>PER \u2013 R<\/strong>)<\/span><\/p>\n<p>[\/et_pb_text][\/et_pb_column_inner][\/et_pb_row_inner][et_pb_row_inner column_structure=&#8221;1_3,1_3,1_3&#8243; _builder_version=&#8221;4.9.9&#8243; _module_preset=&#8221;default&#8221; max_width_tablet=&#8221;&#8221; max_width_phone=&#8221;80%&#8221; max_width_last_edited=&#8221;on|phone&#8221; module_alignment=&#8221;center&#8221; custom_padding=&#8221;0px||||false|false&#8221;][et_pb_column_inner type=&#8221;1_3&#8243; saved_specialty_column_type=&#8221;3_4&#8243; _builder_version=&#8221;4.9.9&#8243; _module_preset=&#8221;default&#8221; custom_padding=&#8221;22px|20px|25px|20px|false|false&#8221; border_radii=&#8221;on|6px|6px|6px|6px&#8221; border_width_all=&#8221;1px&#8221; border_color_all=&#8221;#cecece&#8221;][et_pb_text _builder_version=&#8221;4.9.9&#8243; _module_preset=&#8221;default&#8221; text_font=&#8221;Source Sans Pro||||||||&#8221; text_text_color=&#8221;#000000&#8243; text_font_size=&#8221;22px&#8221; text_line_height=&#8221;1.4em&#8221; text_orientation=&#8221;center&#8221;]<\/p>\n<p><strong>Terapia<\/strong><br \/>r\u0119ki<\/p>\n<p>[\/et_pb_text][\/et_pb_column_inner][et_pb_column_inner type=&#8221;1_3&#8243; saved_specialty_column_type=&#8221;3_4&#8243; _builder_version=&#8221;4.9.9&#8243; _module_preset=&#8221;default&#8221; custom_padding=&#8221;22px|20px|25px|20px|false|false&#8221; border_radii=&#8221;on|6px|6px|6px|6px&#8221; border_width_all=&#8221;1px&#8221; border_color_all=&#8221;#cecece&#8221;][et_pb_text _builder_version=&#8221;4.9.9&#8243; _module_preset=&#8221;default&#8221; text_font=&#8221;Source Sans Pro||||||||&#8221; text_text_color=&#8221;#000000&#8243; text_font_size=&#8221;22px&#8221; text_line_height=&#8221;1.4em&#8221; text_orientation=&#8221;center&#8221;]<\/p>\n<p><strong>Porady<\/strong><br \/>dla rodzic\u00f3w<\/p>\n<p>[\/et_pb_text][\/et_pb_column_inner][et_pb_column_inner type=&#8221;1_3&#8243; saved_specialty_column_type=&#8221;3_4&#8243; _builder_version=&#8221;4.9.9&#8243; _module_preset=&#8221;default&#8221; custom_padding=&#8221;22px|20px|25px|20px|false|false&#8221; border_radii=&#8221;on|6px|6px|6px|6px&#8221; border_width_all=&#8221;1px&#8221; border_color_all=&#8221;#cecece&#8221;][et_pb_text _builder_version=&#8221;4.9.9&#8243; _module_preset=&#8221;default&#8221; text_font=&#8221;Source Sans Pro||||||||&#8221; text_text_color=&#8221;#000000&#8243; text_font_size=&#8221;22px&#8221; text_line_height=&#8221;1.4em&#8221; text_orientation=&#8221;center&#8221;]<\/p>\n<p><strong>Opinie<\/strong><br \/>i za\u015bwiadczenia<\/p>\n<p>[\/et_pb_text][\/et_pb_column_inner][\/et_pb_row_inner][et_pb_row_inner _builder_version=&#8221;4.9.9&#8243; _module_preset=&#8221;default&#8221; max_width_tablet=&#8221;&#8221; max_width_phone=&#8221;80%&#8221; max_width_last_edited=&#8221;on|phone&#8221; module_alignment=&#8221;center&#8221; custom_padding=&#8221;0px||||false|false&#8221;][et_pb_column_inner saved_specialty_column_type=&#8221;3_4&#8243; _builder_version=&#8221;4.9.9&#8243; _module_preset=&#8221;default&#8221; custom_padding=&#8221;22px|20px|25px|20px|false|false&#8221; border_radii=&#8221;on|6px|6px|6px|6px&#8221; border_width_all=&#8221;1px&#8221; border_color_all=&#8221;#cecece&#8221;][et_pb_text _builder_version=&#8221;4.9.9&#8243; _module_preset=&#8221;default&#8221; text_font=&#8221;Source Sans Pro||||||||&#8221; text_text_color=&#8221;#000000&#8243; text_font_size=&#8221;22px&#8221; text_line_height=&#8221;1.4em&#8221; text_orientation=&#8221;center&#8221;]<strong>Diagnoza i terapia: <\/strong> <span style=\"font-size:20px;\">psychologiczna, pedagogiczna, neurologopedyczna, logopedyczna, integracji sensorycznej<\/span>[\/et_pb_text][\/et_pb_column_inner][\/et_pb_row_inner][\/et_pb_column][et_pb_column type=&#8221;1_4&#8243; _builder_version=&#8221;3.25&#8243; custom_padding=&#8221;|||&#8221; custom_padding__hover=&#8221;|||&#8221;][et_pb_text _builder_version=&#8221;4.9.9&#8243; _module_preset=&#8221;default&#8221; text_font=&#8221;Source Sans Pro||||||||&#8221; text_text_color=&#8221;#000000&#8243; text_font_size=&#8221;16px&#8221; header_2_font=&#8221;Source Sans Pro|900|||||||&#8221; header_2_text_color=&#8221;#000000&#8243; header_2_font_size=&#8221;44px&#8221; custom_margin=&#8221;||10px||false|false&#8221;]<\/p>\n<h2>Informacje<\/h2>\n<p>[\/et_pb_text][et_pb_text _builder_version=&#8221;4.9.9&#8243; _module_preset=&#8221;default&#8221; text_font=&#8221;|600|||||||&#8221; text_text_color=&#8221;#000000&#8243; text_font_size=&#8221;16px&#8221; text_line_height=&#8221;1.6em&#8221; background_color=&#8221;#f7f7f7&#8243; custom_margin=&#8221;||20px||false|false&#8221; custom_padding=&#8221;20px|30px|20px|30px|false|false&#8221; text_orientation_tablet=&#8221;&#8221; text_orientation_phone=&#8221;center&#8221; text_orientation_last_edited=&#8221;on|phone&#8221; link_text_color__hover_enabled=&#8221;on|hover&#8221; link_text_color__hover=&#8221;#0091e3&#8243;]<a href=\"https:\/\/stonoga.lublin.pl\/pl\/\/poradnia-psychologiczno-pedagogiczna-lublin\/o-nas\/\"><i class=\"fa-regular fa-circle-dot\" style=\"font-size: 16px; color: #0091e3; margin-right: 4px;\"><\/i> O nas<\/a><br \/>\n<a href=\"https:\/\/stonoga.lublin.pl\/pl\/\/poradnia-psychologiczno-pedagogiczna-lublin\/aktualnosci\/\"><i class=\"fa-regular fa-circle-dot\" style=\"font-size: 16px; color: #0091e3; margin-right: 4px;\"><\/i> Aktualno\u015bci<\/a><br \/>\n<a href=\"https:\/\/stonoga.lublin.pl\/pl\/\/poradnia-psychologiczno-pedagogiczna-lublin\/dla-rodzica\/\"><i class=\"fa-regular fa-circle-dot\" style=\"font-size: 16px; color: #0091e3; margin-right: 4px;\"><\/i> Dla rodzica<\/a><br \/>\n<a href=\"https:\/\/stonoga.lublin.pl\/pl\/\/poradnia-psychologiczno-pedagogiczna-lublin\/kadra\/\"><i class=\"fa-regular fa-circle-dot\" style=\"font-size: 16px; color: #0091e3; margin-right: 4px;\"><\/i> Kadra<\/a><br \/>\n<a href=\"https:\/\/stonoga.lublin.pl\/pl\/\/poradnia-psychologiczno-pedagogiczna-lublin\/kontakt\/\"><i class=\"fa-regular fa-circle-dot\" style=\"font-size: 16px; color: #0091e3; margin-right: 4px;\"><\/i> Kontakt<\/a>[\/et_pb_text][\/et_pb_column][\/et_pb_section]<\/p>\n","protected":false},"excerpt":{"rendered":"<p>[et_pb_section fb_built=&#8221;1&#8243; _builder_version=&#8221;4.9.9&#8243; _module_preset=&#8221;default&#8221; background_color=&#8221;RGBA(0,0,0,0)&#8221; custom_padding=&#8221;0px||0px||false|false&#8221;][et_pb_row column_structure=&#8221;1_5,1_5,1_5,1_5,1_5&#8243; _builder_version=&#8221;4.9.9&#8243; _module_preset=&#8221;default&#8221; background_color=&#8221;#FFFFFF&#8221; custom_padding=&#8221;0px||0px||false|false&#8221; border_color_top=&#8221;#b8f92a&#8221; border_color_bottom=&#8221;#b8f92a&#8221; box_shadow_style=&#8221;preset3&#8243; box_shadow_blur=&#8221;23px&#8221; box_shadow_color=&#8221;rgba(0,0,0,0.05)&#8221;][et_pb_column type=&#8221;1_5&#8243; _builder_version=&#8221;4.9.9&#8243; _module_preset=&#8221;default&#8221; background_color=&#8221;#0091e3&#8243; custom_padding=&#8221;15px|20px|15px|20px|false|false&#8221; link_option_url=&#8221;https:\/\/stonoga.lublin.pl\/pl\/\/poradnia-psychologiczno-pedagogiczna-lublin\/o-nas\/&#8221; background__hover_enabled=&#8221;on|hover&#8221; background_color__hover=&#8221;#f9f9f9&#8243; background_enable_color__hover=&#8221;on&#8221;][et_pb_text _builder_version=&#8221;4.9.9&#8243; _module_preset=&#8221;default&#8221; text_font=&#8221;Source Sans Pro|900||on|||||&#8221; text_text_color=&#8221;#FFFFFF&#8221; text_font_size=&#8221;20px&#8221; text_line_height=&#8221;1.5em&#8221; width=&#8221;130px&#8221; module_alignment=&#8221;center&#8221;] O nas [\/et_pb_text][\/et_pb_column][et_pb_column type=&#8221;1_5&#8243; _builder_version=&#8221;4.9.9&#8243; _module_preset=&#8221;default&#8221; custom_padding=&#8221;15px|10px|15px|10px|false|false&#8221; link_option_url=&#8221;https:\/\/stonoga.lublin.pl\/pl\/\/poradnia-psychologiczno-pedagogiczna-lublin\/aktualnosci\/&#8221; background__hover_enabled=&#8221;on|hover&#8221; background_color__hover=&#8221;#f9f9f9&#8243; background_enable_color__hover=&#8221;on&#8221;][et_pb_text _builder_version=&#8221;4.9.9&#8243; _module_preset=&#8221;default&#8221; text_font=&#8221;Source Sans Pro|900||on|||||&#8221; text_text_color=&#8221;#000000&#8243; text_font_size=&#8221;20px&#8221; text_line_height=&#8221;1.5em&#8221; width=&#8221;200px&#8221; [&hellip;]<\/p>\n","protected":false},"author":2,"featured_media":0,"parent":686,"menu_order":0,"comment_status":"closed","ping_status":"closed","template":"","meta":{"_acf_changed":false,"_et_pb_use_builder":"on","_et_pb_old_content":"","_et_gb_content_width":"","footnotes":""},"class_list":["post-689","page","type-page","status-publish","hentry"],"acf":[],"yoast_head":"<!-- This site is optimized with the Yoast SEO plugin v24.6 - https:\/\/yoast.com\/wordpress\/plugins\/seo\/ -->\n<title>O nas - Grupa Edukacyjna Stonoga w Lublinie<\/title>\n<meta name=\"robots\" content=\"index, follow, max-snippet:-1, max-image-preview:large, max-video-preview:-1\" \/>\n<link rel=\"canonical\" href=\"https:\/\/stonoga.lublin.pl\/pl\/poradnia-psychologiczno-pedagogiczna-lublin\/o-nas\/\" \/>\n<meta property=\"og:locale\" content=\"pl_PL\" \/>\n<meta property=\"og:type\" content=\"article\" \/>\n<meta property=\"og:title\" content=\"O nas - Grupa Edukacyjna Stonoga w Lublinie\" \/>\n<meta property=\"og:description\" content=\"[et_pb_section fb_built=&#8221;1&#8243; _builder_version=&#8221;4.9.9&#8243; _module_preset=&#8221;default&#8221; background_color=&#8221;RGBA(0,0,0,0)&#8221; custom_padding=&#8221;0px||0px||false|false&#8221;][et_pb_row column_structure=&#8221;1_5,1_5,1_5,1_5,1_5&#8243; _builder_version=&#8221;4.9.9&#8243; _module_preset=&#8221;default&#8221; background_color=&#8221;#FFFFFF&#8221; custom_padding=&#8221;0px||0px||false|false&#8221; border_color_top=&#8221;#b8f92a&#8221; border_color_bottom=&#8221;#b8f92a&#8221; box_shadow_style=&#8221;preset3&#8243; box_shadow_blur=&#8221;23px&#8221; box_shadow_color=&#8221;rgba(0,0,0,0.05)&#8221;][et_pb_column type=&#8221;1_5&#8243; _builder_version=&#8221;4.9.9&#8243; _module_preset=&#8221;default&#8221; background_color=&#8221;#0091e3&#8243; custom_padding=&#8221;15px|20px|15px|20px|false|false&#8221; link_option_url=&#8221;https:\/\/stonoga.lublin.pl\/pl\/\/poradnia-psychologiczno-pedagogiczna-lublin\/o-nas\/&#8221; background__hover_enabled=&#8221;on|hover&#8221; background_color__hover=&#8221;#f9f9f9&#8243; background_enable_color__hover=&#8221;on&#8221;][et_pb_text _builder_version=&#8221;4.9.9&#8243; _module_preset=&#8221;default&#8221; text_font=&#8221;Source Sans Pro|900||on|||||&#8221; text_text_color=&#8221;#FFFFFF&#8221; text_font_size=&#8221;20px&#8221; text_line_height=&#8221;1.5em&#8221; width=&#8221;130px&#8221; module_alignment=&#8221;center&#8221;] O nas [\/et_pb_text][\/et_pb_column][et_pb_column type=&#8221;1_5&#8243; _builder_version=&#8221;4.9.9&#8243; _module_preset=&#8221;default&#8221; custom_padding=&#8221;15px|10px|15px|10px|false|false&#8221; link_option_url=&#8221;https:\/\/stonoga.lublin.pl\/pl\/\/poradnia-psychologiczno-pedagogiczna-lublin\/aktualnosci\/&#8221; background__hover_enabled=&#8221;on|hover&#8221; background_color__hover=&#8221;#f9f9f9&#8243; background_enable_color__hover=&#8221;on&#8221;][et_pb_text _builder_version=&#8221;4.9.9&#8243; _module_preset=&#8221;default&#8221; text_font=&#8221;Source Sans Pro|900||on|||||&#8221; text_text_color=&#8221;#000000&#8243; text_font_size=&#8221;20px&#8221; text_line_height=&#8221;1.5em&#8221; width=&#8221;200px&#8221; [&hellip;]\" \/>\n<meta property=\"og:url\" content=\"https:\/\/stonoga.lublin.pl\/pl\/poradnia-psychologiczno-pedagogiczna-lublin\/o-nas\/\" \/>\n<meta property=\"og:site_name\" content=\"Grupa Edukacyjna Stonoga w Lublinie\" \/>\n<meta property=\"article:modified_time\" content=\"2022-05-11T17:44:27+00:00\" \/>\n<meta property=\"og:image\" content=\"https:\/\/stonoga.lublin.pl\/pl\/wp-content\/uploads\/2022\/02\/szkola-skala-lublin.png\" \/>\n<meta name=\"twitter:card\" content=\"summary_large_image\" \/>\n<meta name=\"twitter:label1\" content=\"Szacowany czas czytania\" \/>\n\t<meta name=\"twitter:data1\" content=\"8 minut\" \/>\n<script type=\"application\/ld+json\" class=\"yoast-schema-graph\">{\"@context\":\"https:\/\/schema.org\",\"@graph\":[{\"@type\":\"WebPage\",\"@id\":\"https:\/\/stonoga.lublin.pl\/pl\/poradnia-psychologiczno-pedagogiczna-lublin\/o-nas\/\",\"url\":\"https:\/\/stonoga.lublin.pl\/pl\/poradnia-psychologiczno-pedagogiczna-lublin\/o-nas\/\",\"name\":\"O nas - Grupa Edukacyjna Stonoga w Lublinie\",\"isPartOf\":{\"@id\":\"https:\/\/stonoga.lublin.pl\/pl\/#website\"},\"primaryImageOfPage\":{\"@id\":\"https:\/\/stonoga.lublin.pl\/pl\/poradnia-psychologiczno-pedagogiczna-lublin\/o-nas\/#primaryimage\"},\"image\":{\"@id\":\"https:\/\/stonoga.lublin.pl\/pl\/poradnia-psychologiczno-pedagogiczna-lublin\/o-nas\/#primaryimage\"},\"thumbnailUrl\":\"https:\/\/stonoga.lublin.pl\/pl\/wp-content\/uploads\/2022\/02\/szkola-skala-lublin.png\",\"datePublished\":\"2022-02-16T11:47:13+00:00\",\"dateModified\":\"2022-05-11T17:44:27+00:00\",\"breadcrumb\":{\"@id\":\"https:\/\/stonoga.lublin.pl\/pl\/poradnia-psychologiczno-pedagogiczna-lublin\/o-nas\/#breadcrumb\"},\"inLanguage\":\"pl-PL\",\"potentialAction\":[{\"@type\":\"ReadAction\",\"target\":[\"https:\/\/stonoga.lublin.pl\/pl\/poradnia-psychologiczno-pedagogiczna-lublin\/o-nas\/\"]}]},{\"@type\":\"ImageObject\",\"inLanguage\":\"pl-PL\",\"@id\":\"https:\/\/stonoga.lublin.pl\/pl\/poradnia-psychologiczno-pedagogiczna-lublin\/o-nas\/#primaryimage\",\"url\":\"https:\/\/stonoga.lublin.pl\/pl\/wp-content\/uploads\/2022\/02\/szkola-skala-lublin.png\",\"contentUrl\":\"https:\/\/stonoga.lublin.pl\/pl\/wp-content\/uploads\/2022\/02\/szkola-skala-lublin.png\",\"width\":500,\"height\":500},{\"@type\":\"BreadcrumbList\",\"@id\":\"https:\/\/stonoga.lublin.pl\/pl\/poradnia-psychologiczno-pedagogiczna-lublin\/o-nas\/#breadcrumb\",\"itemListElement\":[{\"@type\":\"ListItem\",\"position\":1,\"name\":\"Strona g\u0142\u00f3wna\",\"item\":\"https:\/\/stonoga.lublin.pl\/pl\/\"},{\"@type\":\"ListItem\",\"position\":2,\"name\":\"Poradnia psychologiczno-pedagogiczna Lublin\",\"item\":\"https:\/\/stonoga.lublin.pl\/pl\/poradnia-psychologiczno-pedagogiczna-lublin\/\"},{\"@type\":\"ListItem\",\"position\":3,\"name\":\"O nas\"}]},{\"@type\":\"WebSite\",\"@id\":\"https:\/\/stonoga.lublin.pl\/pl\/#website\",\"url\":\"https:\/\/stonoga.lublin.pl\/pl\/\",\"name\":\"Grupa Edukacyjna Stonoga w Lublinie\",\"description\":\"\",\"potentialAction\":[{\"@type\":\"SearchAction\",\"target\":{\"@type\":\"EntryPoint\",\"urlTemplate\":\"https:\/\/stonoga.lublin.pl\/pl\/?s={search_term_string}\"},\"query-input\":{\"@type\":\"PropertyValueSpecification\",\"valueRequired\":true,\"valueName\":\"search_term_string\"}}],\"inLanguage\":\"pl-PL\"}]}<\/script>\n<!-- \/ Yoast SEO plugin. -->","yoast_head_json":{"title":"O nas - Grupa Edukacyjna Stonoga w Lublinie","robots":{"index":"index","follow":"follow","max-snippet":"max-snippet:-1","max-image-preview":"max-image-preview:large","max-video-preview":"max-video-preview:-1"},"canonical":"https:\/\/stonoga.lublin.pl\/pl\/poradnia-psychologiczno-pedagogiczna-lublin\/o-nas\/","og_locale":"pl_PL","og_type":"article","og_title":"O nas - Grupa Edukacyjna Stonoga w Lublinie","og_description":"[et_pb_section fb_built=&#8221;1&#8243; _builder_version=&#8221;4.9.9&#8243; _module_preset=&#8221;default&#8221; background_color=&#8221;RGBA(0,0,0,0)&#8221; custom_padding=&#8221;0px||0px||false|false&#8221;][et_pb_row column_structure=&#8221;1_5,1_5,1_5,1_5,1_5&#8243; _builder_version=&#8221;4.9.9&#8243; _module_preset=&#8221;default&#8221; background_color=&#8221;#FFFFFF&#8221; custom_padding=&#8221;0px||0px||false|false&#8221; border_color_top=&#8221;#b8f92a&#8221; border_color_bottom=&#8221;#b8f92a&#8221; box_shadow_style=&#8221;preset3&#8243; box_shadow_blur=&#8221;23px&#8221; box_shadow_color=&#8221;rgba(0,0,0,0.05)&#8221;][et_pb_column type=&#8221;1_5&#8243; _builder_version=&#8221;4.9.9&#8243; _module_preset=&#8221;default&#8221; background_color=&#8221;#0091e3&#8243; custom_padding=&#8221;15px|20px|15px|20px|false|false&#8221; link_option_url=&#8221;https:\/\/stonoga.lublin.pl\/pl\/\/poradnia-psychologiczno-pedagogiczna-lublin\/o-nas\/&#8221; background__hover_enabled=&#8221;on|hover&#8221; background_color__hover=&#8221;#f9f9f9&#8243; background_enable_color__hover=&#8221;on&#8221;][et_pb_text _builder_version=&#8221;4.9.9&#8243; _module_preset=&#8221;default&#8221; text_font=&#8221;Source Sans Pro|900||on|||||&#8221; text_text_color=&#8221;#FFFFFF&#8221; text_font_size=&#8221;20px&#8221; text_line_height=&#8221;1.5em&#8221; width=&#8221;130px&#8221; module_alignment=&#8221;center&#8221;] O nas [\/et_pb_text][\/et_pb_column][et_pb_column type=&#8221;1_5&#8243; _builder_version=&#8221;4.9.9&#8243; _module_preset=&#8221;default&#8221; custom_padding=&#8221;15px|10px|15px|10px|false|false&#8221; link_option_url=&#8221;https:\/\/stonoga.lublin.pl\/pl\/\/poradnia-psychologiczno-pedagogiczna-lublin\/aktualnosci\/&#8221; background__hover_enabled=&#8221;on|hover&#8221; background_color__hover=&#8221;#f9f9f9&#8243; background_enable_color__hover=&#8221;on&#8221;][et_pb_text _builder_version=&#8221;4.9.9&#8243; _module_preset=&#8221;default&#8221; text_font=&#8221;Source Sans Pro|900||on|||||&#8221; text_text_color=&#8221;#000000&#8243; text_font_size=&#8221;20px&#8221; text_line_height=&#8221;1.5em&#8221; width=&#8221;200px&#8221; [&hellip;]","og_url":"https:\/\/stonoga.lublin.pl\/pl\/poradnia-psychologiczno-pedagogiczna-lublin\/o-nas\/","og_site_name":"Grupa Edukacyjna Stonoga w Lublinie","article_modified_time":"2022-05-11T17:44:27+00:00","og_image":[{"url":"https:\/\/stonoga.lublin.pl\/pl\/wp-content\/uploads\/2022\/02\/szkola-skala-lublin.png","type":"","width":"","height":""}],"twitter_card":"summary_large_image","twitter_misc":{"Szacowany czas czytania":"8 minut"},"schema":{"@context":"https:\/\/schema.org","@graph":[{"@type":"WebPage","@id":"https:\/\/stonoga.lublin.pl\/pl\/poradnia-psychologiczno-pedagogiczna-lublin\/o-nas\/","url":"https:\/\/stonoga.lublin.pl\/pl\/poradnia-psychologiczno-pedagogiczna-lublin\/o-nas\/","name":"O nas - Grupa Edukacyjna Stonoga w Lublinie","isPartOf":{"@id":"https:\/\/stonoga.lublin.pl\/pl\/#website"},"primaryImageOfPage":{"@id":"https:\/\/stonoga.lublin.pl\/pl\/poradnia-psychologiczno-pedagogiczna-lublin\/o-nas\/#primaryimage"},"image":{"@id":"https:\/\/stonoga.lublin.pl\/pl\/poradnia-psychologiczno-pedagogiczna-lublin\/o-nas\/#primaryimage"},"thumbnailUrl":"https:\/\/stonoga.lublin.pl\/pl\/wp-content\/uploads\/2022\/02\/szkola-skala-lublin.png","datePublished":"2022-02-16T11:47:13+00:00","dateModified":"2022-05-11T17:44:27+00:00","breadcrumb":{"@id":"https:\/\/stonoga.lublin.pl\/pl\/poradnia-psychologiczno-pedagogiczna-lublin\/o-nas\/#breadcrumb"},"inLanguage":"pl-PL","potentialAction":[{"@type":"ReadAction","target":["https:\/\/stonoga.lublin.pl\/pl\/poradnia-psychologiczno-pedagogiczna-lublin\/o-nas\/"]}]},{"@type":"ImageObject","inLanguage":"pl-PL","@id":"https:\/\/stonoga.lublin.pl\/pl\/poradnia-psychologiczno-pedagogiczna-lublin\/o-nas\/#primaryimage","url":"https:\/\/stonoga.lublin.pl\/pl\/wp-content\/uploads\/2022\/02\/szkola-skala-lublin.png","contentUrl":"https:\/\/stonoga.lublin.pl\/pl\/wp-content\/uploads\/2022\/02\/szkola-skala-lublin.png","width":500,"height":500},{"@type":"BreadcrumbList","@id":"https:\/\/stonoga.lublin.pl\/pl\/poradnia-psychologiczno-pedagogiczna-lublin\/o-nas\/#breadcrumb","itemListElement":[{"@type":"ListItem","position":1,"name":"Strona g\u0142\u00f3wna","item":"https:\/\/stonoga.lublin.pl\/pl\/"},{"@type":"ListItem","position":2,"name":"Poradnia psychologiczno-pedagogiczna Lublin","item":"https:\/\/stonoga.lublin.pl\/pl\/poradnia-psychologiczno-pedagogiczna-lublin\/"},{"@type":"ListItem","position":3,"name":"O nas"}]},{"@type":"WebSite","@id":"https:\/\/stonoga.lublin.pl\/pl\/#website","url":"https:\/\/stonoga.lublin.pl\/pl\/","name":"Grupa Edukacyjna Stonoga w Lublinie","description":"","potentialAction":[{"@type":"SearchAction","target":{"@type":"EntryPoint","urlTemplate":"https:\/\/stonoga.lublin.pl\/pl\/?s={search_term_string}"},"query-input":{"@type":"PropertyValueSpecification","valueRequired":true,"valueName":"search_term_string"}}],"inLanguage":"pl-PL"}]}},"_links":{"self":[{"href":"https:\/\/stonoga.lublin.pl\/pl\/wp-json\/wp\/v2\/pages\/689","targetHints":{"allow":["GET"]}}],"collection":[{"href":"https:\/\/stonoga.lublin.pl\/pl\/wp-json\/wp\/v2\/pages"}],"about":[{"href":"https:\/\/stonoga.lublin.pl\/pl\/wp-json\/wp\/v2\/types\/page"}],"author":[{"embeddable":true,"href":"https:\/\/stonoga.lublin.pl\/pl\/wp-json\/wp\/v2\/users\/2"}],"replies":[{"embeddable":true,"href":"https:\/\/stonoga.lublin.pl\/pl\/wp-json\/wp\/v2\/comments?post=689"}],"version-history":[{"count":17,"href":"https:\/\/stonoga.lublin.pl\/pl\/wp-json\/wp\/v2\/pages\/689\/revisions"}],"predecessor-version":[{"id":1806,"href":"https:\/\/stonoga.lublin.pl\/pl\/wp-json\/wp\/v2\/pages\/689\/revisions\/1806"}],"up":[{"embeddable":true,"href":"https:\/\/stonoga.lublin.pl\/pl\/wp-json\/wp\/v2\/pages\/686"}],"wp:attachment":[{"href":"https:\/\/stonoga.lublin.pl\/pl\/wp-json\/wp\/v2\/media?parent=689"}],"curies":[{"name":"wp","href":"https:\/\/api.w.org\/{rel}","templated":true}]}}